{"id":873,"date":"2025-11-26T14:15:11","date_gmt":"2025-11-26T13:15:11","guid":{"rendered":"https:\/\/bcu.opole.pl\/bcu2\/?page_id=873"},"modified":"2026-04-23T14:42:17","modified_gmt":"2026-04-23T12:42:17","slug":"olimpiada","status":"publish","type":"page","link":"https:\/\/bcu.opole.pl\/bcu2\/olimpiada\/","title":{"rendered":"OLIMPIADA"},"content":{"rendered":"<p>[et_pb_section fb_built=&#8221;1&#8243; _builder_version=&#8221;4.16&#8243; global_colors_info=&#8221;{}&#8221;][et_pb_row _builder_version=&#8221;4.27.6&#8243; _module_preset=&#8221;default&#8221;][et_pb_column _builder_version=&#8221;4.27.6&#8243; _module_preset=&#8221;default&#8221; type=&#8221;4_4&#8243;][et_pb_button button_text=&#8221;G\u0142odny rywalizacji? Podejmij wyzwanie &#8211; Konkurs Eco-Logic&#8221; _builder_version=&#8221;4.27.6&#8243; _module_preset=&#8221;default&#8221; custom_button=&#8221;on&#8221; button_text_size=&#8221;29px&#8221; button_text_color=&#8221;#000000&#8243; button_border_radius=&#8221;17px&#8221; button_font=&#8221;|600||||on|||&#8221; box_shadow_style=&#8221;preset2&#8243; button_bg_color=&#8221;#bdf4b2&#8243; button_bg_enable_color=&#8221;on&#8221; button_url=&#8221;https:\/\/bcu.opole.pl\/bcu2\/konkurs\/&#8221; button_alignment=&#8221;center&#8221; button_border_width=&#8221;0px&#8221; animation_style=&#8221;zoom&#8221; hover_enabled=&#8221;0&#8243; sticky_enabled=&#8221;0&#8243;][\/et_pb_button][\/et_pb_column][\/et_pb_row][et_pb_row _builder_version=&#8221;4.16&#8243; background_size=&#8221;initial&#8221; background_position=&#8221;top_left&#8221; background_repeat=&#8221;repeat&#8221; global_colors_info=&#8221;{}&#8221;][et_pb_column type=&#8221;4_4&#8243; _builder_version=&#8221;4.16&#8243; custom_padding=&#8221;|||&#8221; global_colors_info=&#8221;{}&#8221; custom_padding__hover=&#8221;|||&#8221;][et_pb_text _builder_version=&#8221;4.16&#8243; background_size=&#8221;initial&#8221; background_position=&#8221;top_left&#8221; background_repeat=&#8221;repeat&#8221; global_colors_info=&#8221;{}&#8221;]<!-- divi:image {\"id\":876,\"sizeSlug\":\"large\",\"linkDestination\":\"none\"} --><\/p>\n<figure class=\"wp-block-image size-large\"><img loading=\"lazy\" decoding=\"async\" width=\"1024\" height=\"341\" src=\"https:\/\/bcu.opole.pl\/bcu2\/wp-content\/uploads\/sites\/4\/2025\/11\/olimpiada-1024x341.png\" alt=\"olimpiada\" class=\"wp-image-876\" srcset=\"https:\/\/bcu.opole.pl\/bcu2\/wp-content\/uploads\/sites\/4\/2025\/11\/olimpiada-980x327.png 980w, https:\/\/bcu.opole.pl\/bcu2\/wp-content\/uploads\/sites\/4\/2025\/11\/olimpiada-480x160.png 480w\" sizes=\"(min-width: 0px) and (max-width: 480px) 480px, (min-width: 481px) and (max-width: 980px) 980px, (min-width: 981px) 1024px, 100vw\" \/><\/figure>\n<p><!-- \/divi:image --><\/p>\n<p><!-- divi:paragraph --><\/p>\n<p>M\u0142odzie\u017cowa Olimpiada Wiedzy o Poligrafii \u201eDruk-To-My\u201d to og\u00f3lnopolski konkurs dla uczni\u00f3w technik\u00f3w i szk\u00f3\u0142 bran\u017cowych kszta\u0142c\u0105cych si\u0119 w zawodach poligraficznych i kierunkach pokrewnych. Organizatorem jest Polska Izba Druku we wsp\u00f3\u0142pracy z Bran\u017cowym Centrum Umiej\u0119tno\u015bci nr 2 w dziedzinie poligrafii, introligatorstwa i opakowa\u0144 w Opolu, dzia\u0142aj\u0105cym przy Zespole Szk\u00f3\u0142 Zawodowych im. Stanis\u0142awa Staszica. Olimpiada realizowana jest w ramach przedsi\u0119wzi\u0119cia \u201eUtworzenie i funkcjonowanie BCU nr 2 w Opolu\u201d, wsp\u00f3\u0142finansowanego z Krajowego Planu Odbudowy i Zwi\u0119kszania Odporno\u015bci (NextGenerationEU).<\/p>\n<p><!-- \/divi:paragraph --><\/p>\n<p><!-- divi:paragraph --><\/p>\n<p>Olimpiada ma zach\u0119ca\u0107 m\u0142odzie\u017c do wyboru poligrafii jako nowoczesnej, perspektywicznej \u015bcie\u017cki kariery. Akcentuje og\u00f3ln\u0105, przyst\u0119pn\u0105 wiedz\u0119 o poligrafii \u2013 od historii druku, przez podstawy technologii i projektowania, po zagadnienia ekologii, rynku pracy i wsp\u00f3\u0142czesnych trend\u00f3w w bran\u017cy.<\/p>\n<p><!-- \/divi:paragraph --><\/p>\n<p><!-- divi:paragraph --><\/p>\n<p>Uczniowie mog\u0105 startowa\u0107 w dw\u00f3ch kategoriach:<\/p>\n<p><!-- \/divi:paragraph --><\/p>\n<p><!-- divi:paragraph --><\/p>\n<p>indywidualnej \u2013 dwuetapowy test wiedzy (etap online oraz fina\u0142 stacjonarny w siedzibie BCU nr 2 w Opolu),<\/p>\n<p><!-- \/divi:paragraph --><\/p>\n<p><!-- divi:paragraph --><\/p>\n<p>zespo\u0142owej \u2013 zadanie projektowe polegaj\u0105ce na zaprojektowaniu i wykonaniu prototypu opakowania do raportu \u201eRynek Poligraficzny i Opakowa\u0144 z Nadrukiem\u201d, z prezentacj\u0105 pracy przed jury.<\/p>\n<p><!-- \/divi:paragraph --><\/p>\n<p><!-- divi:paragraph --><\/p>\n<p>Na najlepszych czekaj\u0105 atrakcyjne nagrody rzeczowe i finansowe dla uczni\u00f3w oraz szk\u00f3\u0142, a tak\u017ce mo\u017cliwo\u015b\u0107 nawi\u0105zania pierwszych kontakt\u00f3w z bran\u017c\u0105 poligraficzn\u0105 i poznania zaplecza technologicznego BCU nr 2. Aktualne komunikaty, regulamin, harmonogram oraz formularze zg\u0142oszeniowe s\u0105 publikowane na stronach Polskiej Izby Druku i BCU nr 2 w Opolu oraz przekazywane szko\u0142om przez Organizatora.<\/p>\n<p><!-- \/divi:paragraph --><\/p>\n<p><!-- divi:file \/-->[\/et_pb_text][\/et_pb_column][\/et_pb_row][et_pb_row _builder_version=&#8221;4.27.6&#8243; _module_preset=&#8221;default&#8221;][et_pb_column _builder_version=&#8221;4.27.6&#8243; _module_preset=&#8221;default&#8221; type=&#8221;4_4&#8243;][et_pb_text _builder_version=&#8221;4.27.6&#8243; _module_preset=&#8221;default&#8221; hover_enabled=&#8221;0&#8243; sticky_enabled=&#8221;0&#8243;]<\/p>\n<p style=\"text-align: center;\">G\u0142odny rywalizacji? Podejmij wyzwanie &#8211; Konkurs Eco-Logic<\/p>\n<p>[\/et_pb_text][\/et_pb_column][\/et_pb_row][et_pb_row _builder_version=&#8221;4.27.5&#8243; _module_preset=&#8221;default&#8221; global_colors_info=&#8221;{}&#8221;][et_pb_column type=&#8221;4_4&#8243; _builder_version=&#8221;4.27.5&#8243; _module_preset=&#8221;default&#8221; global_colors_info=&#8221;{}&#8221;][et_pb_heading title=&#8221;Dokumenty do pobrania&#8221; _builder_version=&#8221;4.27.5&#8243; _module_preset=&#8221;default&#8221; title_text_align=&#8221;center&#8221; global_colors_info=&#8221;{}&#8221;][\/et_pb_heading][\/et_pb_column][\/et_pb_row][et_pb_row column_structure=&#8221;1_3,1_3,1_3&#8243; _builder_version=&#8221;4.27.5&#8243; _module_preset=&#8221;default&#8221; global_colors_info=&#8221;{}&#8221;][et_pb_column type=&#8221;1_3&#8243; _builder_version=&#8221;4.27.5&#8243; _module_preset=&#8221;default&#8221; global_colors_info=&#8221;{}&#8221;][et_pb_icon font_icon=&#8221;&#xf1c5;||fa||900&#8243; icon_width=&#8221;80px&#8221; url=&#8221;https:\/\/bcu.opole.pl\/bcu2\/wp-content\/uploads\/sites\/4\/2025\/12\/MLODZIEZOWA-OLIMPIADA-WIEDZY-O-POLIGRAFII-_DRUK-TO-MY1.jpg&#8221; _builder_version=&#8221;4.27.5&#8243; _module_preset=&#8221;default&#8221; global_colors_info=&#8221;{}&#8221;][\/et_pb_icon][et_pb_text _builder_version=&#8221;4.27.5&#8243; _module_preset=&#8221;default&#8221; global_colors_info=&#8221;{}&#8221;]<\/p>\n<p style=\"text-align: center;\"><a href=\"https:\/\/bcu.opole.pl\/bcu2\/wp-content\/uploads\/sites\/4\/2025\/12\/MLODZIEZOWA-OLIMPIADA-WIEDZY-O-POLIGRAFII-_DRUK-TO-MY1.jpg\">M\u0141ODZIE\u017bOWA OLIMPIADA WIEDZY O POLIGRAFII _DRUK-TO-MY_.jpg<\/a><\/p>\n<p>[\/et_pb_text][\/et_pb_column][et_pb_column type=&#8221;1_3&#8243; _builder_version=&#8221;4.27.5&#8243; _module_preset=&#8221;default&#8221; global_colors_info=&#8221;{}&#8221;][et_pb_icon font_icon=&#8221;&#xf1c1;||fa||900&#8243; icon_color=&#8221;#E02B20&#8243; icon_width=&#8221;80px&#8221; url=&#8221;https:\/\/bcu.opole.pl\/bcu2\/wp-content\/uploads\/sites\/4\/2025\/12\/Regulamin-Mlodziezowej-Olimpiady-Druk-To-My-v-3.0.pdf&#8221; _builder_version=&#8221;4.27.5&#8243; _module_preset=&#8221;default&#8221; global_colors_info=&#8221;{}&#8221;][\/et_pb_icon][et_pb_text _builder_version=&#8221;4.27.5&#8243; _module_preset=&#8221;default&#8221; global_colors_info=&#8221;{}&#8221;]<\/p>\n<p style=\"text-align: center;\"><a href=\"https:\/\/bcu.opole.pl\/bcu2\/wp-content\/uploads\/sites\/4\/2025\/12\/Regulamin-Mlodziezowej-Olimpiady-Druk-To-My-v-3.0.pdf\">Regulamin M\u0142odzie\u017cowej Olimpiady Druk-To-My v 3.0.pdf<\/a><\/p>\n<p>[\/et_pb_text][\/et_pb_column][et_pb_column type=&#8221;1_3&#8243; _builder_version=&#8221;4.27.5&#8243; _module_preset=&#8221;default&#8221; global_colors_info=&#8221;{}&#8221;][et_pb_icon font_icon=&#8221;&#xf1c1;||fa||900&#8243; icon_color=&#8221;#E02B20&#8243; icon_width=&#8221;80px&#8221; url=&#8221;https:\/\/bcu.opole.pl\/bcu2\/wp-content\/uploads\/sites\/4\/2025\/12\/Informacja-o-Olimpiadzie-v-3.0.pdf&#8221; _builder_version=&#8221;4.27.5&#8243; _module_preset=&#8221;default&#8221; global_colors_info=&#8221;{}&#8221;][\/et_pb_icon][et_pb_text _builder_version=&#8221;4.27.5&#8243; _module_preset=&#8221;default&#8221; global_colors_info=&#8221;{}&#8221;]<\/p>\n<p style=\"text-align: center;\"><a href=\"https:\/\/bcu.opole.pl\/bcu2\/wp-content\/uploads\/sites\/4\/2025\/12\/Informacja-o-Olimpiadzie-v-3.0.pdf\">Informacja o Olimpiadzie v 3.0.pdf<\/a><\/p>\n<p>[\/et_pb_text][\/et_pb_column][\/et_pb_row][et_pb_row column_structure=&#8221;1_2,1_2&#8243; _builder_version=&#8221;4.27.5&#8243; _module_preset=&#8221;default&#8221; global_colors_info=&#8221;{}&#8221;][et_pb_column type=&#8221;1_2&#8243; _builder_version=&#8221;4.27.5&#8243; _module_preset=&#8221;default&#8221; global_colors_info=&#8221;{}&#8221;][et_pb_icon font_icon=&#8221;&#xf1c1;||fa||900&#8243; icon_color=&#8221;#E02B20&#8243; icon_width=&#8221;80px&#8221; url=&#8221;https:\/\/bcu.opole.pl\/bcu2\/wp-content\/uploads\/sites\/4\/2025\/12\/Zakres-merytoryczny-trybu-indywidualnego.pdf&#8221; _builder_version=&#8221;4.27.5&#8243; _module_preset=&#8221;default&#8221; global_colors_info=&#8221;{}&#8221;][\/et_pb_icon][et_pb_text _builder_version=&#8221;4.27.5&#8243; _module_preset=&#8221;default&#8221; global_colors_info=&#8221;{}&#8221;]<\/p>\n<p style=\"text-align: center;\"><a href=\"https:\/\/bcu.opole.pl\/bcu2\/wp-content\/uploads\/sites\/4\/2025\/12\/Zakres-merytoryczny-trybu-indywidualnego.pdf\">Zakres merytoryczny trybu indywidualnego.pdf<\/a><\/p>\n<p>[\/et_pb_text][\/et_pb_column][et_pb_column type=&#8221;1_2&#8243; _builder_version=&#8221;4.27.5&#8243; _module_preset=&#8221;default&#8221; global_colors_info=&#8221;{}&#8221;][et_pb_icon font_icon=&#8221;&#xf1c1;||fa||900&#8243; icon_color=&#8221;#E02B20&#8243; icon_width=&#8221;80px&#8221; url=&#8221;https:\/\/bcu.opole.pl\/bcu2\/wp-content\/uploads\/sites\/4\/2025\/12\/Opis-pracy-konkursowej-w-trybie-zespolowym.pdf&#8221; _builder_version=&#8221;4.27.5&#8243; _module_preset=&#8221;default&#8221; global_colors_info=&#8221;{}&#8221;][\/et_pb_icon][et_pb_text _builder_version=&#8221;4.27.5&#8243; _module_preset=&#8221;default&#8221; global_colors_info=&#8221;{}&#8221;]<\/p>\n<p style=\"text-align: center;\"><a href=\"https:\/\/bcu.opole.pl\/bcu2\/wp-content\/uploads\/sites\/4\/2025\/12\/Opis-pracy-konkursowej-w-trybie-zespolowym.pdf\">Opis pracy konkursowej w trybie zespo\u0142owym.pdf<\/a><\/p>\n<p>[\/et_pb_text][\/et_pb_column][\/et_pb_row][et_pb_row column_structure=&#8221;1_4,1_4,1_4,1_4&#8243; _builder_version=&#8221;4.27.5&#8243; _module_preset=&#8221;default&#8221; global_colors_info=&#8221;{}&#8221;][et_pb_column type=&#8221;1_4&#8243; _builder_version=&#8221;4.27.5&#8243; _module_preset=&#8221;default&#8221; global_colors_info=&#8221;{}&#8221;][et_pb_icon font_icon=&#8221;&#xf1c1;||fa||900&#8243; icon_color=&#8221;#E02B20&#8243; icon_width=&#8221;80px&#8221; url=&#8221;https:\/\/bcu.opole.pl\/bcu2\/wp-content\/uploads\/sites\/4\/2025\/12\/FORMULARZ-ZGLOSZENIA-ZESPOLU.pdf&#8221; _builder_version=&#8221;4.27.5&#8243; _module_preset=&#8221;default&#8221; global_colors_info=&#8221;{}&#8221;][\/et_pb_icon][et_pb_text _builder_version=&#8221;4.27.5&#8243; _module_preset=&#8221;default&#8221; global_colors_info=&#8221;{}&#8221;]<\/p>\n<p style=\"text-align: center;\"><a href=\"https:\/\/bcu.opole.pl\/bcu2\/wp-content\/uploads\/sites\/4\/2025\/12\/FORMULARZ-ZGLOSZENIA-ZESPOLU.pdf\">FORMULARZ ZG\u0141OSZENIA ZESPO\u0141U.pdf<\/a><\/p>\n<p>[\/et_pb_text][\/et_pb_column][et_pb_column type=&#8221;1_4&#8243; _builder_version=&#8221;4.27.5&#8243; _module_preset=&#8221;default&#8221; global_colors_info=&#8221;{}&#8221;][et_pb_icon font_icon=&#8221;&#xf1c1;||fa||900&#8243; icon_color=&#8221;#E02B20&#8243; icon_width=&#8221;80px&#8221; url=&#8221;https:\/\/bcu.opole.pl\/bcu2\/wp-content\/uploads\/sites\/4\/2025\/12\/FORMULARZ-ZGLOSZENIA-SZKOLY.pdf&#8221; _builder_version=&#8221;4.27.5&#8243; _module_preset=&#8221;default&#8221; global_colors_info=&#8221;{}&#8221;][\/et_pb_icon][et_pb_text _builder_version=&#8221;4.27.5&#8243; _module_preset=&#8221;default&#8221; global_colors_info=&#8221;{}&#8221;]<\/p>\n<p style=\"text-align: center;\"><a href=\"https:\/\/bcu.opole.pl\/bcu2\/wp-content\/uploads\/sites\/4\/2025\/12\/FORMULARZ-ZGLOSZENIA-SZKOLY.pdf\">FORMULARZ ZG\u0141OSZENIA SZKO\u0141Y.pdf<\/a><\/p>\n<p>[\/et_pb_text][\/et_pb_column][et_pb_column type=&#8221;1_4&#8243; _builder_version=&#8221;4.27.5&#8243; _module_preset=&#8221;default&#8221; global_colors_info=&#8221;{}&#8221;][et_pb_icon font_icon=&#8221;&#xf1c1;||fa||900&#8243; icon_color=&#8221;#E02B20&#8243; icon_width=&#8221;80px&#8221; url=&#8221;https:\/\/bcu.opole.pl\/bcu2\/wp-content\/uploads\/sites\/4\/2025\/12\/ZGODA-OPIEKUNA-PRAWNEGO-NA-UDZIAL-W-ETAPIE-2.pdf&#8221; _builder_version=&#8221;4.27.5&#8243; _module_preset=&#8221;default&#8221; global_colors_info=&#8221;{}&#8221;][\/et_pb_icon][et_pb_text _builder_version=&#8221;4.27.5&#8243; _module_preset=&#8221;default&#8221; global_colors_info=&#8221;{}&#8221;]<\/p>\n<p style=\"text-align: center;\"><a href=\"https:\/\/bcu.opole.pl\/bcu2\/wp-content\/uploads\/sites\/4\/2025\/12\/ZGODA-OPIEKUNA-PRAWNEGO-NA-UDZIAL-W-ETAPIE-2.pdf\">ZGODA OPIEKUNA PRAWNEGO NA UDZIA\u0141 W ETAPIE 2.pdf<\/a><\/p>\n<p>[\/et_pb_text][\/et_pb_column][et_pb_column type=&#8221;1_4&#8243; _builder_version=&#8221;4.27.5&#8243; _module_preset=&#8221;default&#8221; global_colors_info=&#8221;{}&#8221;][et_pb_icon font_icon=&#8221;&#xf1c1;||fa||900&#8243; icon_color=&#8221;#E02B20&#8243; icon_width=&#8221;80px&#8221; url=&#8221;https:\/\/bcu.opole.pl\/bcu2\/wp-content\/uploads\/sites\/4\/2025\/12\/POTWIERDZENIE-UCZESTNICTWA-W-ETAPIE-2.pdf&#8221; _builder_version=&#8221;4.27.5&#8243; _module_preset=&#8221;default&#8221; global_colors_info=&#8221;{}&#8221;][\/et_pb_icon][et_pb_text _builder_version=&#8221;4.27.5&#8243; _module_preset=&#8221;default&#8221; global_colors_info=&#8221;{}&#8221;]<\/p>\n<p style=\"text-align: center;\"><a href=\"https:\/\/bcu.opole.pl\/bcu2\/wp-content\/uploads\/sites\/4\/2025\/12\/POTWIERDZENIE-UCZESTNICTWA-W-ETAPIE-2.pdf\">POTWIERDZENIE UCZESTNICTWA W ETAPIE 2.pdf<\/a><\/p>\n<p>[\/et_pb_text][\/et_pb_column][\/et_pb_row][\/et_pb_section]<\/p>\n","protected":false},"excerpt":{"rendered":"<p>M\u0142odzie\u017cowa Olimpiada Wiedzy o Poligrafii \u201eDruk-To-My\u201d to og\u00f3lnopolski konkurs dla uczni\u00f3w technik\u00f3w i szk\u00f3\u0142 bran\u017cowych kszta\u0142c\u0105cych si\u0119 w zawodach poligraficznych i kierunkach pokrewnych. Organizatorem jest Polska Izba Druku we wsp\u00f3\u0142pracy z Bran\u017cowym Centrum Umiej\u0119tno\u015bci nr 2 w dziedzinie poligrafii, introligatorstwa i opakowa\u0144 w Opolu, dzia\u0142aj\u0105cym przy Zespole Szk\u00f3\u0142 Zawodowych im. Stanis\u0142awa Staszica. Olimpiada realizowana jest [&hellip;]<\/p>\n","protected":false},"author":3,"featured_media":0,"parent":0,"menu_order":0,"comment_status":"closed","ping_status":"closed","template":"","meta":{"_et_pb_use_builder":"on","_et_pb_old_content":"<!-- wp:image {\"id\":876,\"sizeSlug\":\"large\",\"linkDestination\":\"none\"} -->\n<figure class=\"wp-block-image size-large\"><img src=\"https:\/\/bcu.opole.pl\/bcu2\/wp-content\/uploads\/sites\/4\/2025\/11\/olimpiada-1024x341.png\" alt=\"olimpiada\" class=\"wp-image-876\"\/><\/figure>\n<!-- \/wp:image -->\n\n<!-- wp:paragraph -->\n<p>M\u0142odzie\u017cowa Olimpiada Wiedzy o Poligrafii \u201eDruk-To-My\u201d to og\u00f3lnopolski konkurs dla uczni\u00f3w technik\u00f3w i szk\u00f3\u0142 bran\u017cowych kszta\u0142c\u0105cych si\u0119 w zawodach poligraficznych i kierunkach pokrewnych. Organizatorem jest Polska Izba Druku we wsp\u00f3\u0142pracy z Bran\u017cowym Centrum Umiej\u0119tno\u015bci nr 2 w dziedzinie poligrafii, introligatorstwa i opakowa\u0144 w Opolu, dzia\u0142aj\u0105cym przy Zespole Szk\u00f3\u0142 Zawodowych im. Stanis\u0142awa Staszica. Olimpiada realizowana jest w ramach przedsi\u0119wzi\u0119cia \u201eUtworzenie i funkcjonowanie BCU nr 2 w Opolu\u201d, wsp\u00f3\u0142finansowanego z Krajowego Planu Odbudowy i Zwi\u0119kszania Odporno\u015bci (NextGenerationEU).<\/p>\n<!-- \/wp:paragraph -->\n\n<!-- wp:paragraph -->\n<p>Olimpiada ma zach\u0119ca\u0107 m\u0142odzie\u017c do wyboru poligrafii jako nowoczesnej, perspektywicznej \u015bcie\u017cki kariery. Akcentuje og\u00f3ln\u0105, przyst\u0119pn\u0105 wiedz\u0119 o poligrafii \u2013 od historii druku, przez podstawy technologii i projektowania, po zagadnienia ekologii, rynku pracy i wsp\u00f3\u0142czesnych trend\u00f3w w bran\u017cy.<\/p>\n<!-- \/wp:paragraph -->\n\n<!-- wp:paragraph -->\n<p>Uczniowie mog\u0105 startowa\u0107 w dw\u00f3ch kategoriach:<\/p>\n<!-- \/wp:paragraph -->\n\n<!-- wp:paragraph -->\n<p>indywidualnej \u2013 dwuetapowy test wiedzy (etap online oraz fina\u0142 stacjonarny w siedzibie BCU nr 2 w Opolu),<\/p>\n<!-- \/wp:paragraph -->\n\n<!-- wp:paragraph -->\n<p>zespo\u0142owej \u2013 zadanie projektowe polegaj\u0105ce na zaprojektowaniu i wykonaniu prototypu opakowania do raportu \u201eRynek Poligraficzny i Opakowa\u0144 z Nadrukiem\u201d, z prezentacj\u0105 pracy przed jury.<\/p>\n<!-- \/wp:paragraph -->\n\n<!-- wp:paragraph -->\n<p>Na najlepszych czekaj\u0105 atrakcyjne nagrody rzeczowe i finansowe dla uczni\u00f3w oraz szk\u00f3\u0142, a tak\u017ce mo\u017cliwo\u015b\u0107 nawi\u0105zania pierwszych kontakt\u00f3w z bran\u017c\u0105 poligraficzn\u0105 i poznania zaplecza technologicznego BCU nr 2. Aktualne komunikaty, regulamin, harmonogram oraz formularze zg\u0142oszeniowe s\u0105 publikowane na stronach Polskiej Izby Druku i BCU nr 2 w Opolu oraz przekazywane szko\u0142om przez Organizatora.<\/p>\n<!-- \/wp:paragraph -->\n\n<!-- wp:file \/-->","_et_gb_content_width":"","footnotes":""},"class_list":["post-873","page","type-page","status-publish","hentry"],"aioseo_notices":[],"_links":{"self":[{"href":"https:\/\/bcu.opole.pl\/bcu2\/wp-json\/wp\/v2\/pages\/873","targetHints":{"allow":["GET"]}}],"collection":[{"href":"https:\/\/bcu.opole.pl\/bcu2\/wp-json\/wp\/v2\/pages"}],"about":[{"href":"https:\/\/bcu.opole.pl\/bcu2\/wp-json\/wp\/v2\/types\/page"}],"author":[{"embeddable":true,"href":"https:\/\/bcu.opole.pl\/bcu2\/wp-json\/wp\/v2\/users\/3"}],"replies":[{"embeddable":true,"href":"https:\/\/bcu.opole.pl\/bcu2\/wp-json\/wp\/v2\/comments?post=873"}],"version-history":[{"count":24,"href":"https:\/\/bcu.opole.pl\/bcu2\/wp-json\/wp\/v2\/pages\/873\/revisions"}],"predecessor-version":[{"id":1272,"href":"https:\/\/bcu.opole.pl\/bcu2\/wp-json\/wp\/v2\/pages\/873\/revisions\/1272"}],"wp:attachment":[{"href":"https:\/\/bcu.opole.pl\/bcu2\/wp-json\/wp\/v2\/media?parent=873"}],"curies":[{"name":"wp","href":"https:\/\/api.w.org\/{rel}","templated":true}]}}