{"id":804,"date":"2025-11-18T15:32:30","date_gmt":"2025-11-18T14:32:30","guid":{"rendered":"https:\/\/bcu.opole.pl\/bcu2\/?page_id=804"},"modified":"2026-03-06T10:52:56","modified_gmt":"2026-03-06T09:52:56","slug":"uroczyste-otwarcie-pracowni-bcu","status":"publish","type":"page","link":"https:\/\/bcu.opole.pl\/bcu2\/uroczyste-otwarcie-pracowni-bcu\/","title":{"rendered":"UROCZYSTE OTWARCIE PRACOWNI BCU"},"content":{"rendered":"<p>[et_pb_section fb_built=&#8221;1&#8243; _builder_version=&#8221;4.24.1&#8243; _module_preset=&#8221;default&#8221; global_colors_info=&#8221;{}&#8221;][et_pb_row _builder_version=&#8221;4.24.1&#8243; _module_preset=&#8221;default&#8221; global_colors_info=&#8221;{}&#8221;][et_pb_column type=&#8221;4_4&#8243; _builder_version=&#8221;4.24.1&#8243; _module_preset=&#8221;default&#8221; global_colors_info=&#8221;{}&#8221;][et_pb_text _builder_version=&#8221;4.27.4&#8243; _module_preset=&#8221;default&#8221; text_font=&#8221;&#8211;et_global_heading_font||||||||&#8221; text_font_size=&#8221;17px&#8221; global_colors_info=&#8221;{}&#8221;]<\/p>\n<p style=\"text-align: center;\"><span style=\"font-size: x-large;\"><strong><em>Uroczyste otwarcie pracowni Bran\u017cowego Centrum Umiej\u0119tno\u015bci w dziedzinie poligrafii, introligatorstwa i opakowa\u0144, kt\u00f3re odb\u0119dzie si\u0119 21 listopada 2025 roku o godz. 11:00<br \/>w Zespole Szk\u00f3\u0142 Zawodowych im. Stanis\u0142awa Staszica w Opolu, ul. Struga 16a<\/em><\/strong><\/span><\/p>\n<p>&nbsp;<\/p>\n<p>Bran\u017cowe Centrum Umiej\u0119tno\u015bci to nowoczesna przestrze\u0144 edukacyjna, kt\u00f3ra powsta\u0142a z \u00a0my\u015bl\u0105 o rozwoju kompetencji zawodowych oraz wsp\u00f3\u0142pracy mi\u0119dzy edukacj\u0105, a przemys\u0142em poligraficznym.<\/p>\n<p>Podczas wydarzenia zaprezentowane zostan\u0105 nowe pracownie oraz ich specjalistyczne wyposa\u017cenie, kt\u00f3re b\u0119dzie wykorzystywane podczas szkole\u0144 bran\u017cowych i zaj\u0119\u0107 praktycznych. Odb\u0119d\u0105 si\u0119 tak\u017ce wyk\u0142ady eksperckie prowadzone przez przedstawicieli bran\u017cy i \u015brodowiska naukowego, po\u015bwi\u0119cone najnowszym trendom i technologiom w poligrafii, introligatorstwie i \u00a0opakowalnictwie oraz roli BCU.<\/p>\n<p>Prosimy o potwierdzenie obecno\u015bci na adres <a href=\"mailto:bcu@staszic.opole.pl\">bcu@staszic.opole.pl<\/a> lub telefonicznie &#8211; 77 453 66 51<\/p>\n<p>Je\u015bli maj\u0105 Pa\u0144stwo szczeg\u00f3lne potrzeby dotycz\u0105ce udzia\u0142u w wydarzeniu, prosimy o \u00a0informacj\u0119 przy potwierdzaniu obecno\u015bci \u2013 postaramy si\u0119 zapewni\u0107 odpowiednie wsparcie.<\/p>\n<p>&nbsp;<\/p>\n<p>[\/et_pb_text][et_pb_image src=&#8221;https:\/\/bcu.opole.pl\/bcu2\/wp-content\/uploads\/sites\/4\/2025\/05\/bcu2-logo-scaled.jpg&#8221; title_text=&#8221;bcu2-logo&#8221; align=&#8221;center&#8221; _builder_version=&#8221;4.27.4&#8243; _module_preset=&#8221;default&#8221; width=&#8221;100%&#8221; max_width=&#8221;100%&#8221; module_alignment=&#8221;left&#8221; global_colors_info=&#8221;{}&#8221;][\/et_pb_image][\/et_pb_column][\/et_pb_row][\/et_pb_section][et_pb_section fb_built=&#8221;1&#8243; custom_padding_last_edited=&#8221;on|tablet&#8221; admin_label=&#8221;Schedule&#8221; _builder_version=&#8221;4.27.4&#8243; background_enable_color=&#8221;off&#8221; background_color_gradient_direction=&#8221;90deg&#8221; background_enable_image=&#8221;off&#8221; background_size=&#8221;initial&#8221; background_position=&#8221;top_right&#8221; max_width_tablet=&#8221;&#8221; max_width_phone=&#8221;100%&#8221; max_width_last_edited=&#8221;on|phone&#8221; custom_margin=&#8221;||-64px|||&#8221; custom_padding=&#8221;|10vw||0px||&#8221; custom_padding_tablet=&#8221;|0vw||&#8221; custom_padding_phone=&#8221;&#8221; border_color_all=&#8221;#034b82&#8243; border_width_left=&#8221;10vw&#8221; border_color_left=&#8221;#09569e&#8221; locked=&#8221;off&#8221; global_colors_info=&#8221;{}&#8221;][et_pb_row column_structure=&#8221;1_4,1_2,1_4&#8243; _builder_version=&#8221;4.16&#8243; custom_margin_tablet=&#8221;|||&#8221; custom_margin_phone=&#8221;|||&#8221; custom_margin_last_edited=&#8221;on|desktop&#8221; custom_padding=&#8221;27px|||||&#8221; animation_style=&#8221;zoom&#8221; animation_direction=&#8221;top&#8221; animation_intensity_zoom=&#8221;10%&#8221; border_color_all=&#8221;rgba(51,51,51,0.05)&#8221; border_width_bottom=&#8221;2px&#8221; global_colors_info=&#8221;{}&#8221;][et_pb_column type=&#8221;1_4&#8243; _builder_version=&#8221;4.16&#8243; custom_padding=&#8221;|||&#8221; global_colors_info=&#8221;{}&#8221; custom_padding__hover=&#8221;|||&#8221;][et_pb_text _builder_version=&#8221;4.27.4&#8243; text_line_height=&#8221;1.9em&#8221; header_font=&#8221;||||||||&#8221; header_6_font=&#8221;Roboto|||on|||||&#8221; header_6_font_size=&#8221;20px&#8221; header_6_line_height=&#8221;1.2em&#8221; global_colors_info=&#8221;{}&#8221;]<\/p>\n<h6>10:30-11:00<\/h6>\n<p>[\/et_pb_text][\/et_pb_column][et_pb_column type=&#8221;1_2&#8243; _builder_version=&#8221;4.16&#8243; custom_padding=&#8221;|||&#8221; global_colors_info=&#8221;{}&#8221; custom_padding__hover=&#8221;|||&#8221;][et_pb_text _builder_version=&#8221;4.27.4&#8243; text_font=&#8221;||||||||&#8221; text_text_color=&#8221;#0C71C3&#8243; text_line_height=&#8221;2em&#8221; header_font=&#8221;||||||||&#8221; header_text_color=&#8221;#000000&#8243; header_font_size=&#8221;29px&#8221; header_3_font=&#8221;||||||||&#8221; header_4_font=&#8221;||||||||&#8221; header_5_font=&#8221;Roboto||||||||&#8221; header_5_text_color=&#8221;#00b2e5&#8243; header_5_line_height=&#8221;1.4em&#8221; header_6_font=&#8221;||||||||&#8221; header_6_text_color=&#8221;#000000&#8243; header_6_font_size=&#8221;15px&#8221; custom_padding=&#8221;2px|0px||||&#8221; global_colors_info=&#8221;{}&#8221;]<\/p>\n<h5><span style=\"font-size: 13pt; line-height: 150%; color: #808080;\">Rejestracja<\/span><span style=\"color: #808080;\"><em><\/em><\/span><\/h5>\n<p>[\/et_pb_text][\/et_pb_column][et_pb_column type=&#8221;1_4&#8243; _builder_version=&#8221;4.16&#8243; custom_padding=&#8221;|||&#8221; global_colors_info=&#8221;{}&#8221; custom_padding__hover=&#8221;|||&#8221;][\/et_pb_column][\/et_pb_row][et_pb_row column_structure=&#8221;1_4,1_2,1_4&#8243; _builder_version=&#8221;4.16&#8243; custom_margin_tablet=&#8221;|||&#8221; custom_margin_phone=&#8221;|||&#8221; custom_margin_last_edited=&#8221;on|desktop&#8221; custom_padding=&#8221;27px|||||&#8221; animation_style=&#8221;zoom&#8221; animation_direction=&#8221;top&#8221; animation_intensity_zoom=&#8221;10%&#8221; border_color_all=&#8221;rgba(51,51,51,0.05)&#8221; border_width_bottom=&#8221;2px&#8221; global_colors_info=&#8221;{}&#8221;][et_pb_column type=&#8221;1_4&#8243; _builder_version=&#8221;4.16&#8243; custom_padding=&#8221;|||&#8221; global_colors_info=&#8221;{}&#8221; custom_padding__hover=&#8221;|||&#8221;][et_pb_text _builder_version=&#8221;4.27.4&#8243; text_line_height=&#8221;1.9em&#8221; header_font=&#8221;||||||||&#8221; header_6_font=&#8221;Roboto|||on|||||&#8221; header_6_font_size=&#8221;20px&#8221; header_6_line_height=&#8221;1.2em&#8221; global_colors_info=&#8221;{}&#8221;]<\/p>\n<h6>11:00-11:35<\/h6>\n<p>[\/et_pb_text][\/et_pb_column][et_pb_column type=&#8221;1_2&#8243; _builder_version=&#8221;4.16&#8243; custom_padding=&#8221;|||&#8221; global_colors_info=&#8221;{}&#8221; custom_padding__hover=&#8221;|||&#8221;][et_pb_text _builder_version=&#8221;4.27.4&#8243; text_font=&#8221;||||||||&#8221; text_text_color=&#8221;#0C71C3&#8243; text_line_height=&#8221;2em&#8221; header_font=&#8221;||||||||&#8221; header_text_color=&#8221;#000000&#8243; header_font_size=&#8221;29px&#8221; header_3_font=&#8221;||||||||&#8221; header_4_font=&#8221;||||||||&#8221; header_5_font=&#8221;Roboto||||||||&#8221; header_5_text_color=&#8221;#00b2e5&#8243; header_5_line_height=&#8221;1.4em&#8221; header_6_font=&#8221;||||||||&#8221; header_6_text_color=&#8221;#000000&#8243; header_6_font_size=&#8221;15px&#8221; custom_padding=&#8221;2px|0px||||&#8221; global_colors_info=&#8221;{}&#8221;]<\/p>\n<h5><span style=\"font-size: 13pt; line-height: 150%; color: #808080;\">Przywitanie go\u015bci<\/span><span style=\"color: #808080;\"><em><\/em><\/span><\/h5>\n<p><span style=\"font-size: 13pt; line-height: 150%; color: #808080;\"><strong>Arkadiusz Wi\u015bniewski &#8211;<\/strong> Prezydent Miasta Opola<br \/><strong>Jacek Ku\u015bmierczyk<\/strong> &#8211; Polska Izba Druku<strong><br \/>Ewa Michalska<\/strong>\u00a0&#8211; Zesp\u00f3\u0142 Szk\u00f3\u0142 Zawodowych im. Stanis\u0142awa Staszica w Opolu<\/span><\/p>\n<p>[\/et_pb_text][\/et_pb_column][et_pb_column type=&#8221;1_4&#8243; _builder_version=&#8221;4.16&#8243; custom_padding=&#8221;|||&#8221; global_colors_info=&#8221;{}&#8221; custom_padding__hover=&#8221;|||&#8221;][\/et_pb_column][\/et_pb_row][et_pb_row column_structure=&#8221;1_4,1_2,1_4&#8243; _builder_version=&#8221;4.16&#8243; custom_margin_tablet=&#8221;|||&#8221; custom_margin_phone=&#8221;|||&#8221; custom_margin_last_edited=&#8221;on|desktop&#8221; animation_style=&#8221;zoom&#8221; animation_direction=&#8221;top&#8221; animation_intensity_zoom=&#8221;10%&#8221; border_color_all=&#8221;rgba(51,51,51,0.05)&#8221; border_width_bottom=&#8221;2px&#8221; global_colors_info=&#8221;{}&#8221;][et_pb_column type=&#8221;1_4&#8243; _builder_version=&#8221;4.16&#8243; custom_padding=&#8221;|||&#8221; global_colors_info=&#8221;{}&#8221; custom_padding__hover=&#8221;|||&#8221;][et_pb_text _builder_version=&#8221;4.27.4&#8243; text_line_height=&#8221;1.9em&#8221; header_font=&#8221;||||||||&#8221; header_6_font=&#8221;Roboto|||on|||||&#8221; header_6_font_size=&#8221;20px&#8221; header_6_line_height=&#8221;1.2em&#8221; global_colors_info=&#8221;{}&#8221;]<\/p>\n<h6>11:40-12:15<\/h6>\n<p>[\/et_pb_text][\/et_pb_column][et_pb_column type=&#8221;1_2&#8243; _builder_version=&#8221;4.16&#8243; custom_padding=&#8221;|||&#8221; global_colors_info=&#8221;{}&#8221; custom_padding__hover=&#8221;|||&#8221;][et_pb_text _builder_version=&#8221;4.27.4&#8243; text_font=&#8221;||||||||&#8221; text_text_color=&#8221;#0C71C3&#8243; text_line_height=&#8221;2em&#8221; header_font=&#8221;||||||||&#8221; header_text_color=&#8221;#000000&#8243; header_font_size=&#8221;29px&#8221; header_3_font=&#8221;||||||||&#8221; header_4_font=&#8221;||||||||&#8221; header_5_font=&#8221;Roboto||||||||&#8221; header_5_text_color=&#8221;#00b2e5&#8243; header_5_line_height=&#8221;1.4em&#8221; header_6_font=&#8221;||||||||&#8221; header_6_text_color=&#8221;#000000&#8243; header_6_font_size=&#8221;15px&#8221; custom_padding=&#8221;2px|0px||||&#8221; global_colors_info=&#8221;{}&#8221;]<\/p>\n<h5><span style=\"font-size: 13pt; line-height: 150%; color: #808080;\">Otwarcie i zwiedzanie pracowni BCU<\/span><span style=\"color: #808080;\"><em><\/em><\/span><\/h5>\n<p>[\/et_pb_text][\/et_pb_column][et_pb_column type=&#8221;1_4&#8243; _builder_version=&#8221;4.16&#8243; custom_padding=&#8221;|||&#8221; global_colors_info=&#8221;{}&#8221; custom_padding__hover=&#8221;|||&#8221;][\/et_pb_column][\/et_pb_row][et_pb_row column_structure=&#8221;1_4,1_2,1_4&#8243; _builder_version=&#8221;4.16&#8243; custom_margin_tablet=&#8221;|||&#8221; custom_margin_phone=&#8221;|||&#8221; custom_margin_last_edited=&#8221;on|desktop&#8221; custom_padding=&#8221;27px|||||&#8221; animation_style=&#8221;zoom&#8221; animation_direction=&#8221;top&#8221; animation_intensity_zoom=&#8221;10%&#8221; border_color_all=&#8221;rgba(51,51,51,0.05)&#8221; border_width_bottom=&#8221;2px&#8221; global_colors_info=&#8221;{}&#8221;][et_pb_column type=&#8221;1_4&#8243; _builder_version=&#8221;4.16&#8243; custom_padding=&#8221;|||&#8221; global_colors_info=&#8221;{}&#8221; custom_padding__hover=&#8221;|||&#8221;][et_pb_text _builder_version=&#8221;4.27.4&#8243; text_line_height=&#8221;1.9em&#8221; header_font=&#8221;||||||||&#8221; header_6_font=&#8221;Roboto|||on|||||&#8221; header_6_font_size=&#8221;20px&#8221; header_6_line_height=&#8221;1.2em&#8221; global_colors_info=&#8221;{}&#8221;]<\/p>\n<h6>12:20-12:40<\/h6>\n<p>[\/et_pb_text][\/et_pb_column][et_pb_column type=&#8221;1_2&#8243; _builder_version=&#8221;4.16&#8243; custom_padding=&#8221;|||&#8221; global_colors_info=&#8221;{}&#8221; custom_padding__hover=&#8221;|||&#8221;][et_pb_text _builder_version=&#8221;4.27.4&#8243; text_font=&#8221;||||||||&#8221; text_text_color=&#8221;#0C71C3&#8243; text_line_height=&#8221;2em&#8221; header_font=&#8221;||||||||&#8221; header_text_color=&#8221;#000000&#8243; header_font_size=&#8221;29px&#8221; header_3_font=&#8221;||||||||&#8221; header_4_font=&#8221;||||||||&#8221; header_5_font=&#8221;Roboto||||||||&#8221; header_5_text_color=&#8221;#00b2e5&#8243; header_5_line_height=&#8221;1.4em&#8221; header_6_font=&#8221;||||||||&#8221; header_6_text_color=&#8221;#000000&#8243; header_6_font_size=&#8221;15px&#8221; custom_padding=&#8221;2px|0px||||&#8221; global_colors_info=&#8221;{}&#8221;]<\/p>\n<h5><span style=\"font-size: 13pt; line-height: 150%; color: #808080;\">Prelekcja Krzysztofa Pindrala &#8211;<em>Wyzwania w procesie dydaktycznym w kontek\u015bcie szybko zmieniaj\u0105cych si\u0119 technik produkcyjnych w poligrafii na przyk\u0142adzie konkretnych rozwi\u0105za\u0144.\u00a0<\/em><\/span><em><span style=\"color: #808080;\"><\/span><\/em><\/h5>\n<p><em>\u00a0<\/em><\/p>\n<p>[\/et_pb_text][\/et_pb_column][et_pb_column type=&#8221;1_4&#8243; _builder_version=&#8221;4.16&#8243; custom_padding=&#8221;|||&#8221; global_colors_info=&#8221;{}&#8221; custom_padding__hover=&#8221;|||&#8221;][\/et_pb_column][\/et_pb_row][et_pb_row column_structure=&#8221;1_4,1_2,1_4&#8243; _builder_version=&#8221;4.16&#8243; custom_margin_tablet=&#8221;|||&#8221; custom_margin_phone=&#8221;|||&#8221; custom_margin_last_edited=&#8221;on|desktop&#8221; animation_style=&#8221;zoom&#8221; animation_direction=&#8221;top&#8221; animation_intensity_zoom=&#8221;10%&#8221; border_color_all=&#8221;rgba(51,51,51,0.05)&#8221; border_width_bottom=&#8221;2px&#8221; global_colors_info=&#8221;{}&#8221;][et_pb_column type=&#8221;1_4&#8243; _builder_version=&#8221;4.16&#8243; custom_padding=&#8221;|||&#8221; global_colors_info=&#8221;{}&#8221; custom_padding__hover=&#8221;|||&#8221;][et_pb_text _builder_version=&#8221;4.27.4&#8243; text_line_height=&#8221;1.9em&#8221; header_font=&#8221;||||||||&#8221; header_6_font=&#8221;Roboto|||on|||||&#8221; header_6_font_size=&#8221;20px&#8221; header_6_line_height=&#8221;1.2em&#8221; global_colors_info=&#8221;{}&#8221;]<\/p>\n<h6>12:40-13:00\u00a0<\/h6>\n<p>[\/et_pb_text][\/et_pb_column][et_pb_column type=&#8221;1_2&#8243; _builder_version=&#8221;4.16&#8243; custom_padding=&#8221;|||&#8221; global_colors_info=&#8221;{}&#8221; custom_padding__hover=&#8221;|||&#8221;][et_pb_text _builder_version=&#8221;4.27.4&#8243; text_font=&#8221;||||||||&#8221; text_text_color=&#8221;#0C71C3&#8243; text_line_height=&#8221;2em&#8221; header_font=&#8221;||||||||&#8221; header_text_color=&#8221;#000000&#8243; header_font_size=&#8221;29px&#8221; header_3_font=&#8221;||||||||&#8221; header_4_font=&#8221;||||||||&#8221; header_5_font=&#8221;Roboto||||||||&#8221; header_5_text_color=&#8221;#00b2e5&#8243; header_5_line_height=&#8221;1.4em&#8221; header_6_font=&#8221;||||||||&#8221; header_6_text_color=&#8221;#000000&#8243; header_6_font_size=&#8221;15px&#8221; custom_padding=&#8221;2px|0px||||&#8221; global_colors_info=&#8221;{}&#8221;]<\/p>\n<h5><span style=\"font-size: 13pt; line-height: 150%; color: #808080;\">Prelekcja Katarzyny Rybickiej &#8211;\u00a0<em>Kod innowacji 5.0.<\/em><\/span><span style=\"color: #808080;\"><em><\/em><\/span><\/h5>\n<p>&nbsp;<\/p>\n<p>[\/et_pb_text][\/et_pb_column][et_pb_column type=&#8221;1_4&#8243; _builder_version=&#8221;4.16&#8243; custom_padding=&#8221;|||&#8221; global_colors_info=&#8221;{}&#8221; custom_padding__hover=&#8221;|||&#8221;][\/et_pb_column][\/et_pb_row][et_pb_row column_structure=&#8221;1_4,1_2,1_4&#8243; _builder_version=&#8221;4.16&#8243; custom_margin_tablet=&#8221;|||&#8221; custom_margin_phone=&#8221;|||&#8221; custom_margin_last_edited=&#8221;on|desktop&#8221; custom_padding=&#8221;27px|||||&#8221; animation_style=&#8221;zoom&#8221; animation_direction=&#8221;top&#8221; animation_intensity_zoom=&#8221;10%&#8221; border_color_all=&#8221;rgba(51,51,51,0.05)&#8221; border_width_bottom=&#8221;2px&#8221; global_colors_info=&#8221;{}&#8221;][et_pb_column type=&#8221;1_4&#8243; _builder_version=&#8221;4.16&#8243; custom_padding=&#8221;|||&#8221; global_colors_info=&#8221;{}&#8221; custom_padding__hover=&#8221;|||&#8221;][et_pb_text _builder_version=&#8221;4.27.4&#8243; text_line_height=&#8221;1.9em&#8221; header_font=&#8221;||||||||&#8221; header_6_font=&#8221;Roboto|||on|||||&#8221; header_6_font_size=&#8221;20px&#8221; header_6_line_height=&#8221;1.2em&#8221; global_colors_info=&#8221;{}&#8221;]<\/p>\n<h6>13:00-13:30<\/h6>\n<p>[\/et_pb_text][\/et_pb_column][et_pb_column type=&#8221;1_2&#8243; _builder_version=&#8221;4.16&#8243; custom_padding=&#8221;|||&#8221; global_colors_info=&#8221;{}&#8221; custom_padding__hover=&#8221;|||&#8221;][et_pb_text _builder_version=&#8221;4.27.4&#8243; text_font=&#8221;||||||||&#8221; text_text_color=&#8221;#0C71C3&#8243; text_line_height=&#8221;2em&#8221; header_font=&#8221;||||||||&#8221; header_text_color=&#8221;#000000&#8243; header_font_size=&#8221;29px&#8221; header_3_font=&#8221;||||||||&#8221; header_4_font=&#8221;||||||||&#8221; header_5_font=&#8221;Roboto||||||||&#8221; header_5_text_color=&#8221;#00b2e5&#8243; header_5_line_height=&#8221;1.4em&#8221; header_6_font=&#8221;||||||||&#8221; header_6_text_color=&#8221;#000000&#8243; header_6_font_size=&#8221;15px&#8221; custom_padding=&#8221;2px|0px||||&#8221; global_colors_info=&#8221;{}&#8221;]<\/p>\n<h5><span style=\"font-size: 13pt; line-height: 150%; color: #808080;\">Pocz\u0119stunek<\/span><span style=\"color: #808080;\"><em><\/em><\/span><\/h5>\n<p><span style=\"font-size: 13pt; line-height: 150%; color: #808080;\"><strong><\/strong><\/span><\/p>\n<p>&nbsp;<\/p>\n<p>[\/et_pb_text][\/et_pb_column][et_pb_column type=&#8221;1_4&#8243; _builder_version=&#8221;4.16&#8243; custom_padding=&#8221;|||&#8221; global_colors_info=&#8221;{}&#8221; custom_padding__hover=&#8221;|||&#8221;][\/et_pb_column][\/et_pb_row][\/et_pb_section][et_pb_section fb_built=&#8221;1&#8243; admin_label=&#8221;Sponsors&#8221; _builder_version=&#8221;4.24.1&#8243; min_height=&#8221;100px&#8221; max_height=&#8221;609px&#8221; custom_padding=&#8221;30px|||||&#8221; global_colors_info=&#8221;{}&#8221;][et_pb_row _builder_version=&#8221;4.16&#8243; global_colors_info=&#8221;{}&#8221;][et_pb_column type=&#8221;4_4&#8243; _builder_version=&#8221;4.16&#8243; custom_padding=&#8221;|||&#8221; global_colors_info=&#8221;{}&#8221; custom_padding__hover=&#8221;|||&#8221;][et_pb_text _builder_version=&#8221;4.27.4&#8243; text_font=&#8221;||||||||&#8221; text_font_size=&#8221;20px&#8221; text_line_height=&#8221;1.9em&#8221; header_font=&#8221;||||||||&#8221; header_2_font=&#8221;Roboto|300|||||||&#8221; header_2_font_size=&#8221;50px&#8221; header_2_line_height=&#8221;1.2em&#8221; text_orientation=&#8221;center&#8221; max_width=&#8221;700px&#8221; max_width_tablet=&#8221;&#8221; max_width_phone=&#8221;&#8221; max_width_last_edited=&#8221;on|desktop&#8221; module_alignment=&#8221;center&#8221; header_2_font_size_tablet=&#8221;40px&#8221; header_2_font_size_phone=&#8221;32px&#8221; header_2_font_size_last_edited=&#8221;on|phone&#8221; global_colors_info=&#8221;{}&#8221;]<\/p>\n<h2><\/h2>\n<p><strong>Organizatorzy<\/strong><\/p>\n<p>[\/et_pb_text][\/et_pb_column][\/et_pb_row][et_pb_row column_structure=&#8221;1_4,1_4,1_4,1_4&#8243; _builder_version=&#8221;4.24.1&#8243; _module_preset=&#8221;default&#8221; global_colors_info=&#8221;{}&#8221;][et_pb_column type=&#8221;1_4&#8243; _builder_version=&#8221;4.24.1&#8243; _module_preset=&#8221;default&#8221; global_colors_info=&#8221;{}&#8221;][et_pb_image src=&#8221;https:\/\/bcu.opole.pl\/bcu2\/wp-content\/uploads\/sites\/4\/2025\/05\/opole.jpg&#8221; title_text=&#8221;opole&#8221; url=&#8221;https:\/\/opole.pl&#8221; align=&#8221;center&#8221; _builder_version=&#8221;4.27.4&#8243; _module_preset=&#8221;default&#8221; width=&#8221;100%&#8221; max_width=&#8221;100%&#8221; module_alignment=&#8221;left&#8221; global_colors_info=&#8221;{}&#8221;][\/et_pb_image][\/et_pb_column][et_pb_column type=&#8221;1_4&#8243; _builder_version=&#8221;4.24.1&#8243; _module_preset=&#8221;default&#8221; global_colors_info=&#8221;{}&#8221;][et_pb_image src=&#8221;https:\/\/bcu.opole.pl\/bcu2\/wp-content\/uploads\/sites\/4\/2025\/05\/staszic.jpg&#8221; title_text=&#8221;staszic&#8221; url=&#8221;https:\/\/staszic.opole.pl\/&#8221; align=&#8221;center&#8221; _builder_version=&#8221;4.27.4&#8243; _module_preset=&#8221;default&#8221; width=&#8221;100%&#8221; max_width=&#8221;100%&#8221; module_alignment=&#8221;left&#8221; global_colors_info=&#8221;{}&#8221;][\/et_pb_image][\/et_pb_column][et_pb_column type=&#8221;1_4&#8243; _builder_version=&#8221;4.24.1&#8243; _module_preset=&#8221;default&#8221; global_colors_info=&#8221;{}&#8221;][et_pb_image src=&#8221;https:\/\/bcu.opole.pl\/bcu2\/wp-content\/uploads\/sites\/4\/2025\/05\/izbadruku.jpg&#8221; title_text=&#8221;izbadruku&#8221; url=&#8221;https:\/\/izbadruku.org.pl\/&#8221; align=&#8221;center&#8221; _builder_version=&#8221;4.27.4&#8243; _module_preset=&#8221;default&#8221; width=&#8221;100%&#8221; max_width=&#8221;100%&#8221; module_alignment=&#8221;left&#8221; custom_margin=&#8221;||38px|||&#8221; custom_padding=&#8221;||0px|||&#8221; global_colors_info=&#8221;{}&#8221;][\/et_pb_image][\/et_pb_column][et_pb_column type=&#8221;1_4&#8243; _builder_version=&#8221;4.24.1&#8243; _module_preset=&#8221;default&#8221; global_colors_info=&#8221;{}&#8221;][et_pb_image src=&#8221;https:\/\/bcu.opole.pl\/bcu2\/wp-content\/uploads\/sites\/4\/2025\/05\/pnt-logo.jpg&#8221; title_text=&#8221;pnt-logo&#8221; url=&#8221;https:\/\/pnt.opole.pl&#8221; align=&#8221;center&#8221; _builder_version=&#8221;4.27.4&#8243; _module_preset=&#8221;default&#8221; width=&#8221;100%&#8221; max_width=&#8221;100%&#8221; module_alignment=&#8221;left&#8221; global_colors_info=&#8221;{}&#8221;][\/et_pb_image][\/et_pb_column][\/et_pb_row][\/et_pb_section][et_pb_section fb_built=&#8221;1&#8243; admin_label=&#8221;Sponsors&#8221; _builder_version=&#8221;4.24.1&#8243; min_height=&#8221;100px&#8221; max_height=&#8221;609px&#8221; custom_padding=&#8221;30px|||||&#8221; global_colors_info=&#8221;{}&#8221;][et_pb_row _builder_version=&#8221;4.16&#8243; global_colors_info=&#8221;{}&#8221;][et_pb_column type=&#8221;4_4&#8243; _builder_version=&#8221;4.16&#8243; custom_padding=&#8221;|||&#8221; global_colors_info=&#8221;{}&#8221; custom_padding__hover=&#8221;|||&#8221;][et_pb_text _builder_version=&#8221;4.27.4&#8243; text_font=&#8221;||||||||&#8221; text_font_size=&#8221;20px&#8221; text_line_height=&#8221;1.9em&#8221; header_font=&#8221;||||||||&#8221; header_2_font=&#8221;Roboto|300|||||||&#8221; header_2_font_size=&#8221;50px&#8221; header_2_line_height=&#8221;1.2em&#8221; text_orientation=&#8221;center&#8221; max_width=&#8221;700px&#8221; max_width_tablet=&#8221;&#8221; max_width_phone=&#8221;&#8221; max_width_last_edited=&#8221;on|desktop&#8221; module_alignment=&#8221;center&#8221; header_2_font_size_tablet=&#8221;40px&#8221; header_2_font_size_phone=&#8221;32px&#8221; header_2_font_size_last_edited=&#8221;on|phone&#8221; global_colors_info=&#8221;{}&#8221;]<\/p>\n<p><strong>Prelegenci<\/strong><\/p>\n<p>[\/et_pb_text][\/et_pb_column][\/et_pb_row][et_pb_row column_structure=&#8221;1_3,2_3&#8243; _builder_version=&#8221;4.27.4&#8243; custom_margin=&#8221;|auto|-3px|auto||&#8221; custom_padding=&#8221;40px|0px|40px|0px&#8221; global_colors_info=&#8221;{}&#8221;][et_pb_column type=&#8221;1_3&#8243; _builder_version=&#8221;4.16&#8243; custom_padding=&#8221;|||&#8221; global_colors_info=&#8221;{}&#8221; custom_padding__hover=&#8221;|||&#8221;][et_pb_image src=&#8221;https:\/\/bcu.opole.pl\/bcu2\/wp-content\/uploads\/sites\/4\/2025\/11\/kpinadfl1.jpg&#8221; title_text=&#8221;kpinadl&#8221; _builder_version=&#8221;4.27.4&#8243; max_width=&#8221;65%&#8221; custom_margin=&#8221;|||&#8221; custom_margin_tablet=&#8221;90px|||&#8221; custom_margin_last_edited=&#8221;off|desktop&#8221; always_center_on_mobile=&#8221;off&#8221; locked=&#8221;off&#8221; global_colors_info=&#8221;{}&#8221;][\/et_pb_image][\/et_pb_column][et_pb_column type=&#8221;2_3&#8243; _builder_version=&#8221;4.16&#8243; custom_padding=&#8221;|||&#8221; global_colors_info=&#8221;{}&#8221; custom_padding__hover=&#8221;|||&#8221;][et_pb_text _builder_version=&#8221;4.27.4&#8243; text_font=&#8221;||||||||&#8221; text_text_color=&#8221;#0C71C3&#8243; text_line_height=&#8221;1.9em&#8221; header_font=&#8221;||||||||&#8221; header_text_color=&#8221;#000000&#8243; header_3_font=&#8221;||||||||&#8221; header_4_font=&#8221;||||||||&#8221; header_5_font=&#8221;Roboto||||||||&#8221; header_5_text_color=&#8221;#00b2e5&#8243; header_5_line_height=&#8221;1.4em&#8221; header_6_font=&#8221;||||||||&#8221; header_6_text_color=&#8221;#000000&#8243; global_colors_info=&#8221;{}&#8221;]<\/p>\n<p><span style=\"font-size: 14pt; line-height: 150%; color: #808080;\"><span style=\"font-size: 13pt; line-height: 150%;\"><strong>Krzysztof Pindal<\/strong><\/span><\/span><\/p>\n<p>&nbsp;<\/p>\n<p style=\"text-align: justify;\"><span style=\"color: rgba(25, 0, 0, 0.63); font-size: large;\"><i>Jestem magistrem in\u017cynierem poligrafii (absolwent Wy\u017cszej Szko\u0142y Technicznej w Lipsku), po uzyskaniu tytu\u0142u maszynisty offsetowego w szkole \u015bredniej (Liceum Og\u00f3lnokszta\u0142c\u0105ce w Warszawie przy ul. Stawki). Po sko\u0144czeniu studi\u00f3w pracowa\u0142em w drukarni (Kieleckie Zak\u0142ady Graficzne) na stanowisku technolog, a p\u00f3\u017aniej dyrektora ds. technicznych.<br \/>Od 1991 r. zwi\u0105zany by\u0142em z firm\u0105 Heidelberg Polska Sp. z o.o. pracuj\u0105c odpowiednio na stanowisku przedstawiciel handlowy, dyrektor handlowy, a od 1997 do 2025 r. jako prezes zarz\u0105du. W zakresie wiedzy praktycznej oraz sprawowanych obowi\u0105zk\u00f3w znam zagadnienia z ca\u0142ego zakresu technologii poligraficznej: procesy przygotowawcze, procesy druku: offsetowego, flexo, druku cyfrowego, procesy introligatorskie z zakresie produkcji akcydensowej oraz opakowaniowej.<\/i><\/span><\/p>\n<p>[\/et_pb_text][\/et_pb_column][\/et_pb_row][\/et_pb_section][et_pb_section fb_built=&#8221;1&#8243; _builder_version=&#8221;4.27.4&#8243; _module_preset=&#8221;default&#8221; global_colors_info=&#8221;{}&#8221;][et_pb_row column_structure=&#8221;1_3,2_3&#8243; _builder_version=&#8221;4.27.4&#8243; custom_margin=&#8221;|auto|-3px|auto||&#8221; custom_padding=&#8221;40px|0px|40px|0px&#8221; global_colors_info=&#8221;{}&#8221;][et_pb_column type=&#8221;1_3&#8243; _builder_version=&#8221;4.16&#8243; custom_padding=&#8221;|||&#8221; global_colors_info=&#8221;{}&#8221; custom_padding__hover=&#8221;|||&#8221;][et_pb_image src=&#8221;https:\/\/bcu.opole.pl\/bcu2\/wp-content\/uploads\/sites\/4\/2025\/11\/K.RYBICKA.jpg&#8221; title_text=&#8221;K.RYBICKA&#8221; _builder_version=&#8221;4.27.4&#8243; max_width=&#8221;65%&#8221; custom_margin=&#8221;|||&#8221; custom_margin_tablet=&#8221;90px|||&#8221; custom_margin_last_edited=&#8221;off|desktop&#8221; always_center_on_mobile=&#8221;off&#8221; locked=&#8221;off&#8221; global_colors_info=&#8221;{}&#8221;][\/et_pb_image][\/et_pb_column][et_pb_column type=&#8221;2_3&#8243; _builder_version=&#8221;4.16&#8243; custom_padding=&#8221;|||&#8221; global_colors_info=&#8221;{}&#8221; custom_padding__hover=&#8221;|||&#8221;][et_pb_text _builder_version=&#8221;4.27.4&#8243; text_font=&#8221;||||||||&#8221; text_text_color=&#8221;#0C71C3&#8243; text_line_height=&#8221;1.9em&#8221; header_font=&#8221;||||||||&#8221; header_text_color=&#8221;#000000&#8243; header_3_font=&#8221;||||||||&#8221; header_4_font=&#8221;||||||||&#8221; header_5_font=&#8221;Roboto||||||||&#8221; header_5_text_color=&#8221;#00b2e5&#8243; header_5_line_height=&#8221;1.4em&#8221; header_6_font=&#8221;||||||||&#8221; header_6_text_color=&#8221;#000000&#8243; global_colors_info=&#8221;{}&#8221;]<\/p>\n<p><span style=\"font-size: 14pt; line-height: 150%; color: #808080;\"><span style=\"font-size: 13pt; line-height: 150%;\"><strong>Katarzyna Rybicka<\/strong><\/span><\/span><\/p>\n<p style=\"text-align: justify;\"><em><span style=\"font-size: 14pt; line-height: 150%; color: #808080;\"><span style=\"font-size: 13pt; line-height: 150%;\">Ekspertka zarz\u0105dzania i strategii. Absolwentka Uniwersytetu Ekonomicznego w Krakowie oraz programu MBA Akademii Leona Ko\u017ami\u0144skiego w Warszawie z d\u0142ugoletnim do\u015bwiadczeniem w sektorze bankowo\u015bci. W swoim portfolio posiada realizacj\u0119 projekt\u00f3w fuzji bank\u00f3w, wdra\u017cania innowacji czy digitalizacji proces\u00f3w jako Szef Strategii.<\/span><\/span><\/em><\/p>\n<p style=\"text-align: justify;\"><em><span style=\"font-size: 14pt; line-height: 150%; color: #808080;\"><span style=\"font-size: 13pt; line-height: 150%;\">Od 2018 roku zwi\u0105zana jest z europejsk\u0105 poligrafi\u0105, skupiona na optymalizacji operacyjnej, automatyzacji proces\u00f3w oraz transformacji cyfrowej firmy. Obecnie piastuje funkcj\u0119 Wiceprezeski ds. Strategii, Finans\u00f3w i Transformacji w firmie Walstead CE i Leykam (Austria, Czechy, Niemcy, S\u0142owenia), gdzie m.in. inicjuje i wdra\u017ca projekty B+R, w tym najwa\u017cniejsze:<br \/>\u201ePlatforma zintegrowanego zarz\u0105dzania, planowania i kontroli proces\u00f3w logistycznych w przedsi\u0119biorstwie produkcyjnym z wykorzystaniem system\u00f3w cyber-fizycznych\u201d oraz<br \/>\u201eOpracowanie innowacyjnej, proekologicznej formy ekspozycji reklamowej, zgodnej z polityk\u0105 ekologiczn\u0105 UE, dostosowanej do trend\u00f3w bran\u017cy POSM\u201d. Produkt wytworzony w ramach tego projektu w roku 2025 otrzyma\u0142 3 \u015bwiatowe nagrody na najwa\u017cniejszych targach bran\u017cy poligraficznej na \u015bwiecie to jest targach FESPA i odpowiednio FESPA Awards.<\/span><\/span><\/em><\/p>\n<p style=\"text-align: justify;\"><em><span style=\"font-size: 14pt; line-height: 150%; color: #808080;\"><span style=\"font-size: 13pt; line-height: 150%;\">Laureatka Polish National Sales Awards w kategorii \u201eInnowacje w dziedzinie sprzeda\u017cy\u201d.<br \/><\/span><\/span><\/em><\/p>\n<p style=\"text-align: justify;\"><em><span style=\"font-size: 14pt; line-height: 150%; color: #808080;\"><span style=\"font-size: 13pt; line-height: 150%;\">Katarzyna Rybicka intensywnie anga\u017cuje si\u0119 w rozw\u00f3j zr\u00f3wnowa\u017conych rozwi\u0105za\u0144 w biznesie. Jest inicjatork\u0105 partnerstwa firmy z Forum Odpowiedzialnego Biznesu. Skupia si\u0119 na projektach wspieraj\u0105cych ograniczanie wp\u0142ywu przemys\u0142u na \u015brodowisko. Dzia\u0142a tak\u017ce na rzecz promocji m\u0142odych w biznesie poprzez programy mentoringowe, jednym z nich by\u0142 kompleksowy projekt, wspieraj\u0105cy kobiety i m\u0119\u017cczyzn w \u015bwiadomym doskonaleniu kompetencji przyw\u00f3dczych sygnowany przez ICAN Institute.<\/span><\/span><\/em><\/p>\n<p>[\/et_pb_text][\/et_pb_column][\/et_pb_row][\/et_pb_section][et_pb_section fb_built=&#8221;1&#8243; theme_builder_area=&#8221;post_content&#8221; _builder_version=&#8221;4.27.6&#8243; _module_preset=&#8221;default&#8221;][et_pb_row column_structure=&#8221;1_3,1_3,1_3&#8243; use_custom_gutter=&#8221;on&#8221; gutter_width=&#8221;2&#8243; make_equal=&#8221;on&#8221; module_class=&#8221; et_pb_row_fullwidth&#8221; _builder_version=&#8221;4.16&#8243; width=&#8221;94%&#8221; width_tablet=&#8221;80%&#8221; width_phone=&#8221;&#8221; width_last_edited=&#8221;on|desktop&#8221; max_width=&#8221;94%&#8221; max_width_tablet=&#8221;80%&#8221; max_width_phone=&#8221;&#8221; max_width_last_edited=&#8221;on|desktop&#8221; make_fullwidth=&#8221;on&#8221; global_colors_info=&#8221;{}&#8221; theme_builder_area=&#8221;post_content&#8221;][et_pb_column type=&#8221;1_3&#8243; _builder_version=&#8221;4.16&#8243; custom_padding=&#8221;|||&#8221; global_colors_info=&#8221;{}&#8221; custom_padding__hover=&#8221;|||&#8221; theme_builder_area=&#8221;post_content&#8221;][et_pb_image src=&#8221;https:\/\/bcu.opole.pl\/bcu2\/wp-content\/uploads\/sites\/4\/2025\/11\/DSC0309-1.jpg&#8221; title_text=&#8221;_DSC0309&#8243; force_fullwidth=&#8221;on&#8221; align_tablet=&#8221;center&#8221; align_phone=&#8221;&#8221; align_last_edited=&#8221;on|desktop&#8221; _builder_version=&#8221;4.27.6&#8243; animation_style=&#8221;fade&#8221; hover_enabled=&#8221;0&#8243; global_colors_info=&#8221;{}&#8221; theme_builder_area=&#8221;post_content&#8221; sticky_enabled=&#8221;0&#8243;][\/et_pb_image][\/et_pb_column][et_pb_column type=&#8221;1_3&#8243; _builder_version=&#8221;4.16&#8243; custom_padding=&#8221;|||&#8221; global_colors_info=&#8221;{}&#8221; custom_padding__hover=&#8221;|||&#8221; theme_builder_area=&#8221;post_content&#8221;][et_pb_image src=&#8221;https:\/\/bcu.opole.pl\/bcu2\/wp-content\/uploads\/sites\/4\/2025\/11\/DSC0250-1.jpg&#8221; title_text=&#8221;_DSC0250&#8243; force_fullwidth=&#8221;on&#8221; align_tablet=&#8221;center&#8221; align_phone=&#8221;&#8221; align_last_edited=&#8221;on|desktop&#8221; _builder_version=&#8221;4.27.6&#8243; animation_style=&#8221;fade&#8221; hover_enabled=&#8221;0&#8243; global_colors_info=&#8221;{}&#8221; theme_builder_area=&#8221;post_content&#8221; sticky_enabled=&#8221;0&#8243;][\/et_pb_image][\/et_pb_column][et_pb_column type=&#8221;1_3&#8243; _builder_version=&#8221;4.16&#8243; custom_padding=&#8221;|||&#8221; global_colors_info=&#8221;{}&#8221; custom_padding__hover=&#8221;|||&#8221; theme_builder_area=&#8221;post_content&#8221;][et_pb_image src=&#8221;https:\/\/bcu.opole.pl\/bcu2\/wp-content\/uploads\/sites\/4\/2025\/11\/DSC0328.jpg&#8221; title_text=&#8221;_DSC0328&#8243; force_fullwidth=&#8221;on&#8221; align_tablet=&#8221;center&#8221; align_phone=&#8221;&#8221; align_last_edited=&#8221;on|desktop&#8221; _builder_version=&#8221;4.27.6&#8243; animation_style=&#8221;fade&#8221; hover_enabled=&#8221;0&#8243; global_colors_info=&#8221;{}&#8221; theme_builder_area=&#8221;post_content&#8221; sticky_enabled=&#8221;0&#8243;][\/et_pb_image][\/et_pb_column][\/et_pb_row][et_pb_row column_structure=&#8221;1_3,1_3,1_3&#8243; use_custom_gutter=&#8221;on&#8221; gutter_width=&#8221;2&#8243; make_equal=&#8221;on&#8221; module_class=&#8221; et_pb_row_fullwidth&#8221; _builder_version=&#8221;4.16&#8243; width=&#8221;94%&#8221; width_tablet=&#8221;80%&#8221; width_phone=&#8221;&#8221; width_last_edited=&#8221;on|desktop&#8221; max_width=&#8221;94%&#8221; max_width_tablet=&#8221;80%&#8221; max_width_phone=&#8221;&#8221; max_width_last_edited=&#8221;on|desktop&#8221; make_fullwidth=&#8221;on&#8221; global_colors_info=&#8221;{}&#8221; theme_builder_area=&#8221;post_content&#8221;][et_pb_column type=&#8221;1_3&#8243; _builder_version=&#8221;4.16&#8243; custom_padding=&#8221;|||&#8221; global_colors_info=&#8221;{}&#8221; custom_padding__hover=&#8221;|||&#8221; theme_builder_area=&#8221;post_content&#8221;][et_pb_image src=&#8221;https:\/\/bcu.opole.pl\/bcu2\/wp-content\/uploads\/sites\/4\/2025\/11\/DSC0223-1.jpg&#8221; title_text=&#8221;_DSC0223&#8243; force_fullwidth=&#8221;on&#8221; align_tablet=&#8221;center&#8221; align_phone=&#8221;&#8221; align_last_edited=&#8221;on|desktop&#8221; _builder_version=&#8221;4.27.6&#8243; animation_style=&#8221;fade&#8221; hover_enabled=&#8221;0&#8243; global_colors_info=&#8221;{}&#8221; theme_builder_area=&#8221;post_content&#8221; sticky_enabled=&#8221;0&#8243;][\/et_pb_image][\/et_pb_column][et_pb_column type=&#8221;1_3&#8243; _builder_version=&#8221;4.16&#8243; custom_padding=&#8221;|||&#8221; global_colors_info=&#8221;{}&#8221; custom_padding__hover=&#8221;|||&#8221; theme_builder_area=&#8221;post_content&#8221;][et_pb_image src=&#8221;https:\/\/bcu.opole.pl\/bcu2\/wp-content\/uploads\/sites\/4\/2025\/11\/DSC0429.jpg&#8221; title_text=&#8221;_DSC0429&#8243; force_fullwidth=&#8221;on&#8221; align_tablet=&#8221;center&#8221; align_phone=&#8221;&#8221; align_last_edited=&#8221;on|desktop&#8221; _builder_version=&#8221;4.27.6&#8243; animation_style=&#8221;fade&#8221; hover_enabled=&#8221;0&#8243; global_colors_info=&#8221;{}&#8221; theme_builder_area=&#8221;post_content&#8221; sticky_enabled=&#8221;0&#8243;][\/et_pb_image][\/et_pb_column][et_pb_column type=&#8221;1_3&#8243; _builder_version=&#8221;4.16&#8243; custom_padding=&#8221;|||&#8221; global_colors_info=&#8221;{}&#8221; custom_padding__hover=&#8221;|||&#8221; theme_builder_area=&#8221;post_content&#8221;][et_pb_image src=&#8221;https:\/\/bcu.opole.pl\/bcu2\/wp-content\/uploads\/sites\/4\/2025\/11\/DSC0278.jpg&#8221; title_text=&#8221;_DSC0278&#8243; force_fullwidth=&#8221;on&#8221; align_tablet=&#8221;center&#8221; align_phone=&#8221;&#8221; align_last_edited=&#8221;on|desktop&#8221; _builder_version=&#8221;4.27.6&#8243; animation_style=&#8221;fade&#8221; hover_enabled=&#8221;0&#8243; global_colors_info=&#8221;{}&#8221; theme_builder_area=&#8221;post_content&#8221; sticky_enabled=&#8221;0&#8243;][\/et_pb_image][\/et_pb_column][\/et_pb_row][\/et_pb_section]<\/p>\n","protected":false},"excerpt":{"rendered":"<p>Uroczyste otwarcie pracowni Bran\u017cowego Centrum Umiej\u0119tno\u015bci w dziedzinie poligrafii, introligatorstwa i opakowa\u0144, kt\u00f3re odb\u0119dzie si\u0119 21 listopada 2025 roku o godz. 11:00w Zespole Szk\u00f3\u0142 Zawodowych im. Stanis\u0142awa Staszica w Opolu, ul. Struga 16a &nbsp; Bran\u017cowe Centrum Umiej\u0119tno\u015bci to nowoczesna przestrze\u0144 edukacyjna, kt\u00f3ra powsta\u0142a z \u00a0my\u015bl\u0105 o rozwoju kompetencji zawodowych oraz wsp\u00f3\u0142pracy mi\u0119dzy edukacj\u0105, a przemys\u0142em [&hellip;]<\/p>\n","protected":false},"author":4,"featured_media":0,"parent":0,"menu_order":0,"comment_status":"closed","ping_status":"closed","template":"","meta":{"_et_pb_use_builder":"on","_et_pb_old_content":"","_et_gb_content_width":"","footnotes":""},"class_list":["post-804","page","type-page","status-publish","hentry"],"aioseo_notices":[],"_links":{"self":[{"href":"https:\/\/bcu.opole.pl\/bcu2\/wp-json\/wp\/v2\/pages\/804","targetHints":{"allow":["GET"]}}],"collection":[{"href":"https:\/\/bcu.opole.pl\/bcu2\/wp-json\/wp\/v2\/pages"}],"about":[{"href":"https:\/\/bcu.opole.pl\/bcu2\/wp-json\/wp\/v2\/types\/page"}],"author":[{"embeddable":true,"href":"https:\/\/bcu.opole.pl\/bcu2\/wp-json\/wp\/v2\/users\/4"}],"replies":[{"embeddable":true,"href":"https:\/\/bcu.opole.pl\/bcu2\/wp-json\/wp\/v2\/comments?post=804"}],"version-history":[{"count":8,"href":"https:\/\/bcu.opole.pl\/bcu2\/wp-json\/wp\/v2\/pages\/804\/revisions"}],"predecessor-version":[{"id":1120,"href":"https:\/\/bcu.opole.pl\/bcu2\/wp-json\/wp\/v2\/pages\/804\/revisions\/1120"}],"wp:attachment":[{"href":"https:\/\/bcu.opole.pl\/bcu2\/wp-json\/wp\/v2\/media?parent=804"}],"curies":[{"name":"wp","href":"https:\/\/api.w.org\/{rel}","templated":true}]}}