{"id":51,"date":"2025-04-11T10:57:46","date_gmt":"2025-04-11T08:57:46","guid":{"rendered":"https:\/\/bcu.opole.pl\/bcu2\/?page_id=51"},"modified":"2026-03-06T11:05:10","modified_gmt":"2026-03-06T10:05:10","slug":"konferencja-promujaca-bcu","status":"publish","type":"page","link":"https:\/\/bcu.opole.pl\/bcu2\/konferencja-promujaca-bcu\/","title":{"rendered":"KONFERENCJA PROMUJ\u0104CA BCU"},"content":{"rendered":"<p>[et_pb_section fb_built=&#8221;1&#8243; fullwidth=&#8221;on&#8221; _builder_version=&#8221;4.24.1&#8243; _module_preset=&#8221;default&#8221; global_colors_info=&#8221;{}&#8221;][et_pb_fullwidth_image src=&#8221;https:\/\/bcu.opole.pl\/bcu2\/wp-content\/uploads\/sites\/4\/2025\/05\/poligrafia4.jpg&#8221; title_text=&#8221;poligrafia4&#8243; _builder_version=&#8221;4.27.4&#8243; _module_preset=&#8221;default&#8221; global_colors_info=&#8221;{}&#8221;][\/et_pb_fullwidth_image][\/et_pb_section][et_pb_section fb_built=&#8221;1&#8243; _builder_version=&#8221;4.24.1&#8243; _module_preset=&#8221;default&#8221; global_colors_info=&#8221;{}&#8221;][et_pb_row _builder_version=&#8221;4.24.1&#8243; _module_preset=&#8221;default&#8221; global_colors_info=&#8221;{}&#8221;][et_pb_column type=&#8221;4_4&#8243; _builder_version=&#8221;4.24.1&#8243; _module_preset=&#8221;default&#8221; global_colors_info=&#8221;{}&#8221;][et_pb_text _builder_version=&#8221;4.27.4&#8243; _module_preset=&#8221;default&#8221; text_font=&#8221;&#8211;et_global_heading_font||||||||&#8221; text_font_size=&#8221;17px&#8221; global_colors_info=&#8221;{}&#8221;]<\/p>\n<p>Celem konferencji inauguruj\u0105cej projekt jest wsparcie rozwoju wysoko wykwalifikowanych kadr dla bran\u017cy poligraficznej, introligatorskiej i opakowaniowej poprzez nowoczesn\u0105 edukacj\u0119, dost\u0119p do najnowszych technologii oraz wsp\u00f3\u0142prac\u0119 z pracodawcami i \u015brodowiskiem naukowym. Konferencja b\u0119dzie okazj\u0105 do prezentacji za\u0142o\u017ce\u0144 projektu, wymiany do\u015bwiadcze\u0144 i dyskusji o przysz\u0142o\u015bci kszta\u0142cenia zawodowego w tych sektorach.<\/p>\n<p>Bran\u017cowe Centrum Umiej\u0119tno\u015bci to nowoczesna plac\u00f3wka edukacyjna, powstaj\u0105ca przy Zespole Szk\u00f3\u0142 Zawodowych im. Stanis\u0142awa Staszica w Opolu z my\u015bl\u0105 o wsparciu rozwoju wysoko wykwalifikowanych kadr dla sektora poligraficznego, introligatorskiego oraz opakowaniowego. Dzi\u0119ki dzia\u0142alno\u015bci BCU bran\u017ca ta zyska nowe mo\u017cliwo\u015bci rozwoju \u2013 zar\u00f3wno poprzez dost\u0119p do najnowocze\u015bniejszych technologii i specjalistycznych szkole\u0144, jak i \u015bcis\u0142\u0105 wsp\u00f3\u0142prac\u0119 z pracodawcami oraz \u015brodowiskiem naukowym. Centrum umo\u017cliwi zdobycie praktycznych kompetencji, kt\u00f3re s\u0105 odpowiedzi\u0105 na dynamicznie zmieniaj\u0105ce si\u0119 potrzeby rynku pracy, a tak\u017ce pozwoli na podnoszenie kwalifikacji zar\u00f3wno m\u0142odzie\u017cy, jak i os\u00f3b doros\u0142ych<\/p>\n<p>[\/et_pb_text][\/et_pb_column][\/et_pb_row][et_pb_row _builder_version=&#8221;4.24.1&#8243; _module_preset=&#8221;default&#8221; global_colors_info=&#8221;{}&#8221;][et_pb_column type=&#8221;4_4&#8243; _builder_version=&#8221;4.24.1&#8243; _module_preset=&#8221;default&#8221; global_colors_info=&#8221;{}&#8221;][et_pb_button button_url=&#8221;https:\/\/bcu.opole.pl\/bcu2\/REJESTRACJA-NA-KONFERENCJE\/&#8221; button_text=&#8221;Rejestracja &#8221; button_alignment=&#8221;center&#8221; _builder_version=&#8221;4.27.4&#8243; _module_preset=&#8221;default&#8221; custom_button=&#8221;on&#8221; button_text_size=&#8221;22px&#8221; button_text_color=&#8221;#0C71C3&#8243; button_border_width=&#8221;2px&#8221; button_font=&#8221;Lato||||||||&#8221; button_icon_color=&#8221;#00423c&#8221; transform_scale=&#8221;110%|110%&#8221; background_layout=&#8221;dark&#8221; global_colors_info=&#8221;{}&#8221;][\/et_pb_button][\/et_pb_column][\/et_pb_row][\/et_pb_section][et_pb_section fb_built=&#8221;1&#8243; custom_padding_last_edited=&#8221;on|tablet&#8221; admin_label=&#8221;Schedule&#8221; _builder_version=&#8221;4.27.4&#8243; background_enable_color=&#8221;off&#8221; background_color_gradient_direction=&#8221;90deg&#8221; background_enable_image=&#8221;off&#8221; background_size=&#8221;initial&#8221; background_position=&#8221;top_right&#8221; max_width_tablet=&#8221;&#8221; max_width_phone=&#8221;100%&#8221; max_width_last_edited=&#8221;on|phone&#8221; custom_margin=&#8221;||-64px|||&#8221; custom_padding=&#8221;|10vw||0px||&#8221; custom_padding_tablet=&#8221;|0vw||&#8221; custom_padding_phone=&#8221;&#8221; border_color_all=&#8221;#034b82&#8243; border_width_left=&#8221;10vw&#8221; border_color_left=&#8221;#09569e&#8221; locked=&#8221;off&#8221; global_colors_info=&#8221;{}&#8221;][et_pb_row column_structure=&#8221;1_4,1_2,1_4&#8243; _builder_version=&#8221;4.16&#8243; custom_margin_tablet=&#8221;|||&#8221; custom_margin_phone=&#8221;|||&#8221; custom_margin_last_edited=&#8221;on|desktop&#8221; custom_padding=&#8221;27px|||||&#8221; animation_style=&#8221;zoom&#8221; animation_direction=&#8221;top&#8221; animation_intensity_zoom=&#8221;10%&#8221; border_color_all=&#8221;rgba(51,51,51,0.05)&#8221; border_width_bottom=&#8221;2px&#8221; global_colors_info=&#8221;{}&#8221;][et_pb_column type=&#8221;1_4&#8243; _builder_version=&#8221;4.16&#8243; custom_padding=&#8221;|||&#8221; global_colors_info=&#8221;{}&#8221; custom_padding__hover=&#8221;|||&#8221;][et_pb_text _builder_version=&#8221;4.27.4&#8243; text_line_height=&#8221;1.9em&#8221; header_font=&#8221;||||||||&#8221; header_6_font=&#8221;Roboto|||on|||||&#8221; header_6_font_size=&#8221;20px&#8221; header_6_line_height=&#8221;1.2em&#8221; global_colors_info=&#8221;{}&#8221;]<\/p>\n<h6>11:30-11:45<\/h6>\n<p>[\/et_pb_text][\/et_pb_column][et_pb_column type=&#8221;1_2&#8243; _builder_version=&#8221;4.16&#8243; custom_padding=&#8221;|||&#8221; global_colors_info=&#8221;{}&#8221; custom_padding__hover=&#8221;|||&#8221;][et_pb_text _builder_version=&#8221;4.27.4&#8243; text_font=&#8221;||||||||&#8221; text_text_color=&#8221;#0C71C3&#8243; text_line_height=&#8221;2em&#8221; header_font=&#8221;||||||||&#8221; header_text_color=&#8221;#000000&#8243; header_font_size=&#8221;29px&#8221; header_3_font=&#8221;||||||||&#8221; header_4_font=&#8221;||||||||&#8221; header_5_font=&#8221;Roboto||||||||&#8221; header_5_text_color=&#8221;#00b2e5&#8243; header_5_line_height=&#8221;1.4em&#8221; header_6_font=&#8221;||||||||&#8221; header_6_text_color=&#8221;#000000&#8243; header_6_font_size=&#8221;15px&#8221; custom_padding=&#8221;2px|0px||||&#8221; global_colors_info=&#8221;{}&#8221;]<\/p>\n<h5><span style=\"font-size: 13pt;line-height: 150%;color: #808080\">Przywitanie go\u015bci<\/span><span style=\"color: #808080\"><em><\/em><\/span><\/h5>\n<p><span style=\"font-size: 13pt;line-height: 150%;color: #808080\"><strong>Arkadiusz Wi\u015bniewski<\/strong> &#8211; Prezydent Miasta Opola<br \/><strong>mgr in\u017c. Ewa Michalska<\/strong> &#8211; Dyrektor Zespo\u0142u Szk\u00f3\u0142 Zawodowych im. Stanis\u0142awa Staszica w Opolu<br \/><strong>Alina Prochasek <\/strong>&#8211; Cz\u0142onkini zarz\u0105du Fundacji Rozwoju Systemu Edukacji<br \/><strong>Jacek Ku\u015bmierczyk<\/strong> &#8211; Prezes Polskiej Izby Druku<br \/><b>Joanna Ra\u017aniewska<\/b> &#8211; Opolska Kurator O\u015bwiaty<\/span><\/p>\n<p>[\/et_pb_text][\/et_pb_column][et_pb_column type=&#8221;1_4&#8243; _builder_version=&#8221;4.16&#8243; custom_padding=&#8221;|||&#8221; global_colors_info=&#8221;{}&#8221; custom_padding__hover=&#8221;|||&#8221;][\/et_pb_column][\/et_pb_row][et_pb_row column_structure=&#8221;1_4,1_2,1_4&#8243; _builder_version=&#8221;4.16&#8243; custom_margin_tablet=&#8221;|||&#8221; custom_margin_phone=&#8221;|||&#8221; custom_margin_last_edited=&#8221;on|desktop&#8221; custom_padding=&#8221;27px|||||&#8221; animation_style=&#8221;zoom&#8221; animation_direction=&#8221;top&#8221; animation_intensity_zoom=&#8221;10%&#8221; border_color_all=&#8221;rgba(51,51,51,0.05)&#8221; border_width_bottom=&#8221;2px&#8221; global_colors_info=&#8221;{}&#8221;][et_pb_column type=&#8221;1_4&#8243; _builder_version=&#8221;4.16&#8243; custom_padding=&#8221;|||&#8221; global_colors_info=&#8221;{}&#8221; custom_padding__hover=&#8221;|||&#8221;][et_pb_text _builder_version=&#8221;4.27.4&#8243; text_line_height=&#8221;1.9em&#8221; header_font=&#8221;||||||||&#8221; header_6_font=&#8221;Roboto|||on|||||&#8221; header_6_font_size=&#8221;20px&#8221; header_6_line_height=&#8221;1.2em&#8221; global_colors_info=&#8221;{}&#8221;]<\/p>\n<h6>11.45 \u2013 12.00<\/h6>\n<p>[\/et_pb_text][\/et_pb_column][et_pb_column type=&#8221;1_2&#8243; _builder_version=&#8221;4.16&#8243; custom_padding=&#8221;|||&#8221; global_colors_info=&#8221;{}&#8221; custom_padding__hover=&#8221;|||&#8221;][et_pb_text _builder_version=&#8221;4.27.4&#8243; text_font=&#8221;||||||||&#8221; text_text_color=&#8221;#0C71C3&#8243; text_line_height=&#8221;2em&#8221; header_font=&#8221;||||||||&#8221; header_text_color=&#8221;#000000&#8243; header_font_size=&#8221;29px&#8221; header_3_font=&#8221;||||||||&#8221; header_4_font=&#8221;||||||||&#8221; header_5_font=&#8221;Roboto||||||||&#8221; header_5_text_color=&#8221;#00b2e5&#8243; header_5_line_height=&#8221;1.4em&#8221; header_6_font=&#8221;||||||||&#8221; header_6_text_color=&#8221;#000000&#8243; header_6_font_size=&#8221;15px&#8221; custom_padding=&#8221;2px|0px||||&#8221; global_colors_info=&#8221;{}&#8221;]<\/p>\n<h5><span style=\"font-size: 13pt;line-height: 150%;color: #808080\">Prezentacja Bran\u017cowego Centrum Umiej\u0119tno\u015bci<\/span><span style=\"color: #808080\"><em><\/em><\/span><\/h5>\n<p><span style=\"font-size: 13pt;line-height: 150%;color: #808080\"><strong>mgr in\u017c. Ewa Michalska i mgr in\u017c. Ma\u0142gorzata Stankiewicz<\/strong> &#8211; Zesp\u00f3\u0142 Szk\u00f3\u0142 Zawodowych im. Stanis\u0142awa Staszica w Opolu<\/span><\/p>\n<p>&nbsp;<\/p>\n<p>[\/et_pb_text][\/et_pb_column][et_pb_column type=&#8221;1_4&#8243; _builder_version=&#8221;4.16&#8243; custom_padding=&#8221;|||&#8221; global_colors_info=&#8221;{}&#8221; custom_padding__hover=&#8221;|||&#8221;][\/et_pb_column][\/et_pb_row][et_pb_row column_structure=&#8221;1_4,1_2,1_4&#8243; _builder_version=&#8221;4.16&#8243; custom_margin_tablet=&#8221;|||&#8221; custom_margin_phone=&#8221;|||&#8221; custom_margin_last_edited=&#8221;on|desktop&#8221; animation_style=&#8221;zoom&#8221; animation_direction=&#8221;top&#8221; animation_intensity_zoom=&#8221;10%&#8221; border_color_all=&#8221;rgba(51,51,51,0.05)&#8221; border_width_bottom=&#8221;2px&#8221; global_colors_info=&#8221;{}&#8221;][et_pb_column type=&#8221;1_4&#8243; _builder_version=&#8221;4.16&#8243; custom_padding=&#8221;|||&#8221; global_colors_info=&#8221;{}&#8221; custom_padding__hover=&#8221;|||&#8221;][et_pb_text _builder_version=&#8221;4.27.4&#8243; text_line_height=&#8221;1.9em&#8221; header_font=&#8221;||||||||&#8221; header_6_font=&#8221;Roboto|||on|||||&#8221; header_6_font_size=&#8221;20px&#8221; header_6_line_height=&#8221;1.2em&#8221; global_colors_info=&#8221;{}&#8221;]<\/p>\n<h6>12:00-12:20<\/h6>\n<p>[\/et_pb_text][\/et_pb_column][et_pb_column type=&#8221;1_2&#8243; _builder_version=&#8221;4.16&#8243; custom_padding=&#8221;|||&#8221; global_colors_info=&#8221;{}&#8221; custom_padding__hover=&#8221;|||&#8221;][et_pb_text _builder_version=&#8221;4.27.4&#8243; text_font=&#8221;||||||||&#8221; text_text_color=&#8221;#0C71C3&#8243; text_line_height=&#8221;2em&#8221; header_font=&#8221;||||||||&#8221; header_text_color=&#8221;#000000&#8243; header_font_size=&#8221;29px&#8221; header_3_font=&#8221;||||||||&#8221; header_4_font=&#8221;||||||||&#8221; header_5_font=&#8221;Roboto||||||||&#8221; header_5_text_color=&#8221;#00b2e5&#8243; header_5_line_height=&#8221;1.4em&#8221; header_6_font=&#8221;||||||||&#8221; header_6_text_color=&#8221;#000000&#8243; header_6_font_size=&#8221;15px&#8221; custom_padding=&#8221;2px|0px||||&#8221; global_colors_info=&#8221;{}&#8221;]<\/p>\n<h5><span style=\"font-size: 13pt;line-height: 150%;color: #808080\">AR &#8211; nowoczesne technologie w ksi\u0105\u017cce<\/span><span style=\"color: #808080\"><em><\/em><\/span><\/h5>\n<p><span style=\"font-size: 13pt;line-height: 150%;color: #808080\"><strong>Ziemowit Grygierczyk<br \/>Krystian \u0141obacz-Rostecki<\/strong><\/span><\/p>\n<p>&nbsp;<\/p>\n<p>[\/et_pb_text][\/et_pb_column][et_pb_column type=&#8221;1_4&#8243; _builder_version=&#8221;4.16&#8243; custom_padding=&#8221;|||&#8221; global_colors_info=&#8221;{}&#8221; custom_padding__hover=&#8221;|||&#8221;][\/et_pb_column][\/et_pb_row][et_pb_row column_structure=&#8221;1_4,1_2,1_4&#8243; _builder_version=&#8221;4.16&#8243; custom_margin_tablet=&#8221;|||&#8221; custom_margin_phone=&#8221;|||&#8221; custom_margin_last_edited=&#8221;on|desktop&#8221; custom_padding=&#8221;27px|||||&#8221; animation_style=&#8221;zoom&#8221; animation_direction=&#8221;top&#8221; animation_intensity_zoom=&#8221;10%&#8221; border_color_all=&#8221;rgba(51,51,51,0.05)&#8221; border_width_bottom=&#8221;2px&#8221; global_colors_info=&#8221;{}&#8221;][et_pb_column type=&#8221;1_4&#8243; _builder_version=&#8221;4.16&#8243; custom_padding=&#8221;|||&#8221; global_colors_info=&#8221;{}&#8221; custom_padding__hover=&#8221;|||&#8221;][et_pb_text _builder_version=&#8221;4.27.4&#8243; text_line_height=&#8221;1.9em&#8221; header_font=&#8221;||||||||&#8221; header_6_font=&#8221;Roboto|||on|||||&#8221; header_6_font_size=&#8221;20px&#8221; header_6_line_height=&#8221;1.2em&#8221; global_colors_info=&#8221;{}&#8221;]<\/p>\n<h6>12:20-12:30<\/h6>\n<p>[\/et_pb_text][\/et_pb_column][et_pb_column type=&#8221;1_2&#8243; _builder_version=&#8221;4.16&#8243; custom_padding=&#8221;|||&#8221; global_colors_info=&#8221;{}&#8221; custom_padding__hover=&#8221;|||&#8221;][et_pb_text _builder_version=&#8221;4.27.4&#8243; text_font=&#8221;||||||||&#8221; text_text_color=&#8221;#0C71C3&#8243; text_line_height=&#8221;2em&#8221; header_font=&#8221;||||||||&#8221; header_text_color=&#8221;#000000&#8243; header_font_size=&#8221;29px&#8221; header_3_font=&#8221;||||||||&#8221; header_4_font=&#8221;||||||||&#8221; header_5_font=&#8221;Roboto||||||||&#8221; header_5_text_color=&#8221;#00b2e5&#8243; header_5_line_height=&#8221;1.4em&#8221; header_6_font=&#8221;||||||||&#8221; header_6_text_color=&#8221;#000000&#8243; header_6_font_size=&#8221;15px&#8221; custom_padding=&#8221;2px|0px||||&#8221; global_colors_info=&#8221;{}&#8221;]<\/p>\n<h5><span style=\"font-size: 13pt;line-height: 150%;color: #808080\">Przerwa kawowa<\/span><span style=\"color: #808080\"><em><\/em><\/span><\/h5>\n<p>&nbsp;<\/p>\n<p>[\/et_pb_text][\/et_pb_column][et_pb_column type=&#8221;1_4&#8243; _builder_version=&#8221;4.16&#8243; custom_padding=&#8221;|||&#8221; global_colors_info=&#8221;{}&#8221; custom_padding__hover=&#8221;|||&#8221;][\/et_pb_column][\/et_pb_row][et_pb_row column_structure=&#8221;1_4,1_2,1_4&#8243; _builder_version=&#8221;4.16&#8243; custom_margin_tablet=&#8221;|||&#8221; custom_margin_phone=&#8221;|||&#8221; custom_margin_last_edited=&#8221;on|desktop&#8221; animation_style=&#8221;zoom&#8221; animation_direction=&#8221;top&#8221; animation_intensity_zoom=&#8221;10%&#8221; border_color_all=&#8221;rgba(51,51,51,0.05)&#8221; border_width_bottom=&#8221;2px&#8221; global_colors_info=&#8221;{}&#8221;][et_pb_column type=&#8221;1_4&#8243; _builder_version=&#8221;4.16&#8243; custom_padding=&#8221;|||&#8221; global_colors_info=&#8221;{}&#8221; custom_padding__hover=&#8221;|||&#8221;][et_pb_text _builder_version=&#8221;4.27.4&#8243; text_line_height=&#8221;1.9em&#8221; header_font=&#8221;||||||||&#8221; header_6_font=&#8221;Roboto|||on|||||&#8221; header_6_font_size=&#8221;20px&#8221; header_6_line_height=&#8221;1.2em&#8221; global_colors_info=&#8221;{}&#8221;]<\/p>\n<h6>12:30-12:50<\/h6>\n<p>[\/et_pb_text][\/et_pb_column][et_pb_column type=&#8221;1_2&#8243; _builder_version=&#8221;4.16&#8243; custom_padding=&#8221;|||&#8221; global_colors_info=&#8221;{}&#8221; custom_padding__hover=&#8221;|||&#8221;][et_pb_text _builder_version=&#8221;4.27.4&#8243; text_font=&#8221;||||||||&#8221; text_text_color=&#8221;#0C71C3&#8243; text_line_height=&#8221;2em&#8221; header_font=&#8221;||||||||&#8221; header_text_color=&#8221;#000000&#8243; header_font_size=&#8221;29px&#8221; header_3_font=&#8221;||||||||&#8221; header_4_font=&#8221;||||||||&#8221; header_5_font=&#8221;Roboto||||||||&#8221; header_5_text_color=&#8221;#00b2e5&#8243; header_5_line_height=&#8221;1.4em&#8221; header_6_font=&#8221;||||||||&#8221; header_6_text_color=&#8221;#000000&#8243; header_6_font_size=&#8221;15px&#8221; custom_padding=&#8221;2px|0px||||&#8221; global_colors_info=&#8221;{}&#8221;]<\/p>\n<h5><span style=\"font-size: 13pt;line-height: 150%;color: #808080\">Raport rynku wydawniczego<\/span><span style=\"color: #808080\"><em><\/em><\/span><\/h5>\n<p><span style=\"font-size: 13pt;line-height: 150%;color: #808080\"><strong>Sonia Draga &#8211;\u00a0<\/strong>Prezeska Federacji Europejskich Wydawc\u00f3w, za\u0142o\u017cycielka i redaktor naczelna Grupy Wydawniczej Sonia Draga<\/span><\/p>\n<p>&nbsp;<\/p>\n<p>[\/et_pb_text][\/et_pb_column][et_pb_column type=&#8221;1_4&#8243; _builder_version=&#8221;4.16&#8243; custom_padding=&#8221;|||&#8221; global_colors_info=&#8221;{}&#8221; custom_padding__hover=&#8221;|||&#8221;][\/et_pb_column][\/et_pb_row][et_pb_row column_structure=&#8221;1_4,1_2,1_4&#8243; _builder_version=&#8221;4.16&#8243; custom_margin_tablet=&#8221;|||&#8221; custom_margin_phone=&#8221;|||&#8221; custom_margin_last_edited=&#8221;on|desktop&#8221; custom_padding=&#8221;27px|||||&#8221; animation_style=&#8221;zoom&#8221; animation_direction=&#8221;top&#8221; animation_intensity_zoom=&#8221;10%&#8221; border_color_all=&#8221;rgba(51,51,51,0.05)&#8221; border_width_bottom=&#8221;2px&#8221; global_colors_info=&#8221;{}&#8221;][et_pb_column type=&#8221;1_4&#8243; _builder_version=&#8221;4.16&#8243; custom_padding=&#8221;|||&#8221; global_colors_info=&#8221;{}&#8221; custom_padding__hover=&#8221;|||&#8221;][et_pb_text _builder_version=&#8221;4.27.4&#8243; text_line_height=&#8221;1.9em&#8221; header_font=&#8221;||||||||&#8221; header_6_font=&#8221;Roboto|||on|||||&#8221; header_6_font_size=&#8221;20px&#8221; header_6_line_height=&#8221;1.2em&#8221; global_colors_info=&#8221;{}&#8221;]<\/p>\n<h6>12:50-13:30<\/h6>\n<p>[\/et_pb_text][\/et_pb_column][et_pb_column type=&#8221;1_2&#8243; _builder_version=&#8221;4.16&#8243; custom_padding=&#8221;|||&#8221; global_colors_info=&#8221;{}&#8221; custom_padding__hover=&#8221;|||&#8221;][et_pb_text _builder_version=&#8221;4.27.4&#8243; text_font=&#8221;||||||||&#8221; text_text_color=&#8221;#0C71C3&#8243; text_line_height=&#8221;2em&#8221; header_font=&#8221;||||||||&#8221; header_text_color=&#8221;#000000&#8243; header_font_size=&#8221;29px&#8221; header_3_font=&#8221;||||||||&#8221; header_4_font=&#8221;||||||||&#8221; header_5_font=&#8221;Roboto||||||||&#8221; header_5_text_color=&#8221;#00b2e5&#8243; header_5_line_height=&#8221;1.4em&#8221; header_6_font=&#8221;||||||||&#8221; header_6_text_color=&#8221;#000000&#8243; header_6_font_size=&#8221;15px&#8221; custom_padding=&#8221;2px|0px||||&#8221; global_colors_info=&#8221;{}&#8221;]<\/p>\n<h5><span style=\"font-size: 13pt;line-height: 150%;color: #808080\">Panel dyskusyjny &#8222;Ksi\u0105\u017cka i druk w dobie transformacji. Znaczenie BCU dla rozwoju bran\u017cy&#8221;<\/span><span style=\"color: #808080\"><em><\/em><\/span><\/h5>\n<p><span style=\"font-size: 13pt;line-height: 150%;color: #808080\"><strong>Moderator: Piotr Dobro\u0142\u0119cki<\/strong><\/span><\/p>\n<p><span style=\"font-size: 13pt;line-height: 150%;color: #808080\"><strong>Go\u015bcie:<br \/>mgr in\u017c. Ewa Michalska <\/strong>&#8211; Dyrektor Zespo\u0142u Szk\u00f3\u0142 Zawodowych im. Stanis\u0142awa Staszica w Opolu<strong><br \/>Sonia Draga<\/strong> &#8211; Prezeska Federacji Europejskich Wydawc\u00f3w, za\u0142o\u017cycielka i redaktor naczelna Grupy Wydawniczej Sonia Draga<strong><\/strong><strong><br \/>Jacek Ku\u015bmierczyk<\/strong>&#8211; Prezes Polskiej Izby Druku<strong><br \/>Alina Prochasek &#8211; <\/strong>Cz\u0142onkini zarz\u0105du Fundacji Rozwoju Systemu Edukacji<strong><br \/>Maciej Wujec &#8211; <\/strong>Zast\u0119pca Prezydenta Miasta Opola<strong><br \/>Bartosz Mazurkiewicz &#8211;<\/strong> Prezes Zarz\u0105du drukarni Opolgraf<strong><br \/>Ma\u0142gorzata Stankiewicz &#8211; <\/strong>Wicedyrektor ds. BCU Zespo\u0142u Szk\u00f3\u0142 Zawodowych im. Stanis\u0142awa Staszica w Opolu<\/span><\/p>\n<p><span style=\"font-size: 13pt;line-height: 150%;color: #808080\"><strong><\/strong><\/span><\/p>\n<p>&nbsp;<\/p>\n<p>[\/et_pb_text][\/et_pb_column][et_pb_column type=&#8221;1_4&#8243; _builder_version=&#8221;4.16&#8243; custom_padding=&#8221;|||&#8221; global_colors_info=&#8221;{}&#8221; custom_padding__hover=&#8221;|||&#8221;][\/et_pb_column][\/et_pb_row][\/et_pb_section][et_pb_section fb_built=&#8221;1&#8243; admin_label=&#8221;Sponsors&#8221; _builder_version=&#8221;4.24.1&#8243; min_height=&#8221;100px&#8221; max_height=&#8221;609px&#8221; custom_padding=&#8221;30px|||||&#8221; global_colors_info=&#8221;{}&#8221;][et_pb_row column_structure=&#8221;1_3,1_3,1_3&#8243; use_custom_gutter=&#8221;on&#8221; gutter_width=&#8221;2&#8243; make_equal=&#8221;on&#8221; module_class=&#8221; et_pb_row_fullwidth&#8221; _builder_version=&#8221;4.16&#8243; width=&#8221;94%&#8221; width_tablet=&#8221;80%&#8221; width_phone=&#8221;&#8221; width_last_edited=&#8221;on|desktop&#8221; max_width=&#8221;94%&#8221; max_width_tablet=&#8221;80%&#8221; max_width_phone=&#8221;&#8221; max_width_last_edited=&#8221;on|desktop&#8221; make_fullwidth=&#8221;on&#8221; global_colors_info=&#8221;{}&#8221; theme_builder_area=&#8221;post_content&#8221;][et_pb_column type=&#8221;1_3&#8243; _builder_version=&#8221;4.16&#8243; custom_padding=&#8221;|||&#8221; global_colors_info=&#8221;{}&#8221; custom_padding__hover=&#8221;|||&#8221; theme_builder_area=&#8221;post_content&#8221;][et_pb_image src=&#8221;https:\/\/bcu.opole.pl\/bcu2\/wp-content\/uploads\/sites\/4\/2025\/06\/1.jpg&#8221; title_text=&#8221;1&#8243; force_fullwidth=&#8221;on&#8221; align_tablet=&#8221;center&#8221; align_phone=&#8221;&#8221; align_last_edited=&#8221;on|desktop&#8221; _builder_version=&#8221;4.27.4&#8243; animation_style=&#8221;fade&#8221; global_colors_info=&#8221;{}&#8221; theme_builder_area=&#8221;post_content&#8221;][\/et_pb_image][\/et_pb_column][et_pb_column type=&#8221;1_3&#8243; _builder_version=&#8221;4.16&#8243; custom_padding=&#8221;|||&#8221; global_colors_info=&#8221;{}&#8221; custom_padding__hover=&#8221;|||&#8221; theme_builder_area=&#8221;post_content&#8221;][et_pb_image src=&#8221;https:\/\/bcu.opole.pl\/bcu2\/wp-content\/uploads\/sites\/4\/2025\/06\/3.jpg&#8221; title_text=&#8221;3&#8243; force_fullwidth=&#8221;on&#8221; align_tablet=&#8221;center&#8221; align_phone=&#8221;&#8221; align_last_edited=&#8221;on|desktop&#8221; _builder_version=&#8221;4.27.4&#8243; animation_style=&#8221;fade&#8221; global_colors_info=&#8221;{}&#8221; theme_builder_area=&#8221;post_content&#8221;][\/et_pb_image][\/et_pb_column][et_pb_column type=&#8221;1_3&#8243; _builder_version=&#8221;4.16&#8243; custom_padding=&#8221;|||&#8221; global_colors_info=&#8221;{}&#8221; custom_padding__hover=&#8221;|||&#8221; theme_builder_area=&#8221;post_content&#8221;][et_pb_image src=&#8221;https:\/\/bcu.opole.pl\/bcu2\/wp-content\/uploads\/sites\/4\/2025\/06\/2.jpg&#8221; title_text=&#8221;2&#8243; force_fullwidth=&#8221;on&#8221; align_tablet=&#8221;center&#8221; align_phone=&#8221;&#8221; align_last_edited=&#8221;on|desktop&#8221; _builder_version=&#8221;4.27.4&#8243; animation_style=&#8221;fade&#8221; global_colors_info=&#8221;{}&#8221; theme_builder_area=&#8221;post_content&#8221;][\/et_pb_image][\/et_pb_column][\/et_pb_row][\/et_pb_section][et_pb_section fb_built=&#8221;1&#8243; admin_label=&#8221;Sponsors&#8221; _builder_version=&#8221;4.24.1&#8243; min_height=&#8221;100px&#8221; max_height=&#8221;609px&#8221; custom_padding=&#8221;30px|||||&#8221; global_colors_info=&#8221;{}&#8221;][et_pb_row column_structure=&#8221;1_3,1_3,1_3&#8243; use_custom_gutter=&#8221;on&#8221; gutter_width=&#8221;2&#8243; make_equal=&#8221;on&#8221; module_class=&#8221; et_pb_row_fullwidth&#8221; _builder_version=&#8221;4.16&#8243; width=&#8221;94%&#8221; width_tablet=&#8221;80%&#8221; width_phone=&#8221;&#8221; width_last_edited=&#8221;on|desktop&#8221; max_width=&#8221;94%&#8221; max_width_tablet=&#8221;80%&#8221; max_width_phone=&#8221;&#8221; max_width_last_edited=&#8221;on|desktop&#8221; make_fullwidth=&#8221;on&#8221; global_colors_info=&#8221;{}&#8221; theme_builder_area=&#8221;post_content&#8221;][et_pb_column type=&#8221;1_3&#8243; _builder_version=&#8221;4.16&#8243; custom_padding=&#8221;|||&#8221; global_colors_info=&#8221;{}&#8221; custom_padding__hover=&#8221;|||&#8221; theme_builder_area=&#8221;post_content&#8221;][et_pb_image src=&#8221;https:\/\/bcu.opole.pl\/bcu2\/wp-content\/uploads\/sites\/4\/2025\/06\/6.jpg&#8221; title_text=&#8221;6&#8243; force_fullwidth=&#8221;on&#8221; align_tablet=&#8221;center&#8221; align_phone=&#8221;&#8221; align_last_edited=&#8221;on|desktop&#8221; _builder_version=&#8221;4.27.6&#8243; animation_style=&#8221;fade&#8221; hover_enabled=&#8221;0&#8243; global_colors_info=&#8221;{}&#8221; theme_builder_area=&#8221;post_content&#8221; sticky_enabled=&#8221;0&#8243;][\/et_pb_image][\/et_pb_column][et_pb_column type=&#8221;1_3&#8243; _builder_version=&#8221;4.16&#8243; custom_padding=&#8221;|||&#8221; global_colors_info=&#8221;{}&#8221; custom_padding__hover=&#8221;|||&#8221; theme_builder_area=&#8221;post_content&#8221;][et_pb_image src=&#8221;https:\/\/bcu.opole.pl\/bcu2\/wp-content\/uploads\/sites\/4\/2025\/06\/8.jpg&#8221; title_text=&#8221;8&#8243; force_fullwidth=&#8221;on&#8221; align_tablet=&#8221;center&#8221; align_phone=&#8221;&#8221; align_last_edited=&#8221;on|desktop&#8221; _builder_version=&#8221;4.27.6&#8243; animation_style=&#8221;fade&#8221; hover_enabled=&#8221;0&#8243; global_colors_info=&#8221;{}&#8221; theme_builder_area=&#8221;post_content&#8221; sticky_enabled=&#8221;0&#8243;][\/et_pb_image][\/et_pb_column][et_pb_column type=&#8221;1_3&#8243; _builder_version=&#8221;4.16&#8243; custom_padding=&#8221;|||&#8221; global_colors_info=&#8221;{}&#8221; custom_padding__hover=&#8221;|||&#8221; theme_builder_area=&#8221;post_content&#8221;][et_pb_image src=&#8221;https:\/\/bcu.opole.pl\/bcu2\/wp-content\/uploads\/sites\/4\/2025\/06\/5.jpg&#8221; title_text=&#8221;5&#8243; force_fullwidth=&#8221;on&#8221; align_tablet=&#8221;center&#8221; align_phone=&#8221;&#8221; align_last_edited=&#8221;on|desktop&#8221; _builder_version=&#8221;4.27.6&#8243; animation_style=&#8221;fade&#8221; hover_enabled=&#8221;0&#8243; global_colors_info=&#8221;{}&#8221; theme_builder_area=&#8221;post_content&#8221; sticky_enabled=&#8221;0&#8243;][\/et_pb_image][\/et_pb_column][\/et_pb_row][\/et_pb_section][et_pb_section fb_built=&#8221;1&#8243; admin_label=&#8221;Sponsors&#8221; _builder_version=&#8221;4.24.1&#8243; min_height=&#8221;100px&#8221; max_height=&#8221;609px&#8221; custom_padding=&#8221;30px|||||&#8221; global_colors_info=&#8221;{}&#8221;][et_pb_row _builder_version=&#8221;4.16&#8243; global_colors_info=&#8221;{}&#8221;][et_pb_column type=&#8221;4_4&#8243; _builder_version=&#8221;4.16&#8243; custom_padding=&#8221;|||&#8221; global_colors_info=&#8221;{}&#8221; custom_padding__hover=&#8221;|||&#8221;][et_pb_text _builder_version=&#8221;4.27.4&#8243; text_font=&#8221;||||||||&#8221; text_font_size=&#8221;20px&#8221; text_line_height=&#8221;1.9em&#8221; header_font=&#8221;||||||||&#8221; header_2_font=&#8221;Roboto|300|||||||&#8221; header_2_font_size=&#8221;50px&#8221; header_2_line_height=&#8221;1.2em&#8221; text_orientation=&#8221;center&#8221; max_width=&#8221;700px&#8221; max_width_tablet=&#8221;&#8221; max_width_phone=&#8221;&#8221; max_width_last_edited=&#8221;on|desktop&#8221; module_alignment=&#8221;center&#8221; header_2_font_size_tablet=&#8221;40px&#8221; header_2_font_size_phone=&#8221;32px&#8221; header_2_font_size_last_edited=&#8221;on|phone&#8221; global_colors_info=&#8221;{}&#8221;]<\/p>\n<h2><\/h2>\n<p><strong>Organizatorzy<\/strong><\/p>\n<p>[\/et_pb_text][\/et_pb_column][\/et_pb_row][et_pb_row column_structure=&#8221;1_4,1_4,1_4,1_4&#8243; _builder_version=&#8221;4.24.1&#8243; _module_preset=&#8221;default&#8221; global_colors_info=&#8221;{}&#8221;][et_pb_column type=&#8221;1_4&#8243; _builder_version=&#8221;4.24.1&#8243; _module_preset=&#8221;default&#8221; global_colors_info=&#8221;{}&#8221;][et_pb_image src=&#8221;https:\/\/bcu.opole.pl\/bcu2\/wp-content\/uploads\/sites\/4\/2025\/05\/opole.jpg&#8221; title_text=&#8221;opole&#8221; url=&#8221;https:\/\/opole.pl&#8221; align=&#8221;center&#8221; _builder_version=&#8221;4.27.4&#8243; _module_preset=&#8221;default&#8221; width=&#8221;100%&#8221; max_width=&#8221;100%&#8221; module_alignment=&#8221;left&#8221; global_colors_info=&#8221;{}&#8221;][\/et_pb_image][\/et_pb_column][et_pb_column type=&#8221;1_4&#8243; _builder_version=&#8221;4.24.1&#8243; _module_preset=&#8221;default&#8221; global_colors_info=&#8221;{}&#8221;][et_pb_image src=&#8221;https:\/\/bcu.opole.pl\/bcu2\/wp-content\/uploads\/sites\/4\/2025\/05\/staszic.jpg&#8221; title_text=&#8221;staszic&#8221; url=&#8221;https:\/\/staszic.opole.pl\/&#8221; align=&#8221;center&#8221; _builder_version=&#8221;4.27.4&#8243; _module_preset=&#8221;default&#8221; width=&#8221;100%&#8221; max_width=&#8221;100%&#8221; module_alignment=&#8221;left&#8221; global_colors_info=&#8221;{}&#8221;][\/et_pb_image][\/et_pb_column][et_pb_column type=&#8221;1_4&#8243; _builder_version=&#8221;4.24.1&#8243; _module_preset=&#8221;default&#8221; global_colors_info=&#8221;{}&#8221;][et_pb_image src=&#8221;https:\/\/bcu.opole.pl\/bcu2\/wp-content\/uploads\/sites\/4\/2025\/05\/izbadruku.jpg&#8221; title_text=&#8221;izbadruku&#8221; url=&#8221;https:\/\/izbadruku.org.pl\/&#8221; align=&#8221;center&#8221; _builder_version=&#8221;4.27.4&#8243; _module_preset=&#8221;default&#8221; width=&#8221;100%&#8221; max_width=&#8221;100%&#8221; module_alignment=&#8221;left&#8221; custom_margin=&#8221;||38px|||&#8221; custom_padding=&#8221;||0px|||&#8221; global_colors_info=&#8221;{}&#8221;][\/et_pb_image][\/et_pb_column][et_pb_column type=&#8221;1_4&#8243; _builder_version=&#8221;4.24.1&#8243; _module_preset=&#8221;default&#8221; global_colors_info=&#8221;{}&#8221;][et_pb_image src=&#8221;https:\/\/bcu.opole.pl\/bcu2\/wp-content\/uploads\/sites\/4\/2025\/05\/pnt-logo.jpg&#8221; title_text=&#8221;pnt-logo&#8221; url=&#8221;https:\/\/pnt.opole.pl&#8221; align=&#8221;center&#8221; _builder_version=&#8221;4.27.4&#8243; _module_preset=&#8221;default&#8221; width=&#8221;100%&#8221; max_width=&#8221;100%&#8221; module_alignment=&#8221;left&#8221; global_colors_info=&#8221;{}&#8221;][\/et_pb_image][\/et_pb_column][\/et_pb_row][et_pb_row _builder_version=&#8221;4.27.4&#8243; max_width=&#8221;30%&#8221; custom_margin=&#8221;-2px|auto||auto||&#8221; global_colors_info=&#8221;{}&#8221;][et_pb_column type=&#8221;4_4&#8243; _builder_version=&#8221;4.16&#8243; custom_padding=&#8221;|||&#8221; global_colors_info=&#8221;{}&#8221; custom_padding__hover=&#8221;|||&#8221;][et_pb_image src=&#8221;https:\/\/bcu.opole.pl\/bcu2\/wp-content\/uploads\/sites\/4\/2025\/05\/bcu2-logo-scaled.jpg&#8221; title_text=&#8221;bcu2-logo&#8221; align=&#8221;center&#8221; _builder_version=&#8221;4.27.4&#8243; _module_preset=&#8221;default&#8221; width=&#8221;100%&#8221; max_width=&#8221;100%&#8221; module_alignment=&#8221;left&#8221; global_colors_info=&#8221;{}&#8221;][\/et_pb_image][\/et_pb_column][\/et_pb_row][\/et_pb_section][et_pb_section fb_built=&#8221;1&#8243; admin_label=&#8221;Footer&#8221; _builder_version=&#8221;4.27.4&#8243; _module_preset=&#8221;default&#8221; background_color=&#8221;gcid-a8e26c5e-4ea4-44b2-8a39-bb865eba3c3e&#8221; min_height=&#8221;303.7px&#8221; custom_padding=&#8221;16px|||||&#8221; saved_tabs=&#8221;all&#8221; collapsed=&#8221;on&#8221; global_colors_info=&#8221;{%22gcid-a8e26c5e-4ea4-44b2-8a39-bb865eba3c3e%22:%91%22background_color%22%93}&#8221;][et_pb_row column_structure=&#8221;1_2,1_2&#8243; _builder_version=&#8221;4.24.1&#8243; _module_preset=&#8221;default&#8221; module_alignment=&#8221;center&#8221; custom_margin=&#8221;||||false|true&#8221; custom_padding=&#8221;||||false|false&#8221; global_colors_info=&#8221;{}&#8221;][et_pb_column type=&#8221;1_2&#8243; _builder_version=&#8221;4.24.1&#8243; _module_preset=&#8221;default&#8221; global_colors_info=&#8221;{}&#8221;][et_pb_text _builder_version=&#8221;4.24.1&#8243; _module_preset=&#8221;default&#8221; text_font=&#8221;Lato||||||||&#8221; text_text_color=&#8221;#FFFFFF&#8221; global_colors_info=&#8221;{}&#8221;]<\/p>\n<p><span style=\"color: #ffffff\">KONTAKT:<\/span><\/p>\n<p style=\"text-align: left\"><strong><span style=\"color: #ffffff;font-size: large\">Park Naukowo-Technologiczny w Opolu Sp. z o.o.<\/span><\/strong><br \/><span style=\"color: #ffffff;font-size: large\">ul. Technologiczna 2, 45-839 Opole<\/span><br \/><span style=\"color: #ffffff;font-size: large\">e-mail: <a href=\"mailto:konferencja@pnt.opole.pl\" style=\"color: #ffffff\">konferencja@pnt.opole.pl<\/a><\/span><br \/><span style=\"color: #ffffff;font-size: large\">tel. 884 883 958<\/span><\/p>\n<p style=\"text-align: left\">MIEJSCE:<br \/><span style=\"color: #ffffff;font-size: large\"><strong>Sala im. Karola Musio\u0142a w Urz\u0119dzie Miasta Opola, <br \/>Ratusz, Rynek 1a, Opole<\/strong><\/span><\/p>\n<p><span style=\"color: #ffffff;font-size: large\"><\/span><strong><\/strong><strong><\/strong><span style=\"color: #ffffff;font-size: large\"><\/span><span style=\"color: #ffffff;font-size: large\"><\/span><span style=\"color: #ffffff;font-size: large\"><\/span><span style=\"color: #ffffff;font-size: large\"><\/span><span style=\"color: #ffffff;font-size: large\"><\/span><\/p>\n<p style=\"text-align: left\"><span style=\"color: #ffffff;font-size: large\"><\/span><\/p>\n<p>[\/et_pb_text][\/et_pb_column][et_pb_column type=&#8221;1_2&#8243; _builder_version=&#8221;4.24.1&#8243; _module_preset=&#8221;default&#8221; global_colors_info=&#8221;{}&#8221;][et_pb_code _builder_version=&#8221;4.27.4&#8243; _module_preset=&#8221;default&#8221; global_colors_info=&#8221;{}&#8221;][\/et_pb_code][\/et_pb_column][\/et_pb_row][\/et_pb_section]<\/p>\n","protected":false},"excerpt":{"rendered":"<p>Celem konferencji inauguruj\u0105cej projekt jest wsparcie rozwoju wysoko wykwalifikowanych kadr dla bran\u017cy poligraficznej, introligatorskiej i opakowaniowej poprzez nowoczesn\u0105 edukacj\u0119, dost\u0119p do najnowszych technologii oraz wsp\u00f3\u0142prac\u0119 z pracodawcami i \u015brodowiskiem naukowym. Konferencja b\u0119dzie okazj\u0105 do prezentacji za\u0142o\u017ce\u0144 projektu, wymiany do\u015bwiadcze\u0144 i dyskusji o przysz\u0142o\u015bci kszta\u0142cenia zawodowego w tych sektorach. Bran\u017cowe Centrum Umiej\u0119tno\u015bci to nowoczesna plac\u00f3wka edukacyjna, [&hellip;]<\/p>\n","protected":false},"author":3,"featured_media":0,"parent":0,"menu_order":0,"comment_status":"closed","ping_status":"closed","template":"","meta":{"_et_pb_use_builder":"on","_et_pb_old_content":"","_et_gb_content_width":"","footnotes":""},"class_list":["post-51","page","type-page","status-publish","hentry"],"aioseo_notices":[],"_links":{"self":[{"href":"https:\/\/bcu.opole.pl\/bcu2\/wp-json\/wp\/v2\/pages\/51","targetHints":{"allow":["GET"]}}],"collection":[{"href":"https:\/\/bcu.opole.pl\/bcu2\/wp-json\/wp\/v2\/pages"}],"about":[{"href":"https:\/\/bcu.opole.pl\/bcu2\/wp-json\/wp\/v2\/types\/page"}],"author":[{"embeddable":true,"href":"https:\/\/bcu.opole.pl\/bcu2\/wp-json\/wp\/v2\/users\/3"}],"replies":[{"embeddable":true,"href":"https:\/\/bcu.opole.pl\/bcu2\/wp-json\/wp\/v2\/comments?post=51"}],"version-history":[{"count":18,"href":"https:\/\/bcu.opole.pl\/bcu2\/wp-json\/wp\/v2\/pages\/51\/revisions"}],"predecessor-version":[{"id":1123,"href":"https:\/\/bcu.opole.pl\/bcu2\/wp-json\/wp\/v2\/pages\/51\/revisions\/1123"}],"wp:attachment":[{"href":"https:\/\/bcu.opole.pl\/bcu2\/wp-json\/wp\/v2\/media?parent=51"}],"curies":[{"name":"wp","href":"https:\/\/api.w.org\/{rel}","templated":true}]}}