{"id":39,"date":"2025-04-11T10:55:57","date_gmt":"2025-04-11T08:55:57","guid":{"rendered":"https:\/\/bcu.opole.pl\/bcu2\/?page_id=39"},"modified":"2026-03-06T08:51:03","modified_gmt":"2026-03-06T07:51:03","slug":"press-room","status":"publish","type":"page","link":"https:\/\/bcu.opole.pl\/bcu2\/press-room\/","title":{"rendered":"PRESS ROOM"},"content":{"rendered":"<p>[et_pb_section fb_built=&#8221;1&#8243; _builder_version=&#8221;4.27.4&#8243; _module_preset=&#8221;default&#8221; global_colors_info=&#8221;{}&#8221;][et_pb_row column_structure=&#8221;2_5,3_5&#8243; _builder_version=&#8221;4.27.4&#8243; _module_preset=&#8221;default&#8221; global_colors_info=&#8221;{}&#8221;][et_pb_column type=&#8221;2_5&#8243; _builder_version=&#8221;4.27.4&#8243; _module_preset=&#8221;default&#8221; global_colors_info=&#8221;{}&#8221;][et_pb_heading title=&#8221;25.11.2025 &#8221; _builder_version=&#8221;4.27.5&#8243; _module_preset=&#8221;default&#8221; title_font=&#8221;Poppins||||||||&#8221; title_text_align=&#8221;left&#8221; title_font_size=&#8221;19px&#8221; global_colors_info=&#8221;{}&#8221;][\/et_pb_heading][et_pb_image src=&#8221;https:\/\/bcu.opole.pl\/bcu2\/wp-content\/uploads\/sites\/4\/2025\/07\/Flekso1.png&#8221; title_text=&#8221;Flekso1&#8243; url=&#8221;https:\/\/opolska360.pl\/bcu-dla-telekomunikacji-w-opolu-otwarte-mlodzi-zachwyceni&#8221; _builder_version=&#8221;4.27.5&#8243; _module_preset=&#8221;default&#8221; custom_padding=&#8221;|66px||||&#8221; global_colors_info=&#8221;{}&#8221;][\/et_pb_image][\/et_pb_column][et_pb_column type=&#8221;3_5&#8243; _builder_version=&#8221;4.27.4&#8243; _module_preset=&#8221;default&#8221; global_colors_info=&#8221;{}&#8221;][et_pb_text _builder_version=&#8221;4.27.5&#8243; _module_preset=&#8221;default&#8221; text_font=&#8221;Montserrat||||||||&#8221; header_font=&#8221;Montserrat||||||||&#8221; global_colors_info=&#8221;{}&#8221;]<\/p>\n<p><strong>Bran\u017cowe Centrum Umiej\u0119tno\u015bci w Opolu \u2013 Inwestycja w przysz\u0142o\u015b\u0107 polskiej poligrafii<\/strong><\/p>\n<p>&nbsp;<\/p>\n<p>Polski sektor poligraficzny wkracza w now\u0105 er\u0119 \u2013 definiowan\u0105 przez transformacj\u0119 cyfrow\u0105, automatyzacj\u0119 proces\u00f3w oraz rosn\u0105ce zapotrzebowanie na wysoko wykwalifikowanych specjalist\u00f3w. https:\/\/wirtualnywydawca.pl\/2025\/11\/branzowe-centrum-umiejetnosci-w-opolu-inwestycja-w-przyszlosc-polskiej-poligrafii\/<\/p>\n<p><a href=\"https:\/\/nto.pl\/opole-kuznia-kadr-dla-polskiej-poligrafii-wlasnie-otwarto-najnowoczesniejsze-w-kraju-branzowe-centrum-umiejetnosci-w-tej-branzy\/ar\/c1p2-28196499\">https:\/\/nto.pl\/opole-kuznia-kadr-dla-polskiej-poligrafii-wlasnie-otwarto-najnowoczesniejsze-w-kraju-branzowe-centrum-umiejetnosci-w-tej-branzy\/<\/a><\/p>\n<p>&nbsp;<\/p>\n<p>&nbsp;<\/p>\n<p>[\/et_pb_text][\/et_pb_column][\/et_pb_row][et_pb_row column_structure=&#8221;2_5,3_5&#8243; _builder_version=&#8221;4.27.4&#8243; _module_preset=&#8221;default&#8221; global_colors_info=&#8221;{}&#8221;][et_pb_column type=&#8221;2_5&#8243; _builder_version=&#8221;4.27.4&#8243; _module_preset=&#8221;default&#8221; global_colors_info=&#8221;{}&#8221;][et_pb_heading title=&#8221;21.11.2025 &#8221; _builder_version=&#8221;4.27.5&#8243; _module_preset=&#8221;default&#8221; title_font=&#8221;Poppins||||||||&#8221; title_text_align=&#8221;left&#8221; title_font_size=&#8221;19px&#8221; global_colors_info=&#8221;{}&#8221;][\/et_pb_heading][et_pb_image src=&#8221;https:\/\/bcu.opole.pl\/bcu2\/wp-content\/uploads\/sites\/4\/2025\/11\/DSC0309-2.jpg&#8221; title_text=&#8221;_DSC0309&#8243; url=&#8221;https:\/\/opolska360.pl\/bcu-dla-telekomunikacji-w-opolu-otwarte-mlodzi-zachwyceni&#8221; _builder_version=&#8221;4.27.5&#8243; _module_preset=&#8221;default&#8221; custom_padding=&#8221;|66px||||&#8221; global_colors_info=&#8221;{}&#8221;][\/et_pb_image][\/et_pb_column][et_pb_column type=&#8221;3_5&#8243; _builder_version=&#8221;4.27.4&#8243; _module_preset=&#8221;default&#8221; global_colors_info=&#8221;{}&#8221;][et_pb_text _builder_version=&#8221;4.27.5&#8243; _module_preset=&#8221;default&#8221; text_font=&#8221;Montserrat||||||||&#8221; header_font=&#8221;Montserrat||||||||&#8221; global_colors_info=&#8221;{}&#8221;]<\/p>\n<p><strong>Opole ku\u017ani\u0105 kadr dla polskiej poligrafii. W\u0142a\u015bnie otwarto najnowocze\u015bniejsze w kraju Bran\u017cowe Centrum Umiej\u0119tno\u015bci w tej bran\u017cy<\/strong><\/p>\n<p>&nbsp;<\/p>\n<p>W ramach inwestycji wyremontowano sze\u015b\u0107 pracowni, wybudowano wind\u0119 i podjazdy dla niepe\u0142nosprawnych, a tak\u017ce wdro\u017cono zaawansowane technologi\u0119 dydaktyczne.<\/p>\n<p><a href=\"https:\/\/nto.pl\/opole-kuznia-kadr-dla-polskiej-poligrafii-wlasnie-otwarto-najnowoczesniejsze-w-kraju-branzowe-centrum-umiejetnosci-w-tej-branzy\/ar\/c1p2-28196499\">https:\/\/nto.pl\/opole-kuznia-kadr-dla-polskiej-poligrafii-wlasnie-otwarto-najnowoczesniejsze-w-kraju-branzowe-centrum-umiejetnosci-w-tej-branzy\/<\/a><\/p>\n<p>&nbsp;<\/p>\n<p>&nbsp;<\/p>\n<p>[\/et_pb_text][\/et_pb_column][\/et_pb_row][et_pb_row column_structure=&#8221;2_5,3_5&#8243; _builder_version=&#8221;4.27.4&#8243; _module_preset=&#8221;default&#8221; global_colors_info=&#8221;{}&#8221;][et_pb_column type=&#8221;2_5&#8243; _builder_version=&#8221;4.27.4&#8243; _module_preset=&#8221;default&#8221; global_colors_info=&#8221;{}&#8221;][et_pb_heading title=&#8221;21.11.2025 &#8221; _builder_version=&#8221;4.27.5&#8243; _module_preset=&#8221;default&#8221; title_font=&#8221;Poppins||||||||&#8221; title_text_align=&#8221;left&#8221; title_font_size=&#8221;19px&#8221; global_colors_info=&#8221;{}&#8221;][\/et_pb_heading][et_pb_image src=&#8221;https:\/\/bcu.opole.pl\/bcu2\/wp-content\/uploads\/sites\/4\/2025\/11\/DSC0323-2.jpg&#8221; title_text=&#8221;_DSC0323&#8243; url=&#8221;https:\/\/opolska360.pl\/bcu-dla-telekomunikacji-w-opolu-otwarte-mlodzi-zachwyceni&#8221; _builder_version=&#8221;4.27.5&#8243; _module_preset=&#8221;default&#8221; custom_padding=&#8221;|66px||||&#8221; global_colors_info=&#8221;{}&#8221;][\/et_pb_image][\/et_pb_column][et_pb_column type=&#8221;3_5&#8243; _builder_version=&#8221;4.27.4&#8243; _module_preset=&#8221;default&#8221; global_colors_info=&#8221;{}&#8221;][et_pb_text _builder_version=&#8221;4.27.5&#8243; _module_preset=&#8221;default&#8221; text_font=&#8221;Montserrat||||||||&#8221; header_font=&#8221;Montserrat||||||||&#8221; global_colors_info=&#8221;{}&#8221;]<\/p>\n<p><strong>BCU dla poligrafii ju\u017c dzia\u0142a. To jedyne centrum tej bran\u017cy w Polsce<\/strong><\/p>\n<p>&nbsp;<\/p>\n<p>Pierwsze w Polsce Bran\u017cowe Centrum Umiej\u0119tno\u015bci (BCU) w dziedzinie poligrafii powsta\u0142o w Opolu. Uroczyste otwarcie mia\u0142o miejsce 21 listopada w siedzibie przy ul. Struga.<\/p>\n<p><a href=\"https:\/\/opolska360.pl\/bcu-za-11-mln-zl-dla-poligrafii-w-opolu-juz-dziala-to-jedyne-centrum-tej-branzy-w-polsce\">https:\/\/opolska360.pl\/bcu-za-11-mln-zl-dla-poligrafii-w-opolu-juz-dziala-to-jedyne-centrum-tej-branzy-w-polsce<\/a>\u00a0<\/p>\n<p>&nbsp;<\/p>\n<p>&nbsp;<\/p>\n<p>[\/et_pb_text][\/et_pb_column][\/et_pb_row][et_pb_row column_structure=&#8221;2_5,3_5&#8243; _builder_version=&#8221;4.27.4&#8243; _module_preset=&#8221;default&#8221; global_colors_info=&#8221;{}&#8221;][et_pb_column type=&#8221;2_5&#8243; _builder_version=&#8221;4.27.4&#8243; _module_preset=&#8221;default&#8221; global_colors_info=&#8221;{}&#8221;][et_pb_heading title=&#8221;21.11.2025 &#8221; _builder_version=&#8221;4.27.5&#8243; _module_preset=&#8221;default&#8221; title_font=&#8221;Poppins||||||||&#8221; title_text_align=&#8221;left&#8221; title_font_size=&#8221;19px&#8221; global_colors_info=&#8221;{}&#8221;][\/et_pb_heading][et_pb_image src=&#8221;https:\/\/bcu.opole.pl\/bcu2\/wp-content\/uploads\/sites\/4\/2025\/11\/DSC0278-1.jpg&#8221; title_text=&#8221;_DSC0278&#8243; url=&#8221;https:\/\/opolska360.pl\/bcu-dla-telekomunikacji-w-opolu-otwarte-mlodzi-zachwyceni&#8221; _builder_version=&#8221;4.27.5&#8243; _module_preset=&#8221;default&#8221; custom_padding=&#8221;|66px||||&#8221; global_colors_info=&#8221;{}&#8221;][\/et_pb_image][\/et_pb_column][et_pb_column type=&#8221;3_5&#8243; _builder_version=&#8221;4.27.4&#8243; _module_preset=&#8221;default&#8221; global_colors_info=&#8221;{}&#8221;][et_pb_text _builder_version=&#8221;4.27.5&#8243; _module_preset=&#8221;default&#8221; text_font=&#8221;Montserrat||||||||&#8221; header_font=&#8221;Montserrat||||||||&#8221; global_colors_info=&#8221;{}&#8221;]<\/p>\n<p><strong>Opole: to jedyne w Polsce Bran\u017cowe Centrum Umiej\u0119tno\u015bci w dziedzinie druku i poligrafii<\/strong><\/p>\n<p>&nbsp;<\/p>\n<p>Bran\u017cowe Centrum Umiej\u0119tno\u015bci z zakresu poligrafii przy Zespole Szk\u00f3\u0142 Zawodowych im. Stanis\u0142awa Staszica w Opolu oficjalnie rozpocz\u0119\u0142o dzia\u0142alno\u015b\u0107. Plac\u00f3wka ma kszta\u0142ci\u0107 uczni\u00f3w, doros\u0142ych i nauczycieli, kt\u00f3rzy chc\u0105 podnie\u015b\u0107 swoje kwalifikacje z zakresu poligrafii i druku. To jedyne BCU w Polsce o takim profilu dzia\u0142alno\u015bci.<\/p>\n<p><a href=\"https:\/\/radio.opole.pl\/100,917612,opole-to-jedyne-w-polsce-branzowe-centrum-umieje\">https:\/\/radio.opole.pl\/100,917612,opole-to-jedyne-w-polsce-branzowe-centrum-umieje<\/a>\u00a0<\/p>\n<p>&nbsp;<\/p>\n<p>&nbsp;<\/p>\n<p>[\/et_pb_text][\/et_pb_column][\/et_pb_row][et_pb_row column_structure=&#8221;2_5,3_5&#8243; _builder_version=&#8221;4.27.4&#8243; _module_preset=&#8221;default&#8221; global_colors_info=&#8221;{}&#8221;][et_pb_column type=&#8221;2_5&#8243; _builder_version=&#8221;4.27.4&#8243; _module_preset=&#8221;default&#8221; global_colors_info=&#8221;{}&#8221;][et_pb_heading title=&#8221;06.06.2025&#8243; _builder_version=&#8221;4.27.5&#8243; _module_preset=&#8221;default&#8221; title_font=&#8221;Poppins||||||||&#8221; title_text_align=&#8221;left&#8221; title_font_size=&#8221;19px&#8221; hover_enabled=&#8221;0&#8243; global_colors_info=&#8221;{}&#8221; sticky_enabled=&#8221;0&#8243;][\/et_pb_heading][et_pb_image src=&#8221;https:\/\/bcu.opole.pl\/bcu2\/wp-content\/uploads\/sites\/4\/2026\/03\/izba.png&#8221; title_text=&#8221;izba&#8221; url=&#8221;https:\/\/opolska360.pl\/bcu-dla-telekomunikacji-w-opolu-otwarte-mlodzi-zachwyceni&#8221; _builder_version=&#8221;4.27.5&#8243; _module_preset=&#8221;default&#8221; custom_padding=&#8221;|66px||||&#8221; hover_enabled=&#8221;0&#8243; global_colors_info=&#8221;{}&#8221; sticky_enabled=&#8221;0&#8243;][\/et_pb_image][\/et_pb_column][et_pb_column type=&#8221;3_5&#8243; _builder_version=&#8221;4.27.4&#8243; _module_preset=&#8221;default&#8221; global_colors_info=&#8221;{}&#8221;][et_pb_text _builder_version=&#8221;4.27.5&#8243; _module_preset=&#8221;default&#8221; text_font=&#8221;Montserrat||||||||&#8221; header_font=&#8221;Montserrat||||||||&#8221; hover_enabled=&#8221;0&#8243; global_colors_info=&#8221;{}&#8221; sticky_enabled=&#8221;0&#8243;]<\/p>\n<p><strong>W Opolu rusza Bran\u017cowe Centrum Umiej\u0119tno\u015bci<\/strong><\/p>\n<p>Ju\u017c w sierpniu rusz\u0105 pierwsze szkolenia, a celem jest nie tylko edukacja, ale te\u017c usprawnienie przep\u0142ywu informacji mi\u0119dzy rynkiem pracy a uczniami, studentami i doros\u0142ymi chc\u0105cymi si\u0119 przekwalifikowa\u0107. \u201eW Opolu stawiamy na wiedz\u0119, na kszta\u0142cenie i na dobre do\u015bwiadczenie praktyczne, bo to jest klucz dla wsp\u00f3\u0142czesnej gospodarki.\u201d- m\u00f3wi prezydent Arkadiusz Wi\u015bniewski.<\/p>\n<p><a href=\"https:\/\/czasnaopole.pl\/w-opolu-rusza-branzowe-centrum-umiejetnosci\/\">https:\/\/czasnaopole.pl\/w-opolu-rusza-branzowe-centrum-umiejetnosci\/<\/a><\/p>\n<p>&nbsp;<\/p>\n<p>&nbsp;<\/p>\n<p>[\/et_pb_text][\/et_pb_column][\/et_pb_row][et_pb_row column_structure=&#8221;2_5,3_5&#8243; _builder_version=&#8221;4.27.4&#8243; _module_preset=&#8221;default&#8221; global_colors_info=&#8221;{}&#8221;][et_pb_column type=&#8221;2_5&#8243; _builder_version=&#8221;4.27.4&#8243; _module_preset=&#8221;default&#8221; global_colors_info=&#8221;{}&#8221;][et_pb_heading title=&#8221;08.02.2024&#8243; _builder_version=&#8221;4.27.5&#8243; _module_preset=&#8221;default&#8221; title_font=&#8221;Poppins||||||||&#8221; title_text_align=&#8221;left&#8221; title_font_size=&#8221;19px&#8221; global_colors_info=&#8221;{}&#8221;][\/et_pb_heading][et_pb_image src=&#8221;https:\/\/bcu.opole.pl\/bcu2\/wp-content\/uploads\/sites\/4\/2026\/03\/id.jpg&#8221; title_text=&#8221;id&#8221; url=&#8221;https:\/\/opolska360.pl\/bcu-dla-telekomunikacji-w-opolu-otwarte-mlodzi-zachwyceni&#8221; _builder_version=&#8221;4.27.5&#8243; _module_preset=&#8221;default&#8221; custom_padding=&#8221;|66px||||&#8221; hover_enabled=&#8221;0&#8243; global_colors_info=&#8221;{}&#8221; sticky_enabled=&#8221;0&#8243;][\/et_pb_image][\/et_pb_column][et_pb_column type=&#8221;3_5&#8243; _builder_version=&#8221;4.27.4&#8243; _module_preset=&#8221;default&#8221; global_colors_info=&#8221;{}&#8221;][et_pb_text _builder_version=&#8221;4.27.5&#8243; _module_preset=&#8221;default&#8221; text_font=&#8221;Montserrat||||||||&#8221; header_font=&#8221;Montserrat||||||||&#8221; global_colors_info=&#8221;{}&#8221;]<\/p>\n<p><strong> W Opolu powstaje Bran\u017cowe Centrum Umiej\u0119tno\u015bci w dziedzinie poligrafii, introligatorstwa i opakowa\u0144<\/strong><\/p>\n<p>Polska Izba Druku poinformowa\u0142a, \u017ce wraz z miastem Opole, Zespo\u0142em Szk\u00f3\u0142 Zawodowych im. Stanis\u0142awa Staszica w Opolu i Parkiem Naukowo-Technologicznym w Opolu, jako partner bran\u017cowy projektu, wygra\u0142a konkurs na utworzenie Bran\u017cowego Centrum Umiej\u0119tno\u015bci w dziedzinie poligrafii, introligatorstwa i opakowa\u0144.<\/p>\n<p><a href=\"https:\/\/rynek-ksiazki.pl\/aktualnosci\/w-opolu-powstaje-branzowe-centrum-umiejetnosci-w-dziedzinie-poligrafii-introligatorstwa-i-opakowan\/\">https:\/\/rynek-ksiazki.pl\/aktualnosci\/w-opolu-powstaje-branzowe-centrum-umiejetnosci-w-dziedzinie-poligrafii-introligatorstwa-i-opakowan\/<\/a><\/p>\n<p>&nbsp;<\/p>\n<p>&nbsp;<\/p>\n<p>[\/et_pb_text][\/et_pb_column][\/et_pb_row][\/et_pb_section]<\/p>\n","protected":false},"excerpt":{"rendered":"<p>Bran\u017cowe Centrum Umiej\u0119tno\u015bci w Opolu \u2013 Inwestycja w przysz\u0142o\u015b\u0107 polskiej poligrafii &nbsp; Polski sektor poligraficzny wkracza w now\u0105 er\u0119 \u2013 definiowan\u0105 przez transformacj\u0119 cyfrow\u0105, automatyzacj\u0119 proces\u00f3w oraz rosn\u0105ce zapotrzebowanie na wysoko wykwalifikowanych specjalist\u00f3w. https:\/\/wirtualnywydawca.pl\/2025\/11\/branzowe-centrum-umiejetnosci-w-opolu-inwestycja-w-przyszlosc-polskiej-poligrafii\/ https:\/\/nto.pl\/opole-kuznia-kadr-dla-polskiej-poligrafii-wlasnie-otwarto-najnowoczesniejsze-w-kraju-branzowe-centrum-umiejetnosci-w-tej-branzy\/ &nbsp; &nbsp;Opole ku\u017ani\u0105 kadr dla polskiej poligrafii. W\u0142a\u015bnie otwarto najnowocze\u015bniejsze w kraju Bran\u017cowe Centrum Umiej\u0119tno\u015bci w tej bran\u017cy &nbsp; W [&hellip;]<\/p>\n","protected":false},"author":3,"featured_media":0,"parent":0,"menu_order":0,"comment_status":"closed","ping_status":"closed","template":"","meta":{"_et_pb_use_builder":"on","_et_pb_old_content":"<!-- wp:divi\/placeholder \/-->","_et_gb_content_width":"","footnotes":""},"class_list":["post-39","page","type-page","status-publish","hentry"],"aioseo_notices":[],"_links":{"self":[{"href":"https:\/\/bcu.opole.pl\/bcu2\/wp-json\/wp\/v2\/pages\/39","targetHints":{"allow":["GET"]}}],"collection":[{"href":"https:\/\/bcu.opole.pl\/bcu2\/wp-json\/wp\/v2\/pages"}],"about":[{"href":"https:\/\/bcu.opole.pl\/bcu2\/wp-json\/wp\/v2\/types\/page"}],"author":[{"embeddable":true,"href":"https:\/\/bcu.opole.pl\/bcu2\/wp-json\/wp\/v2\/users\/3"}],"replies":[{"embeddable":true,"href":"https:\/\/bcu.opole.pl\/bcu2\/wp-json\/wp\/v2\/comments?post=39"}],"version-history":[{"count":6,"href":"https:\/\/bcu.opole.pl\/bcu2\/wp-json\/wp\/v2\/pages\/39\/revisions"}],"predecessor-version":[{"id":1117,"href":"https:\/\/bcu.opole.pl\/bcu2\/wp-json\/wp\/v2\/pages\/39\/revisions\/1117"}],"wp:attachment":[{"href":"https:\/\/bcu.opole.pl\/bcu2\/wp-json\/wp\/v2\/media?parent=39"}],"curies":[{"name":"wp","href":"https:\/\/api.w.org\/{rel}","templated":true}]}}