{"id":172,"date":"2025-05-22T14:54:36","date_gmt":"2025-05-22T12:54:36","guid":{"rendered":"https:\/\/bcu.opole.pl\/bcu2\/?page_id=172"},"modified":"2025-07-28T12:58:56","modified_gmt":"2025-07-28T10:58:56","slug":"doradca-zawodowy","status":"publish","type":"page","link":"https:\/\/bcu.opole.pl\/bcu2\/doradca-zawodowy\/","title":{"rendered":"DORADCA ZAWODOWY"},"content":{"rendered":"<p>[et_pb_section fb_built=&#8221;1&#8243; _builder_version=&#8221;4.27.4&#8243; _module_preset=&#8221;default&#8221; global_colors_info=&#8221;{}&#8221;][et_pb_row column_structure=&#8221;1_3,1_3,1_3&#8243; make_equal=&#8221;on&#8221; _builder_version=&#8221;4.27.4&#8243; _module_preset=&#8221;default&#8221; global_colors_info=&#8221;{}&#8221;][et_pb_column type=&#8221;1_3&#8243; _builder_version=&#8221;4.27.4&#8243; _module_preset=&#8221;default&#8221; hover_enabled=&#8221;0&#8243; custom_css_free_form=&#8221;display: flex;||flex-direction: column;||justify-content: center;||align-items: center;||height: 100%;||||||||||&#8221; border_radii=&#8221;on|15px|15px|15px|15px&#8221; border_width_all=&#8221;2px&#8221; border_color_all=&#8221;#000000&#8243; global_colors_info=&#8221;{}&#8221; sticky_enabled=&#8221;0&#8243;][et_pb_button button_url=&#8221;https:\/\/bcu.opole.pl\/bcu2\/testy-quizy\/&#8221; button_text=&#8221;TESTY\/QUIZY&#8221; button_alignment=&#8221;center&#8221; _builder_version=&#8221;4.27.4&#8243; _module_preset=&#8221;default&#8221; custom_button=&#8221;on&#8221; button_border_width=&#8221;0px&#8221; hover_enabled=&#8221;0&#8243; global_colors_info=&#8221;{}&#8221; sticky_enabled=&#8221;0&#8243; button_use_icon=&#8221;off&#8221; button_bg_color=&#8221;RGBA(255,255,255,0)&#8221; button_bg_enable_color=&#8221;on&#8221; button_border_color=&#8221;RGBA(255,255,255,0)&#8221; button_border_radius=&#8221;0px&#8221;][\/et_pb_button][\/et_pb_column][et_pb_column type=&#8221;1_3&#8243; _builder_version=&#8221;4.27.4&#8243; _module_preset=&#8221;default&#8221; custom_css_free_form=&#8221;display: flex;||flex-direction: column;||justify-content: center;||align-items: center;||height: 100%;&#8221; border_radii=&#8221;on|15px|15px|15px|15px&#8221; border_width_all=&#8221;2px&#8221; border_color_all=&#8221;#000000&#8243; global_colors_info=&#8221;{}&#8221;][et_pb_button button_url=&#8221;https:\/\/bcu.opole.pl\/bcu2\/oferty-pracy\/&#8221; button_text=&#8221;OFERTY PRACY&#8221; button_alignment=&#8221;center&#8221; _builder_version=&#8221;4.27.4&#8243; _module_preset=&#8221;default&#8221; custom_button=&#8221;on&#8221; button_bg_color=&#8221;RGBA(255,255,255,0)&#8221; button_border_width=&#8221;0px&#8221; button_border_color=&#8221;RGBA(255,255,255,0)&#8221; button_use_icon=&#8221;off&#8221; global_colors_info=&#8221;{}&#8221;][\/et_pb_button][\/et_pb_column][et_pb_column type=&#8221;1_3&#8243; _builder_version=&#8221;4.27.4&#8243; _module_preset=&#8221;default&#8221; custom_css_free_form=&#8221;display: flex;||flex-direction: column;||justify-content: center;||align-items: center;||height: 100%;&#8221; border_radii=&#8221;on|15px|15px|15px|15px&#8221; border_width_all=&#8221;2px&#8221; border_color_all=&#8221;#000000&#8243; global_colors_info=&#8221;{}&#8221;][et_pb_button button_url=&#8221;https:\/\/bcu.opole.pl\/bcu2\/branza-poligraficzna-przyszlosc-i-mozliwosci\/&#8221; button_text=&#8221;BRAN\u017bA POLIGRAFICZNA PRZYSZ\u0141O\u015a\u0106 I MO\u017bLIWO\u015aCI&#8221; button_alignment=&#8221;center&#8221; _builder_version=&#8221;4.27.4&#8243; _module_preset=&#8221;default&#8221; custom_button=&#8221;on&#8221; button_border_width=&#8221;0px&#8221; global_colors_info=&#8221;{}&#8221;][\/et_pb_button][\/et_pb_column][\/et_pb_row][et_pb_row column_structure=&#8221;1_3,1_3,1_3&#8243; make_equal=&#8221;on&#8221; _builder_version=&#8221;4.27.4&#8243; _module_preset=&#8221;default&#8221; global_colors_info=&#8221;{}&#8221;][et_pb_column type=&#8221;1_3&#8243; _builder_version=&#8221;4.27.4&#8243; _module_preset=&#8221;default&#8221; hover_enabled=&#8221;0&#8243; custom_css_free_form=&#8221;display: flex;||flex-direction: column;||justify-content: center;||align-items: center;||height: 100%;||||||||||&#8221; border_radii=&#8221;on|15px|15px|15px|15px&#8221; border_width_all=&#8221;2px&#8221; border_color_all=&#8221;#000000&#8243; global_colors_info=&#8221;{}&#8221; sticky_enabled=&#8221;0&#8243;][et_pb_button button_url=&#8221;https:\/\/bcu.opole.pl\/bcu2\/przewodnik-po-zawodach-poligraficznych\/&#8221; button_text=&#8221;PRZEWODNIK PO ZAWODACH POLIGRAFICZNYCH&#8221; button_alignment=&#8221;center&#8221; _builder_version=&#8221;4.27.4&#8243; _module_preset=&#8221;default&#8221; custom_button=&#8221;on&#8221; button_border_width=&#8221;0px&#8221; global_colors_info=&#8221;{}&#8221;][\/et_pb_button][\/et_pb_column][et_pb_column type=&#8221;1_3&#8243; _builder_version=&#8221;4.27.4&#8243; _module_preset=&#8221;default&#8221; custom_css_free_form=&#8221;display: flex;||flex-direction: column;||justify-content: center;||align-items: center;||height: 100%;&#8221; border_radii=&#8221;on|15px|15px|15px|15px&#8221; border_width_all=&#8221;2px&#8221; border_color_all=&#8221;#000000&#8243; global_colors_info=&#8221;{}&#8221;][et_pb_button button_url=&#8221;https:\/\/bcu.opole.pl\/bcu2\/czy-pasujesz-do-pracy-w-branzy-poligraficznej\/&#8221; button_text=&#8221;CZY PASUJESZ DO PRACY W BRAN\u017bY POLIGRAFICZNEJ&#8221; button_alignment=&#8221;center&#8221; _builder_version=&#8221;4.27.4&#8243; _module_preset=&#8221;default&#8221; custom_button=&#8221;on&#8221; button_border_width=&#8221;0px&#8221; hover_enabled=&#8221;0&#8243; global_colors_info=&#8221;{}&#8221; sticky_enabled=&#8221;0&#8243;][\/et_pb_button][\/et_pb_column][et_pb_column type=&#8221;1_3&#8243; _builder_version=&#8221;4.27.4&#8243; _module_preset=&#8221;default&#8221; custom_css_free_form=&#8221;display: flex;||flex-direction: column;||justify-content: center;||align-items: center;||height: 100%;&#8221; border_radii=&#8221;on|15px|15px|15px|15px&#8221; border_width_all=&#8221;2px&#8221; border_color_all=&#8221;#000000&#8243; global_colors_info=&#8221;{}&#8221;][et_pb_button button_url=&#8221;https:\/\/bcu.opole.pl\/bcu2\/dla-ucznia-jak-wybrac-zawod-z-pasja\/&#8221; button_text=&#8221;DLA UCZNIA &#8211; JAK WYBRA\u0106 ZAW\u00d3D Z PASUJ\u0104&#8221; button_alignment=&#8221;center&#8221; _builder_version=&#8221;4.27.4&#8243; _module_preset=&#8221;default&#8221; custom_button=&#8221;on&#8221; button_border_width=&#8221;0px&#8221; global_colors_info=&#8221;{}&#8221;][\/et_pb_button][\/et_pb_column][\/et_pb_row][et_pb_row column_structure=&#8221;1_3,1_3,1_3&#8243; make_equal=&#8221;on&#8221; _builder_version=&#8221;4.27.4&#8243; _module_preset=&#8221;default&#8221; global_colors_info=&#8221;{}&#8221;][et_pb_column type=&#8221;1_3&#8243; _builder_version=&#8221;4.27.4&#8243; _module_preset=&#8221;default&#8221; custom_css_free_form=&#8221;display: flex;||flex-direction: column;||justify-content: center;||align-items: center;||height: 100%;||||||||||&#8221; border_radii=&#8221;on|15px|15px|15px|15px&#8221; border_width_all=&#8221;2px&#8221; border_color_all=&#8221;#000000&#8243; global_colors_info=&#8221;{}&#8221;][et_pb_button button_url=&#8221;https:\/\/bcu.opole.pl\/bcu2\/ciekawostki-z-branzy-poligraficznej\/&#8221; button_text=&#8221;CIEKAWOSTKI Z BRAN\u017bY POLIGRAFICZNEJ&#8221; button_alignment=&#8221;center&#8221; _builder_version=&#8221;4.27.4&#8243; _module_preset=&#8221;default&#8221; custom_button=&#8221;on&#8221; button_border_width=&#8221;0px&#8221; global_colors_info=&#8221;{}&#8221;][\/et_pb_button][\/et_pb_column][et_pb_column type=&#8221;1_3&#8243; _builder_version=&#8221;4.27.4&#8243; _module_preset=&#8221;default&#8221; hover_enabled=&#8221;0&#8243; custom_css_free_form=&#8221;display: flex;||flex-direction: column;||justify-content: center;||align-items: center;||height: 100%;&#8221; border_radii=&#8221;on|15px|15px|15px|15px&#8221; border_width_all=&#8221;2px&#8221; border_color_all=&#8221;#000000&#8243; global_colors_info=&#8221;{}&#8221; sticky_enabled=&#8221;0&#8243;][et_pb_button button_url=&#8221;https:\/\/bcu.opole.pl\/bcu2\/formy-wsparcia-ucznia-osoby-doroslej-w-wyborze-sciezki-edukacyjnej-2\/&#8221; button_text=&#8221;FORMY WSPARCIA UCZNIA\/OSOBY DOROS\u0141EJ W WYBORZE \u015aCIE\u017bKI EDUKACYJNEJ&#8221; button_alignment=&#8221;center&#8221; _builder_version=&#8221;4.27.4&#8243; _module_preset=&#8221;default&#8221; custom_button=&#8221;on&#8221; button_border_width=&#8221;0px&#8221; global_colors_info=&#8221;{}&#8221;][\/et_pb_button][\/et_pb_column][et_pb_column type=&#8221;1_3&#8243; _builder_version=&#8221;4.27.4&#8243; _module_preset=&#8221;default&#8221; custom_css_free_form=&#8221;display: flex;||flex-direction: column;||justify-content: center;||align-items: center;||height: 100%;&#8221; border_radii=&#8221;on|15px|15px|15px|15px&#8221; border_width_all=&#8221;2px&#8221; border_color_all=&#8221;#000000&#8243; global_colors_info=&#8221;{}&#8221;][et_pb_button button_url=&#8221;https:\/\/bcu.opole.pl\/bcu2\/branza-poligraficzna-stabilnosc-rozwoj-kreatywnosc\/&#8221; button_text=&#8221;BRAN\u017bA POLIGRAFICZNA &#8211; STABILNO\u015a\u0106, ROZW\u00d3J, KREATYWNO\u015a\u0106&#8221; button_alignment=&#8221;center&#8221; _builder_version=&#8221;4.27.4&#8243; _module_preset=&#8221;default&#8221; custom_button=&#8221;on&#8221; button_border_width=&#8221;0px&#8221; global_colors_info=&#8221;{}&#8221;][\/et_pb_button][\/et_pb_column][\/et_pb_row][et_pb_row column_structure=&#8221;1_3,1_3,1_3&#8243; make_equal=&#8221;on&#8221; _builder_version=&#8221;4.27.4&#8243; _module_preset=&#8221;default&#8221; hover_enabled=&#8221;0&#8243; global_colors_info=&#8221;{}&#8221; sticky_enabled=&#8221;0&#8243;][et_pb_column type=&#8221;1_3&#8243; _builder_version=&#8221;4.27.4&#8243; _module_preset=&#8221;default&#8221; custom_css_free_form=&#8221;display: flex;||flex-direction: column;||justify-content: center;||align-items: center;||height: 100%;||||||||||&#8221; border_radii=&#8221;on|15px|15px|15px|15px&#8221; border_color_all=&#8221;#000000&#8243; global_colors_info=&#8221;{}&#8221;][\/et_pb_column][et_pb_column type=&#8221;1_3&#8243; _builder_version=&#8221;4.27.4&#8243; _module_preset=&#8221;default&#8221; custom_css_free_form=&#8221;display: flex;||flex-direction: column;||justify-content: center;||align-items: center;||height: 100%;&#8221; border_radii=&#8221;on|15px|15px|15px|15px&#8221; border_width_all=&#8221;2px&#8221; border_color_all=&#8221;#000000&#8243; global_colors_info=&#8221;{}&#8221;][et_pb_button button_url=&#8221;https:\/\/bcu.opole.pl\/bcu2\/bezpieczenstwo-pracy-i-perspektywy-zatrudnienia-w-branzy-poligraficznej\/&#8221; button_text=&#8221;BEZPIECZE\u0143STWO PRACY I PERSPEKTYWY ZATRUDNIENIA W BRAN\u017bY POLIGRAFICZNEJ&#8221; button_alignment=&#8221;center&#8221; _builder_version=&#8221;4.27.4&#8243; _module_preset=&#8221;default&#8221; custom_button=&#8221;on&#8221; button_border_width=&#8221;0px&#8221; global_colors_info=&#8221;{}&#8221;][\/et_pb_button][\/et_pb_column][et_pb_column type=&#8221;1_3&#8243; _builder_version=&#8221;4.27.4&#8243; _module_preset=&#8221;default&#8221; hover_enabled=&#8221;0&#8243; custom_css_free_form=&#8221;display: flex;||flex-direction: column;||justify-content: center;||align-items: center;||height: 100%;&#8221; border_color_all=&#8221;#000000&#8243; global_colors_info=&#8221;{}&#8221; sticky_enabled=&#8221;0&#8243;][\/et_pb_column][\/et_pb_row][et_pb_row _builder_version=&#8221;4.27.4&#8243; _module_preset=&#8221;default&#8221; global_colors_info=&#8221;{}&#8221;][et_pb_column type=&#8221;4_4&#8243; _builder_version=&#8221;4.27.4&#8243; _module_preset=&#8221;default&#8221; global_colors_info=&#8221;{}&#8221;][et_pb_text _builder_version=&#8221;4.27.4&#8243; _module_preset=&#8221;default&#8221; background_color=&#8221;#FFFFFF&#8221; global_colors_info=&#8221;{}&#8221;]<\/p>\n<p style=\"text-align: center\"><em><strong>Zapraszamy do udzia\u0142u w darmowych konsultacjach doradztwa zawodowego realizowanego przez BCU dla:<\/strong><\/em><\/p>\n<p style=\"text-align: center\"><em><strong><\/strong><\/em><\/p>\n<p><strong><em>&#8211; uczni\u00f3w<\/em><\/strong><\/p>\n<p><strong><em>&#8211; student\u00f3w<\/em><\/strong><\/p>\n<p><strong><em>&#8211; os\u00f3b doros\u0142ych<\/em><\/strong><\/p>\n<p><strong><em>&#8211; nauczycieli kszta\u0142cenia zawodowego<\/em><\/strong><\/p>\n<p>&nbsp;<\/p>\n<p><strong>Dzia\u0142ania prowadzone s\u0105 w ramach:<\/strong><\/p>\n<p><em>\u201eAnalizy potrzeb szkoleniowych uczni\u00f3w\/student\u00f3w\/os\u00f3b doros\u0142ych w zakresie udzielania pomocy w planowaniu kszta\u0142cenia oraz kariery zawodowej w dziedzinie poligrafii, introligatorstwa i opakowa\u0144\u201d<\/em><\/p>\n<p>Utworzenie Bran\u017cowego Centrum Umiej\u0119tno\u015bci w obszarze poligrafii, introligatorstwa i opakowa\u0144 nr przedsi\u0119wzi\u0119cia: KPO\/23\/BCU\/2\/W\/0027.<\/p>\n<p><strong>Formy wsparcia:<\/strong><\/p>\n<ul>\n<li>Indywidualne spotkania z doradc\u0105 zawodowym<\/li>\n<li>Zaj\u0119cia, warsztaty w grupach<\/li>\n<li>Wyk\u0142ady<\/li>\n<\/ul>\n<p>&nbsp;<\/p>\n<p style=\"text-align: left\"><em><strong>Zagadnienia i tematy poruszane podczas wsparcia doradztwa zawodowego:<\/strong><\/em><\/p>\n<p style=\"text-align: left\"><strong> Poznanie siebie i swoich predyspozycji<\/strong><\/p>\n<ul style=\"text-align: left\">\n<li>Analiza mocnych i s\u0142abych stron<\/li>\n<li>Okre\u015blanie zainteresowa\u0144 i warto\u015bci zawodowych<\/li>\n<li>Testy predyspozycji zawodowych<\/li>\n<li>Rozpoznawanie styl\u00f3w uczenia si\u0119 i pracy<\/li>\n<\/ul>\n<p style=\"text-align: left\"><strong>Planowanie \u015bcie\u017cki edukacyjnej i zawodowej<\/strong><\/p>\n<ul style=\"text-align: left\">\n<li>Mo\u017cliwo\u015bci dalszego kszta\u0142cenia (szko\u0142y bran\u017cowe, technika, studia, kursy kwalifikacyjne)<\/li>\n<li>\u015acie\u017cki kariery w bran\u017cy poligraficznej, introligatorskiej i opakowaniowej<\/li>\n<li>Tworzenie indywidualnego planu rozwoju kariery<\/li>\n<\/ul>\n<p style=\"text-align: left\"><strong>Rynek pracy \u2013 realia i perspektywy<\/strong><\/p>\n<ul style=\"text-align: left\">\n<li>Aktualna sytuacja na rynku pracy w Polsce i regionie<\/li>\n<li>Trendy i prognozy rozwoju rynku pracy \u2013 zawody przysz\u0142o\u015bci<\/li>\n<li>Bran\u017ca poligraficzna, introligatorska i opakowaniowa \u2013 gdzie szuka\u0107 pracy, jakich specjalist\u00f3w brakuje?<\/li>\n<li>Zmieniaj\u0105ce si\u0119 potrzeby pracodawc\u00f3w \u2013 automatyzacja, cyfryzacja, eko-trendy<\/li>\n<li>Rola elastyczno\u015bci i ci\u0105g\u0142ego uczenia si\u0119 w zmiennym \u015brodowisku zawodowym<\/li>\n<\/ul>\n<p style=\"text-align: left\"><strong>\u00a0Rozw\u00f3j kompetencji mi\u0119kkich<\/strong><\/p>\n<ul style=\"text-align: left\">\n<li>Komunikacja interpersonalna<\/li>\n<li>Praca zespo\u0142owa<\/li>\n<li>Radzenie sobie ze stresem<\/li>\n<li>Organizacja pracy w\u0142asnej<\/li>\n<\/ul>\n<p style=\"text-align: left\"><strong>\u00a0Aktywne poszukiwanie pracy<\/strong><\/p>\n<ul style=\"text-align: left\">\n<li>Tworzenie profesjonalnego CV i listu motywacyjnego<\/li>\n<li>Przygotowanie do rozmowy kwalifikacyjnej<\/li>\n<li>Budowanie marki osobistej<\/li>\n<li>Wykorzystanie Internetu i medi\u00f3w spo\u0142eczno\u015bciowych w poszukiwaniu pracy<\/li>\n<\/ul>\n<p style=\"text-align: left\"><strong>\u00a0Specyfika pracy w bran\u017cy poligrafii, introligatorstwa i opakowa\u0144<\/strong><\/p>\n<p style=\"text-align: left\"><strong><\/strong><\/p>\n<ul>\n<li style=\"text-align: left\">Wymagania zawodowe i niezb\u0119dne kwalifikacje<\/li>\n<li style=\"text-align: left\">Przyk\u0142adowe stanowiska i zakres obowi\u0105zk\u00f3w<\/li>\n<li style=\"text-align: left\">Mo\u017cliwo\u015bci rozwoju i awansu w bran\u017cy<\/li>\n<li style=\"text-align: left\">Oferty pracy w kraju i za granic\u0105<\/li>\n<\/ul>\n<p>&nbsp;<\/p>\n<p><em>Kontakt do doradcy zawodowego:<\/em><\/p>\n<p><em><strong>kurzeja@staszic.opole.pl<\/strong><\/em><\/p>\n<p>&nbsp;<\/p>\n<p>[\/et_pb_text][\/et_pb_column][\/et_pb_row][\/et_pb_section][et_pb_section fb_built=&#8221;1&#8243; theme_builder_area=&#8221;post_content&#8221; _builder_version=&#8221;4.27.4&#8243; _module_preset=&#8221;default&#8221;][\/et_pb_section]<\/p>\n","protected":false},"excerpt":{"rendered":"<p>Zapraszamy do udzia\u0142u w darmowych konsultacjach doradztwa zawodowego realizowanego przez BCU dla: &#8211; uczni\u00f3w &#8211; student\u00f3w &#8211; os\u00f3b doros\u0142ych &#8211; nauczycieli kszta\u0142cenia zawodowego &nbsp; Dzia\u0142ania prowadzone s\u0105 w ramach: \u201eAnalizy potrzeb szkoleniowych uczni\u00f3w\/student\u00f3w\/os\u00f3b doros\u0142ych w zakresie udzielania pomocy w planowaniu kszta\u0142cenia oraz kariery zawodowej w dziedzinie poligrafii, introligatorstwa i opakowa\u0144\u201d Utworzenie Bran\u017cowego Centrum Umiej\u0119tno\u015bci w [&hellip;]<\/p>\n","protected":false},"author":3,"featured_media":0,"parent":0,"menu_order":0,"comment_status":"closed","ping_status":"closed","template":"","meta":{"_et_pb_use_builder":"on","_et_pb_old_content":"<!-- wp:divi\/placeholder \/-->","_et_gb_content_width":"","footnotes":""},"class_list":["post-172","page","type-page","status-publish","hentry"],"aioseo_notices":[],"_links":{"self":[{"href":"https:\/\/bcu.opole.pl\/bcu2\/wp-json\/wp\/v2\/pages\/172","targetHints":{"allow":["GET"]}}],"collection":[{"href":"https:\/\/bcu.opole.pl\/bcu2\/wp-json\/wp\/v2\/pages"}],"about":[{"href":"https:\/\/bcu.opole.pl\/bcu2\/wp-json\/wp\/v2\/types\/page"}],"author":[{"embeddable":true,"href":"https:\/\/bcu.opole.pl\/bcu2\/wp-json\/wp\/v2\/users\/3"}],"replies":[{"embeddable":true,"href":"https:\/\/bcu.opole.pl\/bcu2\/wp-json\/wp\/v2\/comments?post=172"}],"version-history":[{"count":39,"href":"https:\/\/bcu.opole.pl\/bcu2\/wp-json\/wp\/v2\/pages\/172\/revisions"}],"predecessor-version":[{"id":716,"href":"https:\/\/bcu.opole.pl\/bcu2\/wp-json\/wp\/v2\/pages\/172\/revisions\/716"}],"wp:attachment":[{"href":"https:\/\/bcu.opole.pl\/bcu2\/wp-json\/wp\/v2\/media?parent=172"}],"curies":[{"name":"wp","href":"https:\/\/api.w.org\/{rel}","templated":true}]}}