{"id":6,"date":"2025-03-07T15:51:56","date_gmt":"2025-03-07T14:51:56","guid":{"rendered":"https:\/\/bcu.opole.pl\/bcu1\/?page_id=6"},"modified":"2025-04-14T09:32:45","modified_gmt":"2025-04-14T07:32:45","slug":"konferencja-promujaca-bcu","status":"publish","type":"page","link":"https:\/\/bcu.opole.pl\/bcu1\/konferencja-promujaca-bcu\/","title":{"rendered":"KONFERENCJA PROMUJ\u0104CA BCU"},"content":{"rendered":"<p>[et_pb_section fb_built=&#8221;1&#8243; fullwidth=&#8221;on&#8221; _builder_version=&#8221;4.24.1&#8243; _module_preset=&#8221;default&#8221; global_colors_info=&#8221;{}&#8221;][et_pb_fullwidth_image src=&#8221;http:\/\/bcu.opole.pl\/bcu1\/wp-content\/uploads\/sites\/3\/2025\/03\/cover2.jpg&#8221; title_text=&#8221;cover&#8221; _builder_version=&#8221;4.27.4&#8243; _module_preset=&#8221;default&#8221; global_colors_info=&#8221;{}&#8221;][\/et_pb_fullwidth_image][\/et_pb_section][et_pb_section fb_built=&#8221;1&#8243; _builder_version=&#8221;4.24.1&#8243; _module_preset=&#8221;default&#8221; global_colors_info=&#8221;{}&#8221;][et_pb_row _builder_version=&#8221;4.24.1&#8243; _module_preset=&#8221;default&#8221; global_colors_info=&#8221;{}&#8221;][et_pb_column type=&#8221;4_4&#8243; _builder_version=&#8221;4.24.1&#8243; _module_preset=&#8221;default&#8221; global_colors_info=&#8221;{}&#8221;][et_pb_text _builder_version=&#8221;4.27.4&#8243; _module_preset=&#8221;default&#8221; text_font_size=&#8221;16px&#8221; global_colors_info=&#8221;{}&#8221;]<\/p>\n<p style=\"text-align: left;\">Wspieramy rozw\u00f3j kompetencji zawodowych zgodnych z potrzebami lokalnego rynku pracy! Bran\u017cowe Centrum Umiej\u0119tno\u015bci w dziedzinie przemys\u0142u motoryzacyjnego to powstaj\u0105ca przy ul. Torowej w Opolu, nowoczesna przestrze\u0144 edukacyjno-szkoleniowa \u0142\u0105cz\u0105ca wiedz\u0119, technologi\u0119 i praktyczne umiej\u0119tno\u015bci. Jako jedyna w Polsce b\u0119dzie oferowa\u0107 certyfikacj\u0119 w zakresie podstaw elektromobilno\u015bci. To prze\u0142omowy projekt edukacyjny, dzi\u0119ki kt\u00f3remu Opole stanie si\u0119 kluczowym o\u015brodkiem edukacyjnym w zakresie nowoczesnych technologii motoryzacyjnych.<\/p>\n<p>Konferencja promuj\u0105ca ten projekt ma za zadanie przedstawi\u0107 cele i zakres dzia\u0142alno\u015bci Bran\u017cowego Centrum Umiej\u0119tno\u015bci, om\u00f3wi\u0107 kluczowe wyzwania stoj\u0105ce przed bran\u017c\u0105 oraz zaprezentowa\u0107 innowacyjne rozwi\u0105zania edukacyjne i technologiczne. To wyj\u0105tkowa okazja do wymiany do\u015bwiadcze\u0144, nawi\u0105zania wsp\u00f3\u0142pracy i poznania perspektyw rozwoju sektora motoryzacyjnego w Polsce.<\/p>\n<p>&nbsp;<\/p>\n<p>[\/et_pb_text][\/et_pb_column][\/et_pb_row][et_pb_row _builder_version=&#8221;4.24.1&#8243; _module_preset=&#8221;default&#8221; global_colors_info=&#8221;{}&#8221;][et_pb_column type=&#8221;4_4&#8243; _builder_version=&#8221;4.24.1&#8243; _module_preset=&#8221;default&#8221; global_colors_info=&#8221;{}&#8221;][et_pb_button button_url=&#8221;https:\/\/app.evenea.pl\/event\/inauguracja-bcu\/&#8221; button_text=&#8221;Rejestracja &#8221; button_alignment=&#8221;center&#8221; disabled_on=&#8221;on|on|on&#8221; _builder_version=&#8221;4.27.4&#8243; _module_preset=&#8221;default&#8221; custom_button=&#8221;on&#8221; button_text_size=&#8221;22px&#8221; button_text_color=&#8221;#12876F&#8221; button_border_width=&#8221;2px&#8221; button_font=&#8221;Lato||||||||&#8221; button_icon_color=&#8221;#00423c&#8221; transform_scale=&#8221;110%|110%&#8221; background_layout=&#8221;dark&#8221; disabled=&#8221;on&#8221; global_colors_info=&#8221;{}&#8221;][\/et_pb_button][\/et_pb_column][\/et_pb_row][\/et_pb_section][et_pb_section fb_built=&#8221;1&#8243; custom_padding_last_edited=&#8221;on|tablet&#8221; admin_label=&#8221;Schedule&#8221; _builder_version=&#8221;4.24.1&#8243; background_enable_color=&#8221;off&#8221; background_color_gradient_direction=&#8221;90deg&#8221; background_enable_image=&#8221;off&#8221; background_size=&#8221;initial&#8221; background_position=&#8221;top_right&#8221; max_width_tablet=&#8221;&#8221; max_width_phone=&#8221;100%&#8221; max_width_last_edited=&#8221;on|phone&#8221; custom_margin=&#8221;||-64px|||&#8221; custom_padding=&#8221;|10vw||0px||&#8221; custom_padding_tablet=&#8221;|0vw||&#8221; custom_padding_phone=&#8221;&#8221; border_color_all=&#8221;#8300e9&#8243; border_width_left=&#8221;10vw&#8221; border_color_left=&#8221;#094351&#8243; locked=&#8221;off&#8221; global_colors_info=&#8221;{}&#8221;][et_pb_row column_structure=&#8221;1_4,1_2,1_4&#8243; _builder_version=&#8221;4.16&#8243; custom_margin_tablet=&#8221;|||&#8221; custom_margin_phone=&#8221;|||&#8221; custom_margin_last_edited=&#8221;on|desktop&#8221; custom_padding=&#8221;27px|||||&#8221; animation_style=&#8221;zoom&#8221; animation_direction=&#8221;top&#8221; animation_intensity_zoom=&#8221;10%&#8221; border_color_all=&#8221;rgba(51,51,51,0.05)&#8221; border_width_bottom=&#8221;2px&#8221; global_colors_info=&#8221;{}&#8221;][et_pb_column type=&#8221;1_4&#8243; _builder_version=&#8221;4.16&#8243; custom_padding=&#8221;|||&#8221; global_colors_info=&#8221;{}&#8221; custom_padding__hover=&#8221;|||&#8221;][et_pb_text _builder_version=&#8221;4.27.4&#8243; text_line_height=&#8221;1.9em&#8221; header_font=&#8221;||||||||&#8221; header_6_font=&#8221;Roboto|||on|||||&#8221; header_6_font_size=&#8221;20px&#8221; header_6_line_height=&#8221;1.2em&#8221; global_colors_info=&#8221;{}&#8221;]<\/p>\n<h6>10:30-11:00<\/h6>\n<p>[\/et_pb_text][\/et_pb_column][et_pb_column type=&#8221;1_2&#8243; _builder_version=&#8221;4.16&#8243; custom_padding=&#8221;|||&#8221; global_colors_info=&#8221;{}&#8221; custom_padding__hover=&#8221;|||&#8221;][et_pb_text _builder_version=&#8221;4.24.1&#8243; text_font=&#8221;||||||||&#8221; text_text_color=&#8221;#0C71C3&#8243; text_line_height=&#8221;2em&#8221; header_font=&#8221;||||||||&#8221; header_text_color=&#8221;#000000&#8243; header_font_size=&#8221;29px&#8221; header_3_font=&#8221;||||||||&#8221; header_4_font=&#8221;||||||||&#8221; header_5_font=&#8221;Roboto||||||||&#8221; header_5_text_color=&#8221;#00b2e5&#8243; header_5_line_height=&#8221;1.4em&#8221; header_6_font=&#8221;||||||||&#8221; header_6_text_color=&#8221;#000000&#8243; header_6_font_size=&#8221;15px&#8221; custom_padding=&#8221;2px|||||&#8221; global_colors_info=&#8221;{}&#8221;]<\/p>\n<h5><span style=\"font-size: 13pt; line-height: 150%; color: #808080;\">Rejestracja<\/span><span style=\"color: #808080;\"><em><\/em><\/span><\/h5>\n<p>[\/et_pb_text][\/et_pb_column][et_pb_column type=&#8221;1_4&#8243; _builder_version=&#8221;4.16&#8243; custom_padding=&#8221;|||&#8221; global_colors_info=&#8221;{}&#8221; custom_padding__hover=&#8221;|||&#8221;][\/et_pb_column][\/et_pb_row][et_pb_row column_structure=&#8221;1_4,1_2,1_4&#8243; _builder_version=&#8221;4.16&#8243; custom_margin_tablet=&#8221;|||&#8221; custom_margin_phone=&#8221;|||&#8221; custom_margin_last_edited=&#8221;on|desktop&#8221; custom_padding=&#8221;27px|||||&#8221; animation_style=&#8221;zoom&#8221; animation_direction=&#8221;top&#8221; animation_intensity_zoom=&#8221;10%&#8221; border_color_all=&#8221;rgba(51,51,51,0.05)&#8221; border_width_bottom=&#8221;2px&#8221; global_colors_info=&#8221;{}&#8221;][et_pb_column type=&#8221;1_4&#8243; _builder_version=&#8221;4.16&#8243; custom_padding=&#8221;|||&#8221; global_colors_info=&#8221;{}&#8221; custom_padding__hover=&#8221;|||&#8221;][et_pb_text _builder_version=&#8221;4.27.4&#8243; text_line_height=&#8221;1.9em&#8221; header_font=&#8221;||||||||&#8221; header_6_font=&#8221;Roboto|||on|||||&#8221; header_6_font_size=&#8221;20px&#8221; header_6_line_height=&#8221;1.2em&#8221; global_colors_info=&#8221;{}&#8221;]<\/p>\n<h6>11:00-11:30<\/h6>\n<p>[\/et_pb_text][\/et_pb_column][et_pb_column type=&#8221;1_2&#8243; _builder_version=&#8221;4.16&#8243; custom_padding=&#8221;|||&#8221; global_colors_info=&#8221;{}&#8221; custom_padding__hover=&#8221;|||&#8221;][et_pb_text _builder_version=&#8221;4.24.1&#8243; text_font=&#8221;||||||||&#8221; text_text_color=&#8221;#0C71C3&#8243; text_line_height=&#8221;2em&#8221; header_font=&#8221;||||||||&#8221; header_text_color=&#8221;#000000&#8243; header_font_size=&#8221;29px&#8221; header_3_font=&#8221;||||||||&#8221; header_4_font=&#8221;||||||||&#8221; header_5_font=&#8221;Roboto||||||||&#8221; header_5_text_color=&#8221;#00b2e5&#8243; header_5_line_height=&#8221;1.4em&#8221; header_6_font=&#8221;||||||||&#8221; header_6_text_color=&#8221;#000000&#8243; header_6_font_size=&#8221;15px&#8221; custom_padding=&#8221;2px|||||&#8221; global_colors_info=&#8221;{}&#8221;]<\/p>\n<h5><span style=\"font-size: 13pt; line-height: 150%; color: #808080;\">Przywitanie go\u015bci<\/span><\/h5>\n<p><span style=\"color: #808080;\">Arkadiusz Wi\u015bniewski &#8211; Prezydent Miasta Opola<br \/>prof. dr hab. in\u017c. Jaros\u0142aw Mamala<em><br \/><\/em><\/span><\/p>\n<p>[\/et_pb_text][\/et_pb_column][et_pb_column type=&#8221;1_4&#8243; _builder_version=&#8221;4.16&#8243; custom_padding=&#8221;|||&#8221; global_colors_info=&#8221;{}&#8221; custom_padding__hover=&#8221;|||&#8221;][\/et_pb_column][\/et_pb_row][et_pb_row column_structure=&#8221;1_4,1_2,1_4&#8243; _builder_version=&#8221;4.16&#8243; custom_margin_tablet=&#8221;|||&#8221; custom_margin_phone=&#8221;|||&#8221; custom_margin_last_edited=&#8221;on|desktop&#8221; animation_style=&#8221;zoom&#8221; animation_direction=&#8221;top&#8221; animation_intensity_zoom=&#8221;10%&#8221; border_color_all=&#8221;rgba(51,51,51,0.05)&#8221; border_width_bottom=&#8221;2px&#8221; global_colors_info=&#8221;{}&#8221;][et_pb_column type=&#8221;1_4&#8243; _builder_version=&#8221;4.16&#8243; custom_padding=&#8221;|||&#8221; global_colors_info=&#8221;{}&#8221; custom_padding__hover=&#8221;|||&#8221;][et_pb_text _builder_version=&#8221;4.27.4&#8243; text_line_height=&#8221;1.9em&#8221; header_font=&#8221;||||||||&#8221; header_6_font=&#8221;Roboto|||on|||||&#8221; header_6_font_size=&#8221;20px&#8221; header_6_line_height=&#8221;1.2em&#8221; global_colors_info=&#8221;{}&#8221;]<\/p>\n<h6>11:30-12:00<\/h6>\n<p>[\/et_pb_text][\/et_pb_column][et_pb_column type=&#8221;1_2&#8243; _builder_version=&#8221;4.16&#8243; custom_padding=&#8221;|||&#8221; global_colors_info=&#8221;{}&#8221; custom_padding__hover=&#8221;|||&#8221;][et_pb_text _builder_version=&#8221;4.27.4&#8243; text_font=&#8221;||||||||&#8221; text_text_color=&#8221;#0C71C3&#8243; text_line_height=&#8221;2em&#8221; header_font=&#8221;||||||||&#8221; header_text_color=&#8221;#000000&#8243; header_font_size=&#8221;29px&#8221; header_3_font=&#8221;||||||||&#8221; header_4_font=&#8221;||||||||&#8221; header_5_font=&#8221;Roboto||||||||&#8221; header_5_text_color=&#8221;#00b2e5&#8243; header_5_line_height=&#8221;1.4em&#8221; header_6_font=&#8221;||||||||&#8221; header_6_text_color=&#8221;#000000&#8243; header_6_font_size=&#8221;15px&#8221; custom_padding=&#8221;2px|||||&#8221; global_colors_info=&#8221;{}&#8221;]<\/p>\n<h5><span style=\"font-size: 13pt; line-height: 150%; color: #808080;\">Globalne trendy w zakresie rozwoju technologii pojazd\u00f3w elektrycznych w przemy\u015ble motoryzacyjnym <\/span><\/h5>\n<p><span style=\"color: #808080;\">Piotr A. Bielaczyc, Prof. PK, DSc.h.c<\/span><\/p>\n<p>[\/et_pb_text][\/et_pb_column][et_pb_column type=&#8221;1_4&#8243; _builder_version=&#8221;4.16&#8243; custom_padding=&#8221;|||&#8221; global_colors_info=&#8221;{}&#8221; custom_padding__hover=&#8221;|||&#8221;][\/et_pb_column][\/et_pb_row][et_pb_row column_structure=&#8221;1_4,1_2,1_4&#8243; _builder_version=&#8221;4.16&#8243; custom_margin_tablet=&#8221;|||&#8221; custom_margin_phone=&#8221;|||&#8221; custom_margin_last_edited=&#8221;on|desktop&#8221; custom_padding=&#8221;27px|||||&#8221; animation_style=&#8221;zoom&#8221; animation_direction=&#8221;top&#8221; animation_intensity_zoom=&#8221;10%&#8221; border_color_all=&#8221;rgba(51,51,51,0.05)&#8221; border_width_bottom=&#8221;2px&#8221; global_colors_info=&#8221;{}&#8221;][et_pb_column type=&#8221;1_4&#8243; _builder_version=&#8221;4.16&#8243; custom_padding=&#8221;|||&#8221; global_colors_info=&#8221;{}&#8221; custom_padding__hover=&#8221;|||&#8221;][et_pb_text _builder_version=&#8221;4.27.4&#8243; text_line_height=&#8221;1.9em&#8221; header_font=&#8221;||||||||&#8221; header_6_font=&#8221;Roboto|||on|||||&#8221; header_6_font_size=&#8221;20px&#8221; header_6_line_height=&#8221;1.2em&#8221; global_colors_info=&#8221;{}&#8221;]<\/p>\n<h6>12:00-12:15<\/h6>\n<p>[\/et_pb_text][\/et_pb_column][et_pb_column type=&#8221;1_2&#8243; _builder_version=&#8221;4.16&#8243; custom_padding=&#8221;|||&#8221; global_colors_info=&#8221;{}&#8221; custom_padding__hover=&#8221;|||&#8221;][et_pb_text _builder_version=&#8221;4.27.4&#8243; text_font=&#8221;||||||||&#8221; text_text_color=&#8221;#0C71C3&#8243; text_line_height=&#8221;1.9em&#8221; header_font=&#8221;||||||||&#8221; header_text_color=&#8221;#000000&#8243; header_3_font=&#8221;||||||||&#8221; header_4_font=&#8221;||||||||&#8221; header_5_font=&#8221;Roboto||||||||&#8221; header_5_text_color=&#8221;#00b2e5&#8243; header_5_line_height=&#8221;1.4em&#8221; header_6_font=&#8221;||||||||&#8221; header_6_text_color=&#8221;#000000&#8243; global_colors_info=&#8221;{}&#8221;]<\/p>\n<h5><strong><span style=\"font-size: 13 pt; line-height: 150%; color: #808080;\"><span style=\"font-size: 13pt; line-height: 150%;\">Elektromobilno\u015b\u0107 w Polsce, kierunki rozwoju<\/span><\/span><\/strong><\/h5>\n<p><span style=\"color: #808080;\"><span style=\"font-size: 11.5pt; line-height: 150%;\">Krzysztof Burda<\/span><\/span><strong><span style=\"font-size: 11.5pt; line-height: 150%;\"><\/span><\/strong><\/p>\n<p>[\/et_pb_text][\/et_pb_column][et_pb_column type=&#8221;1_4&#8243; _builder_version=&#8221;4.16&#8243; custom_padding=&#8221;|||&#8221; global_colors_info=&#8221;{}&#8221; custom_padding__hover=&#8221;|||&#8221;][\/et_pb_column][\/et_pb_row][et_pb_row column_structure=&#8221;1_4,1_2,1_4&#8243; _builder_version=&#8221;4.16&#8243; custom_margin_tablet=&#8221;|||&#8221; custom_margin_phone=&#8221;|||&#8221; custom_margin_last_edited=&#8221;on|desktop&#8221; animation_style=&#8221;zoom&#8221; animation_direction=&#8221;top&#8221; animation_intensity_zoom=&#8221;10%&#8221; border_color_all=&#8221;rgba(51,51,51,0.05)&#8221; border_width_bottom=&#8221;2px&#8221; global_colors_info=&#8221;{}&#8221;][et_pb_column type=&#8221;1_4&#8243; _builder_version=&#8221;4.16&#8243; custom_padding=&#8221;|||&#8221; global_colors_info=&#8221;{}&#8221; custom_padding__hover=&#8221;|||&#8221;][et_pb_text _builder_version=&#8221;4.27.4&#8243; text_line_height=&#8221;1.9em&#8221; header_font=&#8221;||||||||&#8221; header_6_font=&#8221;Roboto|||on|||||&#8221; header_6_font_size=&#8221;20px&#8221; header_6_line_height=&#8221;1.2em&#8221; global_colors_info=&#8221;{}&#8221;]<\/p>\n<h6>12:15-12:30<\/h6>\n<p>[\/et_pb_text][\/et_pb_column][et_pb_column type=&#8221;1_2&#8243; _builder_version=&#8221;4.16&#8243; custom_padding=&#8221;|||&#8221; global_colors_info=&#8221;{}&#8221; custom_padding__hover=&#8221;|||&#8221;][et_pb_text _builder_version=&#8221;4.24.1&#8243; text_font=&#8221;||||||||&#8221; text_text_color=&#8221;#0C71C3&#8243; text_line_height=&#8221;1.9em&#8221; header_font=&#8221;||||||||&#8221; header_text_color=&#8221;#000000&#8243; header_3_font=&#8221;||||||||&#8221; header_4_font=&#8221;||||||||&#8221; header_5_font=&#8221;Roboto||||||||&#8221; header_5_text_color=&#8221;#00b2e5&#8243; header_5_line_height=&#8221;1.4em&#8221; header_6_font=&#8221;||||||||&#8221; header_6_text_color=&#8221;#000000&#8243; global_colors_info=&#8221;{}&#8221;]<\/p>\n<h5><span style=\"font-size: 13pt; line-height: 150%; color: #808080;\">Przerwa<\/span><strong><span style=\"font-size: 13pt; line-height: 150%; color: #808080;\"> kawowa<\/span><\/strong><\/h5>\n<p>&nbsp;<\/p>\n<p>[\/et_pb_text][\/et_pb_column][et_pb_column type=&#8221;1_4&#8243; _builder_version=&#8221;4.16&#8243; custom_padding=&#8221;|||&#8221; global_colors_info=&#8221;{}&#8221; custom_padding__hover=&#8221;|||&#8221;][\/et_pb_column][\/et_pb_row][et_pb_row column_structure=&#8221;1_4,1_2,1_4&#8243; _builder_version=&#8221;4.16&#8243; custom_margin_tablet=&#8221;|||&#8221; custom_margin_phone=&#8221;|||&#8221; custom_margin_last_edited=&#8221;on|desktop&#8221; custom_padding=&#8221;27px|||||&#8221; animation_style=&#8221;zoom&#8221; animation_direction=&#8221;top&#8221; animation_intensity_zoom=&#8221;10%&#8221; border_color_all=&#8221;rgba(51,51,51,0.05)&#8221; border_width_bottom=&#8221;2px&#8221; global_colors_info=&#8221;{}&#8221;][et_pb_column type=&#8221;1_4&#8243; _builder_version=&#8221;4.16&#8243; custom_padding=&#8221;|||&#8221; global_colors_info=&#8221;{}&#8221; custom_padding__hover=&#8221;|||&#8221;][et_pb_text _builder_version=&#8221;4.27.4&#8243; text_line_height=&#8221;1.9em&#8221; header_font=&#8221;||||||||&#8221; header_6_font=&#8221;Roboto|||on|||||&#8221; header_6_font_size=&#8221;20px&#8221; header_6_line_height=&#8221;1.2em&#8221; global_colors_info=&#8221;{}&#8221;]<\/p>\n<h6>12:30-12:45<\/h6>\n<p>[\/et_pb_text][\/et_pb_column][et_pb_column type=&#8221;1_2&#8243; _builder_version=&#8221;4.16&#8243; custom_padding=&#8221;|||&#8221; global_colors_info=&#8221;{}&#8221; custom_padding__hover=&#8221;|||&#8221;][et_pb_text _builder_version=&#8221;4.27.4&#8243; text_font=&#8221;||||||||&#8221; text_text_color=&#8221;#0C71C3&#8243; text_line_height=&#8221;1.9em&#8221; header_font=&#8221;||||||||&#8221; header_text_color=&#8221;#000000&#8243; header_3_font=&#8221;||||||||&#8221; header_4_font=&#8221;||||||||&#8221; header_5_font=&#8221;Roboto||||||||&#8221; header_5_text_color=&#8221;#00b2e5&#8243; header_5_line_height=&#8221;1.4em&#8221; header_6_font=&#8221;||||||||&#8221; header_6_text_color=&#8221;#000000&#8243; global_colors_info=&#8221;{}&#8221;]<\/p>\n<h5><strong><span style=\"font-size: 13 pt; line-height: 150%; color: #808080;\"><span style=\"font-size: 13pt; line-height: 150%;\">Edukacja zawodowa wobec wyzwa\u0144 elektromobilno\u015bci \u2013 nowe kompetencje dla rynku pracy<\/span><\/span><\/strong><\/h5>\n<p><span style=\"color: #808080;\"><span style=\"font-size: 11.5pt; line-height: 150%;\">Urszula Kowalczyk<\/span><\/span><\/p>\n<p><strong><span style=\"font-size: 11.5pt; line-height: 150%;\"><\/span><\/strong><\/p>\n<p>[\/et_pb_text][\/et_pb_column][et_pb_column type=&#8221;1_4&#8243; _builder_version=&#8221;4.16&#8243; custom_padding=&#8221;|||&#8221; global_colors_info=&#8221;{}&#8221; custom_padding__hover=&#8221;|||&#8221;][\/et_pb_column][\/et_pb_row][et_pb_row column_structure=&#8221;1_4,1_2,1_4&#8243; _builder_version=&#8221;4.16&#8243; custom_margin_tablet=&#8221;|||&#8221; custom_margin_phone=&#8221;|||&#8221; custom_margin_last_edited=&#8221;on|desktop&#8221; custom_padding=&#8221;27px|||||&#8221; animation_style=&#8221;zoom&#8221; animation_direction=&#8221;top&#8221; animation_intensity_zoom=&#8221;10%&#8221; border_color_all=&#8221;rgba(51,51,51,0.05)&#8221; border_width_bottom=&#8221;2px&#8221; global_colors_info=&#8221;{}&#8221;][et_pb_column type=&#8221;1_4&#8243; _builder_version=&#8221;4.16&#8243; custom_padding=&#8221;|||&#8221; global_colors_info=&#8221;{}&#8221; custom_padding__hover=&#8221;|||&#8221;][et_pb_text _builder_version=&#8221;4.27.4&#8243; text_line_height=&#8221;1.9em&#8221; header_font=&#8221;||||||||&#8221; header_6_font=&#8221;Roboto|||on|||||&#8221; header_6_font_size=&#8221;20px&#8221; header_6_line_height=&#8221;1.2em&#8221; global_colors_info=&#8221;{}&#8221;]<\/p>\n<h6>12:45-13:30<\/h6>\n<p>[\/et_pb_text][\/et_pb_column][et_pb_column type=&#8221;1_2&#8243; _builder_version=&#8221;4.16&#8243; custom_padding=&#8221;|||&#8221; global_colors_info=&#8221;{}&#8221; custom_padding__hover=&#8221;|||&#8221;][et_pb_text _builder_version=&#8221;4.27.4&#8243; text_font=&#8221;||||||||&#8221; text_text_color=&#8221;#0C71C3&#8243; text_line_height=&#8221;2em&#8221; header_font=&#8221;||||||||&#8221; header_text_color=&#8221;#000000&#8243; header_font_size=&#8221;29px&#8221; header_3_font=&#8221;||||||||&#8221; header_4_font=&#8221;||||||||&#8221; header_5_font=&#8221;Roboto||||||||&#8221; header_5_text_color=&#8221;#00b2e5&#8243; header_5_line_height=&#8221;1.4em&#8221; header_6_font=&#8221;||||||||&#8221; header_6_text_color=&#8221;#000000&#8243; header_6_font_size=&#8221;15px&#8221; custom_padding=&#8221;2px||0px|||&#8221; global_colors_info=&#8221;{}&#8221;]<\/p>\n<h5><span style=\"font-size: 13pt; line-height: 150%; color: #808080;\"><strong>Panel dyskusyjny i sesja Q&amp;A z zaproszonymi go\u015b\u0107mi <br \/>&#8222;Nowe kompetencje w przemy\u015ble motoryzacyjnym &#8211; czy s\u0105 szans\u0105 czy wyzwaniem dla edukacji zawodowej&#8221;<\/strong><\/span><\/h5>\n<p><span style=\"color: #808080;\"><strong>Prelegenci:<\/strong> Rafa\u0142 Or\u0142owski, prof. dr hab. in\u017c. Jaros\u0142aw Mamala, Maciej Wujec, Urszula Kowalczyk<\/span><\/p>\n<p>&nbsp;<\/p>\n<p>[\/et_pb_text][\/et_pb_column][et_pb_column type=&#8221;1_4&#8243; _builder_version=&#8221;4.16&#8243; custom_padding=&#8221;|||&#8221; global_colors_info=&#8221;{}&#8221; custom_padding__hover=&#8221;|||&#8221;][\/et_pb_column][\/et_pb_row][et_pb_row column_structure=&#8221;1_4,1_2,1_4&#8243; _builder_version=&#8221;4.24.1&#8243; custom_margin_tablet=&#8221;|||&#8221; custom_margin_phone=&#8221;|||&#8221; custom_margin_last_edited=&#8221;on|desktop&#8221; custom_padding=&#8221;27px|||||&#8221; animation_style=&#8221;zoom&#8221; animation_direction=&#8221;top&#8221; animation_intensity_zoom=&#8221;10%&#8221; border_color_all=&#8221;rgba(51,51,51,0.05)&#8221; border_width_bottom=&#8221;2px&#8221; global_colors_info=&#8221;{}&#8221;][et_pb_column type=&#8221;1_4&#8243; _builder_version=&#8221;4.16&#8243; custom_padding=&#8221;|||&#8221; global_colors_info=&#8221;{}&#8221; custom_padding__hover=&#8221;|||&#8221;][et_pb_text _builder_version=&#8221;4.27.4&#8243; text_line_height=&#8221;1.9em&#8221; header_font=&#8221;||||||||&#8221; header_6_font=&#8221;Roboto|||on|||||&#8221; header_6_font_size=&#8221;20px&#8221; header_6_line_height=&#8221;1.2em&#8221; global_colors_info=&#8221;{}&#8221;]<\/p>\n<h6>13:30-14:15<\/h6>\n<p>[\/et_pb_text][\/et_pb_column][et_pb_column type=&#8221;1_2&#8243; _builder_version=&#8221;4.16&#8243; custom_padding=&#8221;|||&#8221; global_colors_info=&#8221;{}&#8221; custom_padding__hover=&#8221;|||&#8221;][et_pb_text _builder_version=&#8221;4.24.1&#8243; text_font=&#8221;||||||||&#8221; text_text_color=&#8221;#0C71C3&#8243; text_line_height=&#8221;1.9em&#8221; header_font=&#8221;||||||||&#8221; header_text_color=&#8221;#000000&#8243; header_3_font=&#8221;||||||||&#8221; header_4_font=&#8221;||||||||&#8221; header_5_font=&#8221;Roboto||||||||&#8221; header_5_text_color=&#8221;#00b2e5&#8243; header_5_line_height=&#8221;1.4em&#8221; header_6_font=&#8221;||||||||&#8221; header_6_text_color=&#8221;#000000&#8243; global_colors_info=&#8221;{}&#8221;]<\/p>\n<h3><span style=\"font-size: 11.5pt; line-height: 150%; color: #808080;\"><span style=\"font-size: 11.5pt; line-height: 150%;\"><strong>Lunch<\/strong><\/span><\/span><\/h3>\n<p>[\/et_pb_text][\/et_pb_column][et_pb_column type=&#8221;1_4&#8243; _builder_version=&#8221;4.16&#8243; custom_padding=&#8221;|||&#8221; global_colors_info=&#8221;{}&#8221; custom_padding__hover=&#8221;|||&#8221;][\/et_pb_column][\/et_pb_row][\/et_pb_section][et_pb_section fb_built=&#8221;1&#8243; admin_label=&#8221;Sponsors&#8221; _builder_version=&#8221;4.24.1&#8243; min_height=&#8221;100px&#8221; max_height=&#8221;609px&#8221; custom_padding=&#8221;30px|||||&#8221; global_colors_info=&#8221;{}&#8221;][et_pb_row _builder_version=&#8221;4.16&#8243; global_colors_info=&#8221;{}&#8221;][et_pb_column type=&#8221;4_4&#8243; _builder_version=&#8221;4.16&#8243; custom_padding=&#8221;|||&#8221; global_colors_info=&#8221;{}&#8221; custom_padding__hover=&#8221;|||&#8221;][et_pb_text _builder_version=&#8221;4.27.4&#8243; text_font=&#8221;||||||||&#8221; text_font_size=&#8221;20px&#8221; text_line_height=&#8221;1.9em&#8221; header_font=&#8221;||||||||&#8221; header_2_font=&#8221;Roboto|300|||||||&#8221; header_2_font_size=&#8221;50px&#8221; header_2_line_height=&#8221;1.2em&#8221; text_orientation=&#8221;center&#8221; max_width=&#8221;700px&#8221; max_width_tablet=&#8221;&#8221; max_width_phone=&#8221;&#8221; max_width_last_edited=&#8221;on|desktop&#8221; module_alignment=&#8221;center&#8221; header_2_font_size_tablet=&#8221;40px&#8221; header_2_font_size_phone=&#8221;32px&#8221; header_2_font_size_last_edited=&#8221;on|phone&#8221; global_colors_info=&#8221;{}&#8221;]<\/p>\n<h2><\/h2>\n<p><strong>Komitet organizacyjny<\/strong><\/p>\n<p><span style=\"font-size: medium;\"><strong>Przewodnicz\u0105cy:<\/strong> prof. dr hab. in\u017c. Jaros\u0142aw Mamala &#8211; <strong>PNT w Opolu<\/strong><\/span><br \/><span style=\"font-size: medium;\"><strong>Wiceprzewodnicz\u0105cy:<\/strong> mgr Maciej Wujec &#8211;<strong> Urz\u0105d Miasta Opola<\/strong><\/span><br \/><span style=\"font-size: medium;\">mgr Krzysztof Burda &#8211; <strong>Polska Izba Rozwoju Elektromobilno\u015bci<\/strong><\/span><br \/><span style=\"font-size: medium;\">mgr Urszula Kowalczyk &#8211; <strong>Zesp\u00f3\u0142 Plac\u00f3wek O\u015bwiatowych w Opolu<br \/><\/strong>mgr Micha\u0142 Kramarz &#8211; <strong>Urz\u0105d Miasta Opola<\/strong><\/span><br \/><span style=\"font-size: medium;\">mgr Gabriela Mokrzycka &#8211; <strong>PNT w Opolu<\/strong><\/span><\/p>\n<p>[\/et_pb_text][et_pb_text _builder_version=&#8221;4.27.4&#8243; text_font=&#8221;||||||||&#8221; text_font_size=&#8221;20px&#8221; text_line_height=&#8221;1.9em&#8221; header_font=&#8221;||||||||&#8221; header_2_font=&#8221;Roboto|300|||||||&#8221; header_2_font_size=&#8221;50px&#8221; header_2_line_height=&#8221;1.2em&#8221; text_orientation=&#8221;center&#8221; max_width=&#8221;700px&#8221; max_width_tablet=&#8221;&#8221; max_width_phone=&#8221;&#8221; max_width_last_edited=&#8221;on|desktop&#8221; module_alignment=&#8221;center&#8221; header_2_font_size_tablet=&#8221;40px&#8221; header_2_font_size_phone=&#8221;32px&#8221; header_2_font_size_last_edited=&#8221;on|phone&#8221; global_colors_info=&#8221;{}&#8221;]<\/p>\n<h2><\/h2>\n<p><strong>Finansowanie<\/strong><\/p>\n<p>[\/et_pb_text][\/et_pb_column][\/et_pb_row][et_pb_row _builder_version=&#8221;4.24.1&#8243; _module_preset=&#8221;default&#8221; global_colors_info=&#8221;{}&#8221;][et_pb_column type=&#8221;4_4&#8243; _builder_version=&#8221;4.24.1&#8243; _module_preset=&#8221;default&#8221; global_colors_info=&#8221;{}&#8221;][et_pb_image src=&#8221;http:\/\/bcu.opole.pl\/bcu1\/wp-content\/uploads\/sites\/3\/2025\/03\/KPO_barwy-RP_NextGenerationEU_poziom_zestawienie_podstawowe_-RGB-003-scaled-1-1024&#215;131.jpg&#8221; title_text=&#8221;KPO_barwy-RP_NextGenerationEU_poziom_zestawienie_podstawowe_-RGB-003-scaled&#8221; align=&#8221;center&#8221; _builder_version=&#8221;4.27.4&#8243; _module_preset=&#8221;default&#8221; width=&#8221;100%&#8221; max_width=&#8221;100%&#8221; module_alignment=&#8221;left&#8221; global_colors_info=&#8221;{}&#8221;][\/et_pb_image][et_pb_text _builder_version=&#8221;4.27.4&#8243; text_font=&#8221;||||||||&#8221; text_font_size=&#8221;20px&#8221; text_line_height=&#8221;1.9em&#8221; header_font=&#8221;||||||||&#8221; header_2_font=&#8221;Roboto|300|||||||&#8221; header_2_font_size=&#8221;50px&#8221; header_2_line_height=&#8221;1.2em&#8221; text_orientation=&#8221;center&#8221; max_width=&#8221;700px&#8221; max_width_tablet=&#8221;&#8221; max_width_phone=&#8221;&#8221; max_width_last_edited=&#8221;on|desktop&#8221; module_alignment=&#8221;center&#8221; header_2_font_size_tablet=&#8221;40px&#8221; header_2_font_size_phone=&#8221;32px&#8221; header_2_font_size_last_edited=&#8221;on|phone&#8221; global_colors_info=&#8221;{}&#8221;]<\/p>\n<h2><\/h2>\n<p><strong>Partnerzy<\/strong><\/p>\n<p>[\/et_pb_text][\/et_pb_column][\/et_pb_row][et_pb_row column_structure=&#8221;1_3,1_3,1_3&#8243; _builder_version=&#8221;4.24.1&#8243; _module_preset=&#8221;default&#8221; global_colors_info=&#8221;{}&#8221;][et_pb_column type=&#8221;1_3&#8243; _builder_version=&#8221;4.24.1&#8243; _module_preset=&#8221;default&#8221; global_colors_info=&#8221;{}&#8221;][et_pb_image src=&#8221;http:\/\/bcu.opole.pl\/bcu1\/wp-content\/uploads\/sites\/3\/2025\/03\/opole1.jpg&#8221; title_text=&#8221;opole1&#8243; url=&#8221;https:\/\/www.opole.pl&#8221; align=&#8221;center&#8221; _builder_version=&#8221;4.27.4&#8243; _module_preset=&#8221;default&#8221; width=&#8221;100%&#8221; max_width=&#8221;100%&#8221; module_alignment=&#8221;left&#8221; global_colors_info=&#8221;{}&#8221;][\/et_pb_image][\/et_pb_column][et_pb_column type=&#8221;1_3&#8243; _builder_version=&#8221;4.24.1&#8243; _module_preset=&#8221;default&#8221; global_colors_info=&#8221;{}&#8221;][et_pb_image src=&#8221;http:\/\/bcu.opole.pl\/bcu1\/wp-content\/uploads\/sites\/3\/2025\/03\/pire.jpg&#8221; title_text=&#8221;pire&#8221; url=&#8221;https:\/\/pire.pl\/&#8221; align=&#8221;center&#8221; _builder_version=&#8221;4.27.4&#8243; _module_preset=&#8221;default&#8221; width=&#8221;100%&#8221; max_width=&#8221;100%&#8221; module_alignment=&#8221;left&#8221; global_colors_info=&#8221;{}&#8221;][\/et_pb_image][\/et_pb_column][et_pb_column type=&#8221;1_3&#8243; _builder_version=&#8221;4.24.1&#8243; _module_preset=&#8221;default&#8221; global_colors_info=&#8221;{}&#8221;][et_pb_image src=&#8221;http:\/\/bcu.opole.pl\/bcu1\/wp-content\/uploads\/sites\/3\/2025\/03\/pnt.jpg&#8221; title_text=&#8221;pnt&#8221; url=&#8221;https:\/\/www.pnt.opole.pl&#8221; align=&#8221;center&#8221; _builder_version=&#8221;4.27.4&#8243; _module_preset=&#8221;default&#8221; width=&#8221;100%&#8221; max_width=&#8221;100%&#8221; module_alignment=&#8221;left&#8221; global_colors_info=&#8221;{}&#8221;][\/et_pb_image][\/et_pb_column][\/et_pb_row][et_pb_row _builder_version=&#8221;4.16&#8243; global_colors_info=&#8221;{}&#8221;][et_pb_column type=&#8221;4_4&#8243; _builder_version=&#8221;4.16&#8243; custom_padding=&#8221;|||&#8221; global_colors_info=&#8221;{}&#8221; custom_padding__hover=&#8221;|||&#8221;][et_pb_text _builder_version=&#8221;4.16&#8243; text_font=&#8221;||||||||&#8221; text_font_size=&#8221;20px&#8221; text_line_height=&#8221;1.9em&#8221; header_font=&#8221;||||||||&#8221; header_2_font=&#8221;Roboto|300|||||||&#8221; header_2_font_size=&#8221;50px&#8221; header_2_line_height=&#8221;1.2em&#8221; text_orientation=&#8221;center&#8221; max_width=&#8221;700px&#8221; max_width_tablet=&#8221;&#8221; max_width_phone=&#8221;&#8221; max_width_last_edited=&#8221;on|desktop&#8221; module_alignment=&#8221;center&#8221; header_2_font_size_tablet=&#8221;40px&#8221; header_2_font_size_phone=&#8221;32px&#8221; header_2_font_size_last_edited=&#8221;on|phone&#8221; global_colors_info=&#8221;{}&#8221;]<\/p>\n<h2><\/h2>\n<p><strong>Patronat honorowy<br \/><\/strong><\/p>\n<p>[\/et_pb_text][et_pb_image src=&#8221;http:\/\/bcu.opole.pl\/bcu1\/wp-content\/uploads\/sites\/3\/2025\/03\/prezydent-um.png&#8221; title_text=&#8221;prezydent-um&#8221; url=&#8221;http:\/\/opole.pl\/&#8221; align=&#8221;center&#8221; _builder_version=&#8221;4.24.1&#8243; _module_preset=&#8221;default&#8221; width=&#8221;100%&#8221; max_width=&#8221;100%&#8221; module_alignment=&#8221;left&#8221; custom_padding=&#8221;4px|||||&#8221; global_colors_info=&#8221;{}&#8221;][\/et_pb_image][\/et_pb_column][\/et_pb_row][\/et_pb_section][et_pb_section fb_built=&#8221;1&#8243; _builder_version=&#8221;4.24.1&#8243; _module_preset=&#8221;default&#8221; custom_padding=&#8221;||9px|||&#8221; global_colors_info=&#8221;{}&#8221;][et_pb_row column_structure=&#8221;1_3,1_3,1_3&#8243; _builder_version=&#8221;4.24.1&#8243; _module_preset=&#8221;default&#8221; min_height=&#8221;94.6px&#8221; custom_margin=&#8221;|auto|-24px|auto||&#8221; custom_padding=&#8221;||0px|||&#8221; global_colors_info=&#8221;{}&#8221;][et_pb_column type=&#8221;1_3&#8243; _builder_version=&#8221;4.24.1&#8243; _module_preset=&#8221;default&#8221; global_colors_info=&#8221;{}&#8221;][\/et_pb_column][et_pb_column type=&#8221;1_3&#8243; _builder_version=&#8221;4.24.1&#8243; _module_preset=&#8221;default&#8221; global_colors_info=&#8221;{}&#8221;][\/et_pb_column][et_pb_column type=&#8221;1_3&#8243; _builder_version=&#8221;4.24.1&#8243; _module_preset=&#8221;default&#8221; global_colors_info=&#8221;{}&#8221;][\/et_pb_column][\/et_pb_row][et_pb_row _builder_version=&#8221;4.24.1&#8243; _module_preset=&#8221;default&#8221; global_colors_info=&#8221;{}&#8221;][et_pb_column type=&#8221;4_4&#8243; _builder_version=&#8221;4.24.1&#8243; _module_preset=&#8221;default&#8221; global_colors_info=&#8221;{}&#8221;][et_pb_text _builder_version=&#8221;4.27.4&#8243; text_font=&#8221;||||||||&#8221; text_font_size=&#8221;20px&#8221; text_line_height=&#8221;1.9em&#8221; header_font=&#8221;||||||||&#8221; header_2_font=&#8221;Roboto|300|||||||&#8221; header_2_font_size=&#8221;50px&#8221; header_2_line_height=&#8221;1.2em&#8221; text_orientation=&#8221;center&#8221; max_width=&#8221;700px&#8221; max_width_tablet=&#8221;&#8221; max_width_phone=&#8221;&#8221; max_width_last_edited=&#8221;on|desktop&#8221; module_alignment=&#8221;center&#8221; header_2_font_size_tablet=&#8221;40px&#8221; header_2_font_size_phone=&#8221;32px&#8221; header_2_font_size_last_edited=&#8221;on|phone&#8221; global_colors_info=&#8221;{}&#8221;]<\/p>\n<h2><\/h2>\n<p><strong>Patronaty medialne<\/strong><\/p>\n<p>[\/et_pb_text][\/et_pb_column][\/et_pb_row][et_pb_row column_structure=&#8221;1_4,1_4,1_4,1_4&#8243; _builder_version=&#8221;4.24.1&#8243; _module_preset=&#8221;default&#8221; global_colors_info=&#8221;{}&#8221;][et_pb_column type=&#8221;1_4&#8243; _builder_version=&#8221;4.24.1&#8243; _module_preset=&#8221;default&#8221; global_colors_info=&#8221;{}&#8221;][et_pb_image src=&#8221;http:\/\/bcu.opole.pl\/bcu1\/wp-content\/uploads\/sites\/3\/2025\/03\/radio-opole.jpg&#8221; title_text=&#8221;radio-opole&#8221; url=&#8221;https:\/\/radio.opole.pl\/&#8221; align=&#8221;center&#8221; _builder_version=&#8221;4.27.4&#8243; _module_preset=&#8221;default&#8221; width=&#8221;100%&#8221; max_width=&#8221;100%&#8221; module_alignment=&#8221;left&#8221; global_colors_info=&#8221;{}&#8221;][\/et_pb_image][\/et_pb_column][et_pb_column type=&#8221;1_4&#8243; _builder_version=&#8221;4.24.1&#8243; _module_preset=&#8221;default&#8221; global_colors_info=&#8221;{}&#8221;][et_pb_image src=&#8221;http:\/\/bcu.opole.pl\/bcu1\/wp-content\/uploads\/sites\/3\/2025\/03\/tvp3.jpg&#8221; title_text=&#8221;tvp3&#8243; url=&#8221;https:\/\/opole.tvp.pl\/&#8221; align=&#8221;center&#8221; _builder_version=&#8221;4.27.4&#8243; _module_preset=&#8221;default&#8221; width=&#8221;100%&#8221; max_width=&#8221;100%&#8221; module_alignment=&#8221;left&#8221; global_colors_info=&#8221;{}&#8221;][\/et_pb_image][\/et_pb_column][et_pb_column type=&#8221;1_4&#8243; _builder_version=&#8221;4.24.1&#8243; _module_preset=&#8221;default&#8221; global_colors_info=&#8221;{}&#8221;][et_pb_image src=&#8221;http:\/\/bcu.opole.pl\/bcu1\/wp-content\/uploads\/sites\/3\/2025\/03\/opolska1.jpg&#8221; title_text=&#8221;opolska1&#8243; url=&#8221;https:\/\/opolska360.pl\/&#8221; align=&#8221;center&#8221; _builder_version=&#8221;4.27.4&#8243; _module_preset=&#8221;default&#8221; width=&#8221;100%&#8221; max_width=&#8221;100%&#8221; module_alignment=&#8221;left&#8221; global_colors_info=&#8221;{}&#8221;][\/et_pb_image][\/et_pb_column][et_pb_column type=&#8221;1_4&#8243; _builder_version=&#8221;4.24.1&#8243; _module_preset=&#8221;default&#8221; global_colors_info=&#8221;{}&#8221;][et_pb_image src=&#8221;http:\/\/bcu.opole.pl\/bcu1\/wp-content\/uploads\/sites\/3\/2025\/03\/doxa.jpg&#8221; title_text=&#8221;doxa&#8221; url=&#8221;https:\/\/doxa.fm\/&#8221; align=&#8221;center&#8221; _builder_version=&#8221;4.27.4&#8243; _module_preset=&#8221;default&#8221; width=&#8221;100%&#8221; max_width=&#8221;100%&#8221; module_alignment=&#8221;left&#8221; global_colors_info=&#8221;{}&#8221;][\/et_pb_image][\/et_pb_column][\/et_pb_row][et_pb_row _builder_version=&#8221;4.16&#8243; global_colors_info=&#8221;{}&#8221;][et_pb_column type=&#8221;4_4&#8243; _builder_version=&#8221;4.16&#8243; custom_padding=&#8221;|||&#8221; global_colors_info=&#8221;{}&#8221; custom_padding__hover=&#8221;|||&#8221;][et_pb_text _builder_version=&#8221;4.27.4&#8243; text_font=&#8221;||||||||&#8221; text_font_size=&#8221;20px&#8221; text_line_height=&#8221;1.9em&#8221; header_font=&#8221;||||||||&#8221; header_2_font=&#8221;Roboto|300|||||||&#8221; header_2_font_size=&#8221;50px&#8221; header_2_line_height=&#8221;1.2em&#8221; text_orientation=&#8221;center&#8221; max_width=&#8221;700px&#8221; max_width_tablet=&#8221;&#8221; max_width_phone=&#8221;&#8221; max_width_last_edited=&#8221;on|desktop&#8221; module_alignment=&#8221;center&#8221; header_2_font_size_tablet=&#8221;40px&#8221; header_2_font_size_phone=&#8221;32px&#8221; header_2_font_size_last_edited=&#8221;on|phone&#8221; global_colors_info=&#8221;{}&#8221;]<\/p>\n<h2><\/h2>\n<p><strong>Prelegenci<\/strong><\/p>\n<p>[\/et_pb_text][\/et_pb_column][\/et_pb_row][\/et_pb_section][et_pb_section fb_built=&#8221;1&#8243; admin_label=&#8221;Speakers&#8221; _builder_version=&#8221;4.16&#8243; min_height=&#8221;360.3px&#8221; custom_padding=&#8221;0px||0px|||&#8221; animation_style=&#8221;zoom&#8221; animation_intensity_zoom=&#8221;10%&#8221; global_colors_info=&#8221;{}&#8221;][et_pb_row column_structure=&#8221;1_3,2_3&#8243; _builder_version=&#8221;4.24.1&#8243; custom_margin=&#8221;|auto|-3px|auto||&#8221; custom_padding=&#8221;40px|0px|40px|0px&#8221; animation_style=&#8221;fade&#8221; global_colors_info=&#8221;{}&#8221;][et_pb_column type=&#8221;1_3&#8243; _builder_version=&#8221;4.16&#8243; custom_padding=&#8221;|||&#8221; global_colors_info=&#8221;{}&#8221; custom_padding__hover=&#8221;|||&#8221;][et_pb_image src=&#8221;http:\/\/bcu.opole.pl\/bcu1\/wp-content\/uploads\/sites\/3\/2025\/03\/pbielaczyc1.jpg&#8221; title_text=&#8221;pbielaczyc1&#8243; _builder_version=&#8221;4.27.4&#8243; max_width=&#8221;65%&#8221; custom_margin=&#8221;|||&#8221; custom_margin_tablet=&#8221;90px|||&#8221; custom_margin_last_edited=&#8221;off|desktop&#8221; always_center_on_mobile=&#8221;off&#8221; locked=&#8221;off&#8221; global_colors_info=&#8221;{}&#8221;][\/et_pb_image][\/et_pb_column][et_pb_column type=&#8221;2_3&#8243; _builder_version=&#8221;4.16&#8243; custom_padding=&#8221;|||&#8221; global_colors_info=&#8221;{}&#8221; custom_padding__hover=&#8221;|||&#8221;][et_pb_text _builder_version=&#8221;4.27.4&#8243; text_font=&#8221;||||||||&#8221; text_text_color=&#8221;#0C71C3&#8243; text_line_height=&#8221;1.9em&#8221; header_font=&#8221;||||||||&#8221; header_text_color=&#8221;#000000&#8243; header_3_font=&#8221;||||||||&#8221; header_4_font=&#8221;||||||||&#8221; header_5_font=&#8221;Roboto||||||||&#8221; header_5_text_color=&#8221;#00b2e5&#8243; header_5_line_height=&#8221;1.4em&#8221; header_6_font=&#8221;||||||||&#8221; header_6_text_color=&#8221;#000000&#8243; global_colors_info=&#8221;{}&#8221;]<\/p>\n<p><span style=\"font-size: 14pt; line-height: 150%; color: #808080;\"><span style=\"font-size: 13pt; line-height: 150%;\"><strong>Piotr A. Bielaczyc, Prof.PK, DSc.h.c., FSAE<br \/>Global Powertrain Expert w Instytucie Bada\u0144 i Rozwoju Motoryzacji BOSMALL<\/strong><\/span><\/span><\/p>\n<p>&nbsp;<\/p>\n<p><span style=\"color: rgba(25, 0, 0, 0.63); font-size: large;\"><i>Profesor Politechniki Krakowskiej zwi\u0105zany z Katedr\u0105 Pojazd\u00f3w Samochodowych na Wydziale Mechanicznym tej uczelni. Dodatkowo pe\u0142ni rol\u0119 eksperta oraz cz\u0142onka Rady Naukowej w BOSMAL Automotive R&amp;D Institute Ltd. w Bielsku-Bia\u0142ej \u2013 jednym z najwi\u0119kszych centr\u00f3w badawczo-rozwojowych w Europie \u015arodkowej, specjalizuj\u0105cych si\u0119 w pojazdach i uk\u0142adach nap\u0119dowych.<\/i><\/span><\/p>\n<p><span style=\"color: rgba(25, 0, 0, 0.63); font-size: large;\"><\/span><\/p>\n<p>[\/et_pb_text][\/et_pb_column][\/et_pb_row][et_pb_row column_structure=&#8221;1_3,2_3&#8243; _builder_version=&#8221;4.24.1&#8243; custom_margin=&#8221;|auto|-3px|auto||&#8221; custom_padding=&#8221;40px|0px|40px|0px&#8221; animation_style=&#8221;fade&#8221; global_colors_info=&#8221;{}&#8221;][et_pb_column type=&#8221;1_3&#8243; _builder_version=&#8221;4.16&#8243; custom_padding=&#8221;|||&#8221; global_colors_info=&#8221;{}&#8221; custom_padding__hover=&#8221;|||&#8221;][et_pb_image src=&#8221;http:\/\/bcu.opole.pl\/bcu1\/wp-content\/uploads\/sites\/3\/2025\/03\/k.burda_.jpg&#8221; title_text=&#8221;k.burda&#8221; _builder_version=&#8221;4.27.4&#8243; max_width=&#8221;65%&#8221; custom_margin=&#8221;|||&#8221; custom_margin_tablet=&#8221;90px|||&#8221; custom_margin_last_edited=&#8221;off|desktop&#8221; always_center_on_mobile=&#8221;off&#8221; locked=&#8221;off&#8221; global_colors_info=&#8221;{}&#8221;][\/et_pb_image][\/et_pb_column][et_pb_column type=&#8221;2_3&#8243; _builder_version=&#8221;4.16&#8243; custom_padding=&#8221;|||&#8221; global_colors_info=&#8221;{}&#8221; custom_padding__hover=&#8221;|||&#8221;][et_pb_text _builder_version=&#8221;4.27.4&#8243; text_font=&#8221;||||||||&#8221; text_text_color=&#8221;#0C71C3&#8243; text_line_height=&#8221;1.9em&#8221; header_font=&#8221;||||||||&#8221; header_text_color=&#8221;#000000&#8243; header_3_font=&#8221;||||||||&#8221; header_4_font=&#8221;||||||||&#8221; header_5_font=&#8221;Roboto||||||||&#8221; header_5_text_color=&#8221;#00b2e5&#8243; header_5_line_height=&#8221;1.4em&#8221; header_6_font=&#8221;||||||||&#8221; header_6_text_color=&#8221;#000000&#8243; global_colors_info=&#8221;{}&#8221;]<\/p>\n<p><span style=\"font-size: 14pt; line-height: 150%; color: #808080;\"><span style=\"font-size: 13pt; line-height: 150%;\"><strong>Krzysztof Burda<br \/>Polska Izba Rozwoju Elektromobilno\u015bci: PIRE<br \/><\/strong><\/span><\/span><\/p>\n<p><span style=\"color: rgba(25, 0, 0, 0.63); font-size: large;\"><i><br \/>Ekspert w dziedzinie elektromobilno\u015bci od 8 lat w bran\u017cy. Wsp\u00f3\u0142za\u0142o\u017cyciel i Prezes Zarz\u0105du Stowarzyszenia Rozwoju Elektromobilno\u015bci Polska Izba, absolwent Uniwersytetu Zielonog\u00f3rskiego. Polski delegat COP26 Glasgow, B20 Indonezja. Aktywnie wsp\u00f3\u0142pracuje z biznesem, samorz\u0105dami, rz\u0105dowym oraz organizacjami mi\u0119dzynarodowymi.<\/i><\/span><\/p>\n<p><span style=\"color: rgba(25, 0, 0, 0.63); font-size: large;\"><\/span><\/p>\n<p>[\/et_pb_text][\/et_pb_column][\/et_pb_row][et_pb_row column_structure=&#8221;1_3,2_3&#8243; _builder_version=&#8221;4.24.1&#8243; custom_margin=&#8221;|auto|-3px|auto||&#8221; custom_padding=&#8221;40px|0px|40px|0px&#8221; animation_style=&#8221;fade&#8221; global_colors_info=&#8221;{}&#8221;][et_pb_column type=&#8221;1_3&#8243; _builder_version=&#8221;4.16&#8243; custom_padding=&#8221;|||&#8221; global_colors_info=&#8221;{}&#8221; custom_padding__hover=&#8221;|||&#8221;][et_pb_image src=&#8221;http:\/\/bcu.opole.pl\/bcu1\/wp-content\/uploads\/sites\/3\/2025\/03\/u.kowalczyk.jpg&#8221; title_text=&#8221;u.kowalczyk&#8221; _builder_version=&#8221;4.27.4&#8243; max_width=&#8221;65%&#8221; custom_margin=&#8221;|||&#8221; custom_margin_tablet=&#8221;90px|||&#8221; custom_margin_last_edited=&#8221;off|desktop&#8221; always_center_on_mobile=&#8221;off&#8221; locked=&#8221;off&#8221; global_colors_info=&#8221;{}&#8221;][\/et_pb_image][\/et_pb_column][et_pb_column type=&#8221;2_3&#8243; _builder_version=&#8221;4.16&#8243; custom_padding=&#8221;|||&#8221; global_colors_info=&#8221;{}&#8221; custom_padding__hover=&#8221;|||&#8221;][et_pb_text _builder_version=&#8221;4.27.4&#8243; text_font=&#8221;||||||||&#8221; text_text_color=&#8221;#0C71C3&#8243; text_line_height=&#8221;1.9em&#8221; header_font=&#8221;||||||||&#8221; header_text_color=&#8221;#000000&#8243; header_3_font=&#8221;||||||||&#8221; header_4_font=&#8221;||||||||&#8221; header_5_font=&#8221;Roboto||||||||&#8221; header_5_text_color=&#8221;#00b2e5&#8243; header_5_line_height=&#8221;1.4em&#8221; header_6_font=&#8221;||||||||&#8221; header_6_text_color=&#8221;#000000&#8243; global_colors_info=&#8221;{}&#8221;]<\/p>\n<p><span style=\"font-size: 14pt; line-height: 150%; color: #808080;\"><span style=\"font-size: 13pt; line-height: 150%;\"><strong>Urszula Kowalczyk<br \/>Zespo\u0142u Plac\u00f3wek O\u015bwiatowych w Opolu<br \/><\/strong><\/span><\/span><\/p>\n<p><span style=\"color: rgba(25, 0, 0, 0.63); font-size: large;\"><i><br \/><\/i><em>Nauczycielka przedmiot\u00f3w zawodowych oraz doradca zawodowy, od 2017 r. pe\u0142ni funkcj\u0119 dyrektora Zespo\u0142u Plac\u00f3wek O\u015bwiatowych w Opolu. Jej dzia\u0142ania koncentruj\u0105 si\u0119 na podnoszeniu jako\u015bci kszta\u0142cenia, dostosowaniu oferty edukacyjnej do potrzeb rynku pracy oraz modernizacji i rozwoju infrastruktury edukacyjnej.<\/em><\/span><\/p>\n<p><span style=\"color: rgba(25, 0, 0, 0.63); font-size: large;\"><\/span><\/p>\n<p>[\/et_pb_text][\/et_pb_column][\/et_pb_row][\/et_pb_section][et_pb_section fb_built=&#8221;1&#8243; admin_label=&#8221;Speakers&#8221; _builder_version=&#8221;4.24.1&#8243; custom_margin=&#8221;||||false|false&#8221; custom_padding=&#8221;0px||0px|||&#8221; animation_style=&#8221;zoom&#8221; animation_intensity_zoom=&#8221;10%&#8221; global_colors_info=&#8221;{}&#8221;][et_pb_row column_structure=&#8221;1_3,2_3&#8243; _builder_version=&#8221;4.24.1&#8243; custom_margin=&#8221;|||&#8221; custom_padding=&#8221;||||false|false&#8221; animation_style=&#8221;fade&#8221; global_colors_info=&#8221;{}&#8221;][et_pb_column type=&#8221;1_3&#8243; _builder_version=&#8221;4.16&#8243; custom_padding=&#8221;|||&#8221; global_colors_info=&#8221;{}&#8221; custom_padding__hover=&#8221;|||&#8221;][et_pb_image src=&#8221;http:\/\/bcu.opole.pl\/bcu1\/wp-content\/uploads\/sites\/3\/2025\/03\/mamalaj.jpg&#8221; title_text=&#8221;mamalaj&#8221; _builder_version=&#8221;4.27.4&#8243; max_width=&#8221;65%&#8221; custom_margin=&#8221;|||&#8221; custom_margin_tablet=&#8221;90px|||&#8221; custom_margin_last_edited=&#8221;off|desktop&#8221; always_center_on_mobile=&#8221;off&#8221; locked=&#8221;off&#8221; global_colors_info=&#8221;{}&#8221;][\/et_pb_image][\/et_pb_column][et_pb_column type=&#8221;2_3&#8243; _builder_version=&#8221;4.16&#8243; custom_padding=&#8221;|||&#8221; global_colors_info=&#8221;{}&#8221; custom_padding__hover=&#8221;|||&#8221;][et_pb_text _builder_version=&#8221;4.27.4&#8243; text_font=&#8221;||||||||&#8221; text_text_color=&#8221;#0C71C3&#8243; text_line_height=&#8221;1.9em&#8221; header_font=&#8221;||||||||&#8221; header_text_color=&#8221;#000000&#8243; header_3_font=&#8221;||||||||&#8221; header_4_font=&#8221;||||||||&#8221; header_5_font=&#8221;Roboto||||||||&#8221; header_5_text_color=&#8221;#00b2e5&#8243; header_5_line_height=&#8221;1.4em&#8221; header_6_font=&#8221;||||||||&#8221; header_6_text_color=&#8221;#000000&#8243; global_colors_info=&#8221;{}&#8221;]<\/p>\n<p><span style=\"font-size: 14pt; line-height: 150%; color: #808080;\"><span style=\"font-size: 13pt; line-height: 150%;\"><strong>prof. dr hab. in\u017c. Jaros\u0142aw Mamala<br \/>Park Naukowo-Technologiczny w Opolu<\/strong><\/span><\/span><\/p>\n<p><span style=\"color: rgba(25, 0, 0, 0.63); font-size: large;\"><i><br \/>Naukowiec, wynalazca, nauczyciel akademicki, przedsi\u0119biorca i mechanik z zawodu. <br \/>Profesor nauk in\u017cynieryjno-technicznych. Od 2012 r. pe\u0142ni funkcj\u0119 prezesa zarz\u0105du PNT w Opolu. Jako nauczyciel akademicki jest zwi\u0105zany z Politechnik\u0105 Opolsk\u0105 od 1996 r. Autor i wsp\u00f3\u0142autor ponad 190 publikacji naukowych i 11 patent\u00f3w zwi\u0105zanych m.in. z motoryzacj\u0105 i silnikami spalinowymi.<\/i><\/span><\/p>\n<p><span style=\"color: rgba(25, 0, 0, 0.63); font-size: large;\"><\/span><\/p>\n<p>[\/et_pb_text][\/et_pb_column][\/et_pb_row][et_pb_row column_structure=&#8221;1_3,2_3&#8243; _builder_version=&#8221;4.24.1&#8243; custom_margin=&#8221;|||&#8221; custom_padding=&#8221;||||false|false&#8221; animation_style=&#8221;fade&#8221; global_colors_info=&#8221;{}&#8221;][et_pb_column type=&#8221;1_3&#8243; _builder_version=&#8221;4.16&#8243; custom_padding=&#8221;|||&#8221; global_colors_info=&#8221;{}&#8221; custom_padding__hover=&#8221;|||&#8221;][et_pb_image src=&#8221;http:\/\/bcu.opole.pl\/bcu1\/wp-content\/uploads\/sites\/3\/2025\/03\/r.orlowski.jpg&#8221; title_text=&#8221;r.orlowski&#8221; _builder_version=&#8221;4.27.4&#8243; max_width=&#8221;65%&#8221; custom_margin=&#8221;|||&#8221; custom_margin_tablet=&#8221;90px|||&#8221; custom_margin_last_edited=&#8221;off|desktop&#8221; always_center_on_mobile=&#8221;off&#8221; locked=&#8221;off&#8221; global_colors_info=&#8221;{}&#8221;][\/et_pb_image][\/et_pb_column][et_pb_column type=&#8221;2_3&#8243; _builder_version=&#8221;4.16&#8243; custom_padding=&#8221;|||&#8221; global_colors_info=&#8221;{}&#8221; custom_padding__hover=&#8221;|||&#8221;][et_pb_text _builder_version=&#8221;4.27.4&#8243; text_font=&#8221;||||||||&#8221; text_text_color=&#8221;#0C71C3&#8243; text_line_height=&#8221;1.9em&#8221; header_font=&#8221;||||||||&#8221; header_text_color=&#8221;#000000&#8243; header_3_font=&#8221;||||||||&#8221; header_4_font=&#8221;||||||||&#8221; header_5_font=&#8221;Roboto||||||||&#8221; header_5_text_color=&#8221;#00b2e5&#8243; header_5_line_height=&#8221;1.4em&#8221; header_6_font=&#8221;||||||||&#8221; header_6_text_color=&#8221;#000000&#8243; global_colors_info=&#8221;{}&#8221;]<\/p>\n<p><span style=\"font-size: 14pt; line-height: 150%; color: #808080;\"><span style=\"font-size: 13pt; line-height: 150%;\"><strong>Rafa\u0142 Or\u0142owski<br \/>AutomotiveSuppliers.pl<\/strong><\/span><\/span><\/p>\n<p>\u00a0<span style=\"color: rgba(25, 0, 0, 0.63); font-size: large;\"><i>Przedsi\u0119biorca, wsp\u00f3\u0142za\u0142o\u017cyciel i wsp\u00f3\u0142w\u0142a\u015bciciel firmy AutomotiveSuppliers.pl. Ekspert z ponad 25-letnim do\u015bwiadczeniem i jeden z g\u0142\u00f3wnych analityk\u00f3w przemys\u0142u motoryzacyjnej w Polsce. Autor wielu analiz i raport\u00f3w.<br \/>Absolwent Uniwersytetu Warszawskiego (Instytut Historyczny). Uko\u0144czy\u0142 r\u00f3wnie\u017c Podyplomowe Studia Menad\u017cer\u00f3w Motoryzacji (Szko\u0142a G\u0142\u00f3wna Handlowa).<\/p>\n<p><\/i><\/span><\/p>\n<p>&nbsp;<\/p>\n<p><span style=\"color: rgba(25, 0, 0, 0.63); font-size: large;\"><\/span><\/p>\n<p>[\/et_pb_text][\/et_pb_column][\/et_pb_row][et_pb_row column_structure=&#8221;1_3,2_3&#8243; _builder_version=&#8221;4.24.1&#8243; custom_margin=&#8221;|||&#8221; custom_padding=&#8221;||||false|false&#8221; animation_style=&#8221;fade&#8221; global_colors_info=&#8221;{}&#8221;][et_pb_column type=&#8221;1_3&#8243; _builder_version=&#8221;4.16&#8243; custom_padding=&#8221;|||&#8221; global_colors_info=&#8221;{}&#8221; custom_padding__hover=&#8221;|||&#8221;][et_pb_image src=&#8221;http:\/\/bcu.opole.pl\/bcu1\/wp-content\/uploads\/sites\/3\/2025\/03\/m.wujec1_.jpg&#8221; title_text=&#8221;m.wujec1&#8243; _builder_version=&#8221;4.27.4&#8243; max_width=&#8221;65%&#8221; custom_margin=&#8221;|||&#8221; custom_margin_tablet=&#8221;90px|||&#8221; custom_margin_last_edited=&#8221;off|desktop&#8221; always_center_on_mobile=&#8221;off&#8221; locked=&#8221;off&#8221; global_colors_info=&#8221;{}&#8221;][\/et_pb_image][\/et_pb_column][et_pb_column type=&#8221;2_3&#8243; _builder_version=&#8221;4.16&#8243; custom_padding=&#8221;|||&#8221; global_colors_info=&#8221;{}&#8221; custom_padding__hover=&#8221;|||&#8221;][et_pb_text _builder_version=&#8221;4.27.4&#8243; text_font=&#8221;||||||||&#8221; text_text_color=&#8221;#0C71C3&#8243; text_line_height=&#8221;1.9em&#8221; header_font=&#8221;||||||||&#8221; header_text_color=&#8221;#000000&#8243; header_3_font=&#8221;||||||||&#8221; header_4_font=&#8221;||||||||&#8221; header_5_font=&#8221;Roboto||||||||&#8221; header_5_text_color=&#8221;#00b2e5&#8243; header_5_line_height=&#8221;1.4em&#8221; header_6_font=&#8221;||||||||&#8221; header_6_text_color=&#8221;#000000&#8243; global_colors_info=&#8221;{}&#8221;]<\/p>\n<p><span style=\"font-size: 14pt; line-height: 150%; color: #808080;\"><span style=\"font-size: 13pt; line-height: 150%;\"><strong>Maciej Wujec<br \/>Pierwszy Zast\u0119pca Prezydenta Miasta Opola<br \/><\/strong><\/span><\/span><\/p>\n<p><span style=\"color: rgba(25, 0, 0, 0.63); font-size: large;\"><i>Ekonomista od lat zwi\u0105zany z gospodarczym rozwojem miasta Opola. Nadzorowa\u0142 m.in. tworzenie takich instytucji, jak Park Naukowo-Technologiczny w Opolu, czy Centrum Wystawienniczo-Kongresowe. Jego do\u015bwiadczenie obejmuje zar\u00f3wno sektor bankowy, jak i administracj\u0119 publiczn\u0105, gdzie odpowiada\u0142 za promocj\u0119 gospodarcz\u0105 i obs\u0142ug\u0119 inwestor\u00f3w.<\/p>\n<p><\/i><\/span><\/p>\n<p>&nbsp;<\/p>\n<p>&nbsp;<\/p>\n<p><span style=\"color: rgba(25, 0, 0, 0.63); font-size: large;\"><\/span><\/p>\n<p>[\/et_pb_text][\/et_pb_column][\/et_pb_row][et_pb_row _builder_version=&#8221;4.27.4&#8243; _module_preset=&#8221;default&#8221; global_colors_info=&#8221;{}&#8221;][et_pb_column type=&#8221;4_4&#8243; _builder_version=&#8221;4.27.4&#8243; _module_preset=&#8221;default&#8221; global_colors_info=&#8221;{}&#8221;][et_pb_text _builder_version=&#8221;4.27.4&#8243; text_font=&#8221;||||||||&#8221; text_font_size=&#8221;20px&#8221; text_line_height=&#8221;1.9em&#8221; header_font=&#8221;||||||||&#8221; header_2_font=&#8221;Roboto|300|||||||&#8221; header_2_font_size=&#8221;50px&#8221; header_2_line_height=&#8221;1.2em&#8221; text_orientation=&#8221;center&#8221; max_width=&#8221;700px&#8221; max_width_tablet=&#8221;&#8221; max_width_phone=&#8221;&#8221; max_width_last_edited=&#8221;on|desktop&#8221; module_alignment=&#8221;center&#8221; header_2_font_size_tablet=&#8221;40px&#8221; header_2_font_size_phone=&#8221;32px&#8221; header_2_font_size_last_edited=&#8221;on|phone&#8221; global_colors_info=&#8221;{}&#8221;]<\/p>\n<h2><\/h2>\n<p><strong>Galeria zdj\u0119\u0107 z inauguracji projektu <br \/><\/strong><strong>BCU Przemys\u0142 Motoryzacyjny<\/strong><\/p>\n<p>[\/et_pb_text][\/et_pb_column][\/et_pb_row][et_pb_row _builder_version=&#8221;4.27.4&#8243; _module_preset=&#8221;default&#8221; global_colors_info=&#8221;{}&#8221;][et_pb_column type=&#8221;4_4&#8243; _builder_version=&#8221;4.27.4&#8243; _module_preset=&#8221;default&#8221; global_colors_info=&#8221;{}&#8221;][et_pb_gallery gallery_ids=&#8221;156,157,158,159,160,161,162,163,164,165,166&#8243; fullwidth=&#8221;on&#8221; _builder_version=&#8221;4.27.4&#8243; _module_preset=&#8221;default&#8221; title_text_color=&#8221;#000000&#8243; pagination_font=&#8221;|800|||||||&#8221; pagination_text_color=&#8221;#000000&#8243; background_layout=&#8221;dark&#8221; global_colors_info=&#8221;{}&#8221;][\/et_pb_gallery][\/et_pb_column][\/et_pb_row][et_pb_row _builder_version=&#8221;4.27.4&#8243; _module_preset=&#8221;default&#8221; global_colors_info=&#8221;{}&#8221;][et_pb_column type=&#8221;4_4&#8243; _builder_version=&#8221;4.27.4&#8243; _module_preset=&#8221;default&#8221; global_colors_info=&#8221;{}&#8221;][et_pb_video src=&#8221;https:\/\/www.youtube.com\/watch?v=lhosGE19u4I&#8221; _builder_version=&#8221;4.27.4&#8243; _module_preset=&#8221;default&#8221; global_colors_info=&#8221;{}&#8221;][\/et_pb_video][\/et_pb_column][\/et_pb_row][et_pb_row _builder_version=&#8221;4.27.4&#8243; _module_preset=&#8221;default&#8221; global_colors_info=&#8221;{}&#8221;][et_pb_column type=&#8221;4_4&#8243; _builder_version=&#8221;4.27.4&#8243; _module_preset=&#8221;default&#8221; global_colors_info=&#8221;{}&#8221;][et_pb_text _builder_version=&#8221;4.27.4&#8243; text_font=&#8221;||||||||&#8221; text_font_size=&#8221;20px&#8221; text_line_height=&#8221;1.9em&#8221; header_font=&#8221;||||||||&#8221; header_2_font=&#8221;Roboto|300|||||||&#8221; header_2_font_size=&#8221;50px&#8221; header_2_line_height=&#8221;1.2em&#8221; text_orientation=&#8221;center&#8221; max_width=&#8221;700px&#8221; max_width_tablet=&#8221;&#8221; max_width_phone=&#8221;&#8221; max_width_last_edited=&#8221;on|desktop&#8221; module_alignment=&#8221;center&#8221; header_2_font_size_tablet=&#8221;40px&#8221; header_2_font_size_phone=&#8221;32px&#8221; header_2_font_size_last_edited=&#8221;on|phone&#8221; global_colors_info=&#8221;{}&#8221;]<\/p>\n<h2><\/h2>\n<p><strong>Prezentacje z konferencji<\/strong><\/p>\n<p>[\/et_pb_text][\/et_pb_column][\/et_pb_row][et_pb_row column_structure=&#8221;1_3,1_3,1_3&#8243; _builder_version=&#8221;4.27.4&#8243; _module_preset=&#8221;default&#8221; global_colors_info=&#8221;{}&#8221;][et_pb_column type=&#8221;1_3&#8243; _builder_version=&#8221;4.27.4&#8243; _module_preset=&#8221;default&#8221; global_colors_info=&#8221;{}&#8221;][et_pb_image src=&#8221;http:\/\/bcu.opole.pl\/bcu1\/wp-content\/uploads\/sites\/3\/2025\/03\/pbielaczyc1.jpg&#8221; title_text=&#8221;pbielaczyc1&#8243; _builder_version=&#8221;4.27.4&#8243; max_width=&#8221;65%&#8221; custom_margin=&#8221;|||&#8221; custom_margin_tablet=&#8221;90px|||&#8221; custom_margin_last_edited=&#8221;off|desktop&#8221; hover_enabled=&#8221;0&#8243; always_center_on_mobile=&#8221;off&#8221; locked=&#8221;off&#8221; global_colors_info=&#8221;{}&#8221; align=&#8221;center&#8221; sticky_enabled=&#8221;0&#8243;][\/et_pb_image][et_pb_text _builder_version=&#8221;4.27.4&#8243; _module_preset=&#8221;default&#8221; hover_enabled=&#8221;0&#8243; global_colors_info=&#8221;{}&#8221; sticky_enabled=&#8221;0&#8243;]<\/p>\n<p style=\"text-align: center;\"><span style=\"font-size: 14pt; line-height: 150%; color: #808080;\"><span style=\"font-size: 13pt; line-height: 150%;\"><strong>Piotr A. Bielaczyc, Prof.PK,<br \/>DSc.h.c., FSAE<br \/>Global Powertrain Expert w Instytucie Bada\u0144 i Rozwoju Motoryzacji BOSMALL<\/strong><\/span><\/span><\/p>\n<p><span style=\"font-size: 14pt; line-height: 150%; color: #808080;\"><span style=\"font-size: 13pt; line-height: 150%;\"><strong><\/strong><\/span><\/span><\/p>\n<p>[\/et_pb_text][et_pb_icon font_icon=&#8221;&#xe0e8;||divi||400&#8243; url=&#8221;@ET-DC@eyJkeW5hbWljIjp0cnVlLCJjb250ZW50IjoicG9zdF9saW5rX3VybF9hdHRhY2htZW50Iiwic2V0dGluZ3MiOnsicG9zdF9pZCI6IjE5MCJ9fQ==@&#8221; _builder_version=&#8221;4.27.4&#8243; _dynamic_attributes=&#8221;url&#8221; _module_preset=&#8221;default&#8221; hover_enabled=&#8221;0&#8243; global_colors_info=&#8221;{}&#8221; icon_color=&#8221;#0c71c3&#8243; icon_width=&#8221;55px&#8221; sticky_enabled=&#8221;0&#8243;][\/et_pb_icon][\/et_pb_column][et_pb_column type=&#8221;1_3&#8243; _builder_version=&#8221;4.27.4&#8243; _module_preset=&#8221;default&#8221; global_colors_info=&#8221;{}&#8221;][et_pb_image src=&#8221;http:\/\/bcu.opole.pl\/bcu1\/wp-content\/uploads\/sites\/3\/2025\/03\/k.burda_.jpg&#8221; title_text=&#8221;k.burda&#8221; _builder_version=&#8221;4.27.4&#8243; max_width=&#8221;65%&#8221; custom_margin=&#8221;|||&#8221; custom_margin_tablet=&#8221;90px|||&#8221; custom_margin_last_edited=&#8221;off|desktop&#8221; hover_enabled=&#8221;0&#8243; always_center_on_mobile=&#8221;off&#8221; locked=&#8221;off&#8221; global_colors_info=&#8221;{}&#8221; align=&#8221;center&#8221; sticky_enabled=&#8221;0&#8243;][\/et_pb_image][et_pb_text _builder_version=&#8221;4.27.4&#8243; _module_preset=&#8221;default&#8221; hover_enabled=&#8221;0&#8243; global_colors_info=&#8221;{}&#8221; sticky_enabled=&#8221;0&#8243;]<\/p>\n<p style=\"text-align: center;\"><span style=\"font-size: 14pt; line-height: 150%; color: #808080;\"><span style=\"font-size: 13pt; line-height: 150%;\"><strong>Krzysztof Burda<br \/>Polska Izba Rozwoju Elektromobilno\u015bci: PIRE<\/strong><\/span><\/span><\/p>\n<p>[\/et_pb_text][et_pb_icon font_icon=&#8221;&#xe0e8;||divi||400&#8243; url=&#8221;@ET-DC@eyJkeW5hbWljIjp0cnVlLCJjb250ZW50IjoicG9zdF9saW5rX3VybF9hdHRhY2htZW50Iiwic2V0dGluZ3MiOnsicG9zdF9pZCI6IjE4OSJ9fQ==@&#8221; _builder_version=&#8221;4.27.4&#8243; _dynamic_attributes=&#8221;url&#8221; _module_preset=&#8221;default&#8221; hover_enabled=&#8221;0&#8243; global_colors_info=&#8221;{}&#8221; icon_color=&#8221;#0C71C3&#8243; icon_width=&#8221;55px&#8221; sticky_enabled=&#8221;0&#8243;][\/et_pb_icon][\/et_pb_column][et_pb_column type=&#8221;1_3&#8243; _builder_version=&#8221;4.27.4&#8243; _module_preset=&#8221;default&#8221; global_colors_info=&#8221;{}&#8221;][et_pb_image src=&#8221;http:\/\/bcu.opole.pl\/bcu1\/wp-content\/uploads\/sites\/3\/2025\/03\/u.kowalczyk.jpg&#8221; title_text=&#8221;u.kowalczyk&#8221; _builder_version=&#8221;4.27.4&#8243; max_width=&#8221;65%&#8221; custom_margin=&#8221;|||&#8221; custom_margin_tablet=&#8221;90px|||&#8221; custom_margin_last_edited=&#8221;off|desktop&#8221; hover_enabled=&#8221;0&#8243; always_center_on_mobile=&#8221;off&#8221; locked=&#8221;off&#8221; global_colors_info=&#8221;{}&#8221; align=&#8221;center&#8221; sticky_enabled=&#8221;0&#8243;][\/et_pb_image][et_pb_text _builder_version=&#8221;4.27.4&#8243; _module_preset=&#8221;default&#8221; hover_enabled=&#8221;0&#8243; global_colors_info=&#8221;{}&#8221; sticky_enabled=&#8221;0&#8243;]<\/p>\n<p style=\"text-align: center;\"><span style=\"font-size: 14pt; line-height: 150%; color: #808080;\"><span style=\"font-size: 13pt; line-height: 150%;\"><strong>Urszula Kowalczyk<br \/>Zespo\u0142u Plac\u00f3wek O\u015bwiatowych w Opolu<\/strong><\/span><\/span><\/p>\n<p>[\/et_pb_text][et_pb_icon font_icon=&#8221;&#xe0e8;||divi||400&#8243; url=&#8221;@ET-DC@eyJkeW5hbWljIjp0cnVlLCJjb250ZW50IjoicG9zdF9saW5rX3VybF9hdHRhY2htZW50Iiwic2V0dGluZ3MiOnsicG9zdF9pZCI6IjE5MSJ9fQ==@&#8221; _builder_version=&#8221;4.27.4&#8243; _dynamic_attributes=&#8221;url&#8221; _module_preset=&#8221;default&#8221; global_colors_info=&#8221;{}&#8221; icon_color=&#8221;#0C71C3&#8243; icon_width=&#8221;55px&#8221;][\/et_pb_icon][\/et_pb_column][\/et_pb_row][et_pb_row _builder_version=&#8221;4.24.1&#8243; _module_preset=&#8221;default&#8221; global_colors_info=&#8221;{}&#8221;][et_pb_column type=&#8221;4_4&#8243; _builder_version=&#8221;4.24.1&#8243; _module_preset=&#8221;default&#8221; global_colors_info=&#8221;{}&#8221;][et_pb_text _builder_version=&#8221;4.27.4&#8243; _module_preset=&#8221;default&#8221; text_font_size=&#8221;16px&#8221; global_colors_info=&#8221;{}&#8221;][\/et_pb_text][\/et_pb_column][\/et_pb_row][\/et_pb_section][et_pb_section fb_built=&#8221;1&#8243; admin_label=&#8221;Footer&#8221; _builder_version=&#8221;4.24.1&#8243; _module_preset=&#8221;default&#8221; background_color=&#8221;gcid-a8e26c5e-4ea4-44b2-8a39-bb865eba3c3e&#8221; min_height=&#8221;350.7px&#8221; custom_padding=&#8221;16px|||||&#8221; saved_tabs=&#8221;all&#8221; collapsed=&#8221;on&#8221; global_colors_info=&#8221;{%22gcid-a8e26c5e-4ea4-44b2-8a39-bb865eba3c3e%22:%91%22background_color%22%93}&#8221;][et_pb_row column_structure=&#8221;1_2,1_2&#8243; _builder_version=&#8221;4.24.1&#8243; _module_preset=&#8221;default&#8221; module_alignment=&#8221;center&#8221; custom_margin=&#8221;||||false|true&#8221; custom_padding=&#8221;||||false|false&#8221; global_colors_info=&#8221;{}&#8221;][et_pb_column type=&#8221;1_2&#8243; _builder_version=&#8221;4.24.1&#8243; _module_preset=&#8221;default&#8221; global_colors_info=&#8221;{}&#8221;][et_pb_text _builder_version=&#8221;4.24.1&#8243; _module_preset=&#8221;default&#8221; text_font=&#8221;Lato||||||||&#8221; text_text_color=&#8221;#FFFFFF&#8221; custom_padding=&#8221;|||0px||&#8221; global_colors_info=&#8221;{}&#8221;]<\/p>\n<p><span style=\"color: #ffffff;\">KONTAKT:<\/span><\/p>\n<p style=\"text-align: left;\"><strong><span style=\"color: #ffffff; font-size: large;\">Park Naukowo-Technologiczny w Opolu Sp. z o.o.<\/span><\/strong><br \/><span style=\"color: #ffffff; font-size: large;\">ul. Technologiczna 2, 45-839 Opole<\/span><br \/><span style=\"color: #ffffff; font-size: large;\">e-mail: <a href=\"mailto:konferencja@pnt.opole.pl\" style=\"color: #ffffff;\">konferencja@pnt.opole.pl<\/a><\/span><br \/><span style=\"color: #ffffff; font-size: large;\">tel. 884 883 958<\/span><\/p>\n<p style=\"text-align: left;\">MIEJSCE:<br \/><span style=\"color: #ffffff; font-size: large;\"><strong>Atrium PNT w Opolu<br \/>ul. Technologiczna 2B, 45-839 Opole<\/strong><\/span><\/p>\n<p><span style=\"color: #ffffff; font-size: large;\"><\/span><strong><\/strong><strong><\/strong><span style=\"color: #ffffff; font-size: large;\"><\/span><span style=\"color: #ffffff; font-size: large;\"><\/span><span style=\"color: #ffffff; font-size: large;\"><\/span><span style=\"color: #ffffff; font-size: large;\"><\/span><span style=\"color: #ffffff; font-size: large;\"><\/span><\/p>\n<p style=\"text-align: left;\"><span style=\"color: #ffffff; font-size: large;\"><\/span><\/p>\n<p>[\/et_pb_text][\/et_pb_column][et_pb_column type=&#8221;1_2&#8243; _builder_version=&#8221;4.24.1&#8243; _module_preset=&#8221;default&#8221; global_colors_info=&#8221;{}&#8221;][et_pb_code _builder_version=&#8221;4.27.4&#8243; _module_preset=&#8221;default&#8221; global_colors_info=&#8221;{}&#8221;]<iframe src=\"https:\/\/www.google.com\/maps\/embed?pb=!1m18!1m12!1m3!1d354.69126319462765!2d17.874207159367625!3d50.68371591364121!2m3!1f0!2f0!3f0!3m2!1i1024!2i768!4f13.1!3m3!1m2!1s0x4710527d12664337%3A0xbe624bba5d312229!2sPark%20Naukowo-Technologiczny%20w%20Opolu%20sp.%20z%20o.o.!5e0!3m2!1spl!2spl!4v1741871693787!5m2!1spl!2spl\" width=\"600\" height=\"250\" style=\"border:0;\" allowfullscreen=\"\" loading=\"lazy\" referrerpolicy=\"no-referrer-when-downgrade\"><\/iframe>[\/et_pb_code][\/et_pb_column][\/et_pb_row][\/et_pb_section]<\/p>\n","protected":false},"excerpt":{"rendered":"<p>Wspieramy rozw\u00f3j kompetencji zawodowych zgodnych z potrzebami lokalnego rynku pracy! Bran\u017cowe Centrum Umiej\u0119tno\u015bci w dziedzinie przemys\u0142u motoryzacyjnego to powstaj\u0105ca przy ul. Torowej w Opolu, nowoczesna przestrze\u0144 edukacyjno-szkoleniowa \u0142\u0105cz\u0105ca wiedz\u0119, technologi\u0119 i praktyczne umiej\u0119tno\u015bci. Jako jedyna w Polsce b\u0119dzie oferowa\u0107 certyfikacj\u0119 w zakresie podstaw elektromobilno\u015bci. To prze\u0142omowy projekt edukacyjny, dzi\u0119ki kt\u00f3remu Opole stanie si\u0119 kluczowym o\u015brodkiem [&hellip;]<\/p>\n","protected":false},"author":3,"featured_media":0,"parent":0,"menu_order":0,"comment_status":"closed","ping_status":"closed","template":"","meta":{"_et_pb_use_builder":"on","_et_pb_old_content":"","_et_gb_content_width":"","footnotes":""},"class_list":["post-6","page","type-page","status-publish","hentry"],"aioseo_notices":[],"_links":{"self":[{"href":"https:\/\/bcu.opole.pl\/bcu1\/wp-json\/wp\/v2\/pages\/6","targetHints":{"allow":["GET"]}}],"collection":[{"href":"https:\/\/bcu.opole.pl\/bcu1\/wp-json\/wp\/v2\/pages"}],"about":[{"href":"https:\/\/bcu.opole.pl\/bcu1\/wp-json\/wp\/v2\/types\/page"}],"author":[{"embeddable":true,"href":"https:\/\/bcu.opole.pl\/bcu1\/wp-json\/wp\/v2\/users\/3"}],"replies":[{"embeddable":true,"href":"https:\/\/bcu.opole.pl\/bcu1\/wp-json\/wp\/v2\/comments?post=6"}],"version-history":[{"count":67,"href":"https:\/\/bcu.opole.pl\/bcu1\/wp-json\/wp\/v2\/pages\/6\/revisions"}],"predecessor-version":[{"id":235,"href":"https:\/\/bcu.opole.pl\/bcu1\/wp-json\/wp\/v2\/pages\/6\/revisions\/235"}],"wp:attachment":[{"href":"https:\/\/bcu.opole.pl\/bcu1\/wp-json\/wp\/v2\/media?parent=6"}],"curies":[{"name":"wp","href":"https:\/\/api.w.org\/{rel}","templated":true}]}}