{"id":236,"date":"2025-04-14T09:33:08","date_gmt":"2025-04-14T07:33:08","guid":{"rendered":"https:\/\/bcu.opole.pl\/bcu1\/?page_id=236"},"modified":"2026-04-14T11:07:58","modified_gmt":"2026-04-14T09:07:58","slug":"spotkania-z-przemyslem","status":"publish","type":"page","link":"https:\/\/bcu.opole.pl\/bcu1\/spotkania-z-przemyslem\/","title":{"rendered":"SPOTKANIA Z PRZEMYS\u0141EM"},"content":{"rendered":"<p>[et_pb_section fb_built=&#8221;1&#8243; fullwidth=&#8221;on&#8221; _builder_version=&#8221;4.24.1&#8243; _module_preset=&#8221;default&#8221; global_colors_info=&#8221;{}&#8221;][et_pb_fullwidth_image src=&#8221;https:\/\/bcu.opole.pl\/bcu1\/wp-content\/uploads\/sites\/3\/2026\/04\/spotkania-z-przemyslem-wzor-16-04.jpg&#8221; title_text=&#8221;spotkania z przemyslem wzor 16-04&#8243; _builder_version=&#8221;4.27.6&#8243; _module_preset=&#8221;default&#8221; global_colors_info=&#8221;{}&#8221;][\/et_pb_fullwidth_image][\/et_pb_section][et_pb_section fb_built=&#8221;1&#8243; _builder_version=&#8221;4.24.1&#8243; _module_preset=&#8221;default&#8221; global_colors_info=&#8221;{}&#8221;][et_pb_row _builder_version=&#8221;4.24.1&#8243; _module_preset=&#8221;default&#8221; global_colors_info=&#8221;{}&#8221;][et_pb_column type=&#8221;4_4&#8243; _builder_version=&#8221;4.24.1&#8243; _module_preset=&#8221;default&#8221; global_colors_info=&#8221;{}&#8221;][et_pb_text _builder_version=&#8221;4.27.6&#8243; _module_preset=&#8221;default&#8221; text_font_size=&#8221;16px&#8221; global_colors_info=&#8221;{}&#8221;]<\/p>\n<p style=\"text-align: center;\">Zapraszamy na kolejn\u0105 ods\u0142on\u0119 Spotkania z przemys\u0142em.<\/p>\n<p style=\"text-align: center;\">Tym razem go\u015bciem b\u0119dzie <strong>Patryk Stasiak:<\/strong> Prezes Zarz\u0105du Zak\u0142adu Komunalnego w Opolu oraz <strong>dr in\u017c. Konrad Ptasi\u0144ski<\/strong> Europejski i Polski Rzecznik Patentowy<\/p>\n<p><strong>Patryk Stasiak<\/strong><br \/>Temat prezentacji: &#8222;Recykling materia\u0142\u00f3w z pojazd\u00f3w samochodowych&#8221;<\/p>\n<p>Prezentacja omawia gospodark\u0119 obiegu zamkni\u0119tego i przepisy dotycz\u0105ce recyklingu pojazd\u00f3w w Unii Europejskiej oraz w Polsce. Pokazuje budow\u0119 r\u00f3\u017cnych typ\u00f3w samochod\u00f3w (spalinowych, elektrycznych i hybrydowych) oraz proces wycofywania pojazd\u00f3w z u\u017cytkowania i ich demonta\u017cu w stacjach recyklingu. Du\u017ca cz\u0119\u015b\u0107 prezentacji dotyczy baterii litowo-jonowych w samochodach elektrycznych, metod ich recyklingu oraz znaczenia surowc\u00f3w krytycznych dla przysz\u0142o\u015bci przemys\u0142u motoryzacyjnego.<\/p>\n<p><strong>dr in\u017c. Konrad Ptasi\u0144ski Europejski\u00a0<\/strong><br \/>Temat prezentacji: &#8222;IP jako aktywa strategiczne \u2013 jak zarz\u0105dza\u0107 niematerialnym maj\u0105tkiem firmy&#8221;<\/p>\n<p>Wyst\u0105pienie koncentruje si\u0119 na zrozumieniu w\u0142asno\u015bci intelektualnej jako realnego kapita\u0142u firmy, kt\u00f3ry mo\u017cna wyceni\u0107, sprzeda\u0107, wynaj\u0105\u0107 lub wykorzysta\u0107 jako zabezpieczenie kredytu. Uczestnicy poznaj\u0105, dlaczego w nowoczesnych firmach warto\u015b\u0107 patent\u00f3w cz\u0119sto przewy\u017csza warto\u015b\u0107 fizycznych aktyw\u00f3w. Prelekcja wyja\u015bnia, jak budowa\u0107 portfolio IP, kt\u00f3re zwi\u0119ksza wycen\u0119 przedsi\u0119biorstwa, u\u0142atwia pozyskanie inwestor\u00f3w i stanowi barier\u0119 wej\u015bcia dla konkurencji. Na praktycznych przypadkach zostanie pokazane, jak firmy z r\u00f3\u017cnych sektor\u00f3w wykorzystuj\u0105 patenty i know-how w negocjacjach handlowych, jak chroni\u0105 swoje procedury operacyjne przed kopiowaniem oraz jak monetyzuj\u0105 swoje rozwi\u0105zania poprzez licencjonowanie technologii innym graczom rynkowym.<\/p>\n<p style=\"text-align: center;\"><strong>Zapraszamy wszystkich zainteresowanych nowoczesnym przemys\u0142em, zarz\u0105dzaniem i strategi\u0105 rozwoju w \u015brodowisku globalnym.<\/strong><\/p>\n<p>&nbsp;<\/p>\n<p>[\/et_pb_text][\/et_pb_column][\/et_pb_row][et_pb_row column_structure=&#8221;1_3,1_3,1_3&#8243; _builder_version=&#8221;4.27.5&#8243; _module_preset=&#8221;default&#8221; global_colors_info=&#8221;{}&#8221;][et_pb_column type=&#8221;1_3&#8243; _builder_version=&#8221;4.27.5&#8243; _module_preset=&#8221;default&#8221; global_colors_info=&#8221;{}&#8221;][et_pb_icon font_icon=&#8221;&#xf073;||fa||400&#8243; icon_color=&#8221;#0DA0C5&#8243; _builder_version=&#8221;4.27.5&#8243; _module_preset=&#8221;default&#8221; global_colors_info=&#8221;{}&#8221;][\/et_pb_icon][et_pb_text _builder_version=&#8221;4.27.6&#8243; _module_preset=&#8221;default&#8221; global_colors_info=&#8221;{}&#8221;]<\/p>\n<h2 style=\"text-align: center;\">16.04.2026r.<br \/>09:30<\/h2>\n<p>[\/et_pb_text][\/et_pb_column][et_pb_column type=&#8221;1_3&#8243; _builder_version=&#8221;4.27.5&#8243; _module_preset=&#8221;default&#8221; global_colors_info=&#8221;{}&#8221;][et_pb_icon font_icon=&#8221;&#xf5a0;||fa||900&#8243; icon_color=&#8221;#0DA0C5&#8243; _builder_version=&#8221;4.27.5&#8243; _module_preset=&#8221;default&#8221; global_colors_info=&#8221;{}&#8221;][\/et_pb_icon][et_pb_text _builder_version=&#8221;4.27.6&#8243; _module_preset=&#8221;default&#8221; global_colors_info=&#8221;{}&#8221;]<\/p>\n<h2 style=\"text-align: center;\">Zesp\u00f3\u0142 Plac\u00f3wek O\u015bwiatowych w Opolu<\/h2>\n<p style=\"text-align: center;\">ul. Torowa 7, 45-073 Opole<\/p>\n<p>[\/et_pb_text][\/et_pb_column][et_pb_column type=&#8221;1_3&#8243; _builder_version=&#8221;4.27.5&#8243; _module_preset=&#8221;default&#8221; global_colors_info=&#8221;{}&#8221;][et_pb_icon font_icon=&#8221;&#xf044;||fa||900&#8243; icon_color=&#8221;#0DA0C5&#8243; _builder_version=&#8221;4.27.5&#8243; _module_preset=&#8221;default&#8221; global_colors_info=&#8221;{}&#8221;][\/et_pb_icon][et_pb_text _builder_version=&#8221;4.27.5&#8243; _module_preset=&#8221;default&#8221; global_colors_info=&#8221;{}&#8221;]<\/p>\n<h2 style=\"text-align: center;\"><a href=\"mailto:konferencja@pnt.opole.pl\">konferencja@pnt.opole.pl<\/a><\/h2>\n<p>[\/et_pb_text][\/et_pb_column][\/et_pb_row][\/et_pb_section][et_pb_section fb_built=&#8221;1&#8243; custom_padding_last_edited=&#8221;on|tablet&#8221; admin_label=&#8221;Schedule&#8221; _builder_version=&#8221;4.24.1&#8243; background_enable_color=&#8221;off&#8221; background_color_gradient_direction=&#8221;90deg&#8221; background_enable_image=&#8221;off&#8221; background_size=&#8221;initial&#8221; background_position=&#8221;top_right&#8221; max_width_tablet=&#8221;&#8221; max_width_phone=&#8221;100%&#8221; max_width_last_edited=&#8221;on|phone&#8221; custom_margin=&#8221;||-64px|||&#8221; custom_padding=&#8221;|10vw||0px||&#8221; custom_padding_tablet=&#8221;|0vw||&#8221; custom_padding_phone=&#8221;&#8221; border_color_all=&#8221;#8300e9&#8243; border_width_left=&#8221;10vw&#8221; border_color_left=&#8221;#094351&#8243; locked=&#8221;off&#8221; global_colors_info=&#8221;{}&#8221;][et_pb_row column_structure=&#8221;1_4,1_2,1_4&#8243; _builder_version=&#8221;4.16&#8243; custom_margin_tablet=&#8221;|||&#8221; custom_margin_phone=&#8221;|||&#8221; custom_margin_last_edited=&#8221;on|desktop&#8221; custom_padding=&#8221;27px|||||&#8221; animation_style=&#8221;zoom&#8221; animation_direction=&#8221;top&#8221; animation_intensity_zoom=&#8221;10%&#8221; border_color_all=&#8221;rgba(51,51,51,0.05)&#8221; border_width_bottom=&#8221;2px&#8221; global_colors_info=&#8221;{}&#8221;][et_pb_column type=&#8221;1_4&#8243; _builder_version=&#8221;4.16&#8243; custom_padding=&#8221;|||&#8221; global_colors_info=&#8221;{}&#8221; custom_padding__hover=&#8221;|||&#8221;][et_pb_text _builder_version=&#8221;4.27.6&#8243; text_line_height=&#8221;1.9em&#8221; header_font=&#8221;||||||||&#8221; header_6_font=&#8221;Roboto|||on|||||&#8221; header_6_font_size=&#8221;20px&#8221; header_6_line_height=&#8221;1.2em&#8221; global_colors_info=&#8221;{}&#8221;]<\/p>\n<h6>09:00-09:30<\/h6>\n<p>[\/et_pb_text][\/et_pb_column][et_pb_column type=&#8221;1_2&#8243; _builder_version=&#8221;4.16&#8243; custom_padding=&#8221;|||&#8221; global_colors_info=&#8221;{}&#8221; custom_padding__hover=&#8221;|||&#8221;][et_pb_text _builder_version=&#8221;4.27.4&#8243; text_font=&#8221;||||||||&#8221; text_text_color=&#8221;#0C71C3&#8243; text_line_height=&#8221;2em&#8221; header_font=&#8221;||||||||&#8221; header_text_color=&#8221;#000000&#8243; header_font_size=&#8221;29px&#8221; header_3_font=&#8221;||||||||&#8221; header_4_font=&#8221;||||||||&#8221; header_5_font=&#8221;Roboto||||||||&#8221; header_5_text_color=&#8221;#00b2e5&#8243; header_5_line_height=&#8221;1.4em&#8221; header_6_font=&#8221;||||||||&#8221; header_6_text_color=&#8221;#000000&#8243; header_6_font_size=&#8221;15px&#8221; custom_padding=&#8221;2px|||||&#8221; global_colors_info=&#8221;{}&#8221;]<\/p>\n<h5><span style=\"font-size: 13pt; line-height: 150%; color: #808080;\">Rejestracja uczestnik\u00f3w<\/span><span style=\"color: #808080;\"><em><\/em><\/span><\/h5>\n<p>[\/et_pb_text][\/et_pb_column][et_pb_column type=&#8221;1_4&#8243; _builder_version=&#8221;4.16&#8243; custom_padding=&#8221;|||&#8221; global_colors_info=&#8221;{}&#8221; custom_padding__hover=&#8221;|||&#8221;][\/et_pb_column][\/et_pb_row][et_pb_row column_structure=&#8221;1_4,1_2,1_4&#8243; _builder_version=&#8221;4.16&#8243; custom_margin_tablet=&#8221;|||&#8221; custom_margin_phone=&#8221;|||&#8221; custom_margin_last_edited=&#8221;on|desktop&#8221; custom_padding=&#8221;27px|||||&#8221; animation_style=&#8221;zoom&#8221; animation_direction=&#8221;top&#8221; animation_intensity_zoom=&#8221;10%&#8221; border_color_all=&#8221;rgba(51,51,51,0.05)&#8221; border_width_bottom=&#8221;2px&#8221; global_colors_info=&#8221;{}&#8221;][et_pb_column type=&#8221;1_4&#8243; _builder_version=&#8221;4.16&#8243; custom_padding=&#8221;|||&#8221; global_colors_info=&#8221;{}&#8221; custom_padding__hover=&#8221;|||&#8221;][et_pb_text _builder_version=&#8221;4.27.6&#8243; text_line_height=&#8221;1.9em&#8221; header_font=&#8221;||||||||&#8221; header_6_font=&#8221;Roboto|||on|||||&#8221; header_6_font_size=&#8221;20px&#8221; header_6_line_height=&#8221;1.2em&#8221; global_colors_info=&#8221;{}&#8221;]<\/p>\n<h6>09:30-10:00<\/h6>\n<p>[\/et_pb_text][\/et_pb_column][et_pb_column type=&#8221;1_2&#8243; _builder_version=&#8221;4.16&#8243; custom_padding=&#8221;|||&#8221; global_colors_info=&#8221;{}&#8221; custom_padding__hover=&#8221;|||&#8221;][et_pb_text _builder_version=&#8221;4.27.6&#8243; text_font=&#8221;||||||||&#8221; text_text_color=&#8221;#0C71C3&#8243; text_line_height=&#8221;2em&#8221; header_font=&#8221;||||||||&#8221; header_text_color=&#8221;#000000&#8243; header_font_size=&#8221;29px&#8221; header_3_font=&#8221;||||||||&#8221; header_4_font=&#8221;||||||||&#8221; header_5_font=&#8221;Roboto||||||||&#8221; header_5_text_color=&#8221;#00b2e5&#8243; header_5_line_height=&#8221;1.4em&#8221; header_6_font=&#8221;||||||||&#8221; header_6_text_color=&#8221;#000000&#8243; header_6_font_size=&#8221;15px&#8221; custom_padding=&#8221;2px|||||&#8221; global_colors_info=&#8221;{}&#8221;]<\/p>\n<h5><span style=\"font-size: 13pt; line-height: 150%; color: #808080;\">Przywitanie go\u015bci <\/span><\/h5>\n<h5><span style=\"font-size: 13pt; line-height: 150%; color: #808080;\">Prezentacja: &#8222;Recykling materia\u0142\u00f3w z pojazd\u00f3w samochodowych&#8221;<\/span><\/h5>\n<p><span style=\"color: #808080;\">Prelegent: Patryk Stasiak<em><br \/><\/em><\/span><\/p>\n<p><span style=\"color: #808080;\"><\/span><\/p>\n<h5><span style=\"font-size: 13pt; line-height: 150%; color: #808080;\">Dyskusyjny i sesja Q&amp;A<\/span><\/h5>\n<p>[\/et_pb_text][\/et_pb_column][et_pb_column type=&#8221;1_4&#8243; _builder_version=&#8221;4.16&#8243; custom_padding=&#8221;|||&#8221; global_colors_info=&#8221;{}&#8221; custom_padding__hover=&#8221;|||&#8221;][\/et_pb_column][\/et_pb_row][et_pb_row column_structure=&#8221;1_4,1_2,1_4&#8243; _builder_version=&#8221;4.16&#8243; custom_margin_tablet=&#8221;|||&#8221; custom_margin_phone=&#8221;|||&#8221; custom_margin_last_edited=&#8221;on|desktop&#8221; animation_style=&#8221;zoom&#8221; animation_direction=&#8221;top&#8221; animation_intensity_zoom=&#8221;10%&#8221; border_color_all=&#8221;rgba(51,51,51,0.05)&#8221; border_width_bottom=&#8221;2px&#8221; global_colors_info=&#8221;{}&#8221;][et_pb_column type=&#8221;1_4&#8243; _builder_version=&#8221;4.16&#8243; custom_padding=&#8221;|||&#8221; global_colors_info=&#8221;{}&#8221; custom_padding__hover=&#8221;|||&#8221;][et_pb_text _builder_version=&#8221;4.27.6&#8243; text_line_height=&#8221;1.9em&#8221; header_font=&#8221;||||||||&#8221; header_6_font=&#8221;Roboto|||on|||||&#8221; header_6_font_size=&#8221;20px&#8221; header_6_line_height=&#8221;1.2em&#8221; global_colors_info=&#8221;{}&#8221;]<\/p>\n<h6>10:00-10:15<\/h6>\n<p>[\/et_pb_text][\/et_pb_column][et_pb_column type=&#8221;1_2&#8243; _builder_version=&#8221;4.16&#8243; custom_padding=&#8221;|||&#8221; global_colors_info=&#8221;{}&#8221; custom_padding__hover=&#8221;|||&#8221;][et_pb_text _builder_version=&#8221;4.27.5&#8243; text_font=&#8221;||||||||&#8221; text_text_color=&#8221;#0C71C3&#8243; text_line_height=&#8221;2em&#8221; header_font=&#8221;||||||||&#8221; header_text_color=&#8221;#000000&#8243; header_font_size=&#8221;29px&#8221; header_3_font=&#8221;||||||||&#8221; header_4_font=&#8221;||||||||&#8221; header_5_font=&#8221;Roboto||||||||&#8221; header_5_text_color=&#8221;#00b2e5&#8243; header_5_line_height=&#8221;1.4em&#8221; header_6_font=&#8221;||||||||&#8221; header_6_text_color=&#8221;#000000&#8243; header_6_font_size=&#8221;15px&#8221; custom_padding=&#8221;2px|||||&#8221; global_colors_info=&#8221;{}&#8221;]<\/p>\n<h5><span style=\"font-size: 13pt; line-height: 150%; color: #808080;\">Przerwa kawowa i pocz\u0119stunek<\/span><\/h5>\n<p>[\/et_pb_text][\/et_pb_column][et_pb_column type=&#8221;1_4&#8243; _builder_version=&#8221;4.16&#8243; custom_padding=&#8221;|||&#8221; global_colors_info=&#8221;{}&#8221; custom_padding__hover=&#8221;|||&#8221;][\/et_pb_column][\/et_pb_row][et_pb_row column_structure=&#8221;1_4,1_2,1_4&#8243; _builder_version=&#8221;4.16&#8243; custom_margin_tablet=&#8221;|||&#8221; custom_margin_phone=&#8221;|||&#8221; custom_margin_last_edited=&#8221;on|desktop&#8221; custom_padding=&#8221;27px|||||&#8221; animation_style=&#8221;zoom&#8221; animation_direction=&#8221;top&#8221; animation_intensity_zoom=&#8221;10%&#8221; border_color_all=&#8221;rgba(51,51,51,0.05)&#8221; border_width_bottom=&#8221;2px&#8221; global_colors_info=&#8221;{}&#8221;][et_pb_column type=&#8221;1_4&#8243; _builder_version=&#8221;4.16&#8243; custom_padding=&#8221;|||&#8221; global_colors_info=&#8221;{}&#8221; custom_padding__hover=&#8221;|||&#8221;][et_pb_text _builder_version=&#8221;4.27.6&#8243; text_line_height=&#8221;1.9em&#8221; header_font=&#8221;||||||||&#8221; header_6_font=&#8221;Roboto|||on|||||&#8221; header_6_font_size=&#8221;20px&#8221; header_6_line_height=&#8221;1.2em&#8221; hover_enabled=&#8221;0&#8243; global_colors_info=&#8221;{}&#8221; sticky_enabled=&#8221;0&#8243;]<\/p>\n<h6>10:15-10:45<\/h6>\n<p>[\/et_pb_text][\/et_pb_column][et_pb_column type=&#8221;1_2&#8243; _builder_version=&#8221;4.16&#8243; custom_padding=&#8221;|||&#8221; global_colors_info=&#8221;{}&#8221; custom_padding__hover=&#8221;|||&#8221;][et_pb_text _builder_version=&#8221;4.27.6&#8243; text_font=&#8221;||||||||&#8221; text_text_color=&#8221;#0C71C3&#8243; text_line_height=&#8221;2em&#8221; header_font=&#8221;||||||||&#8221; header_text_color=&#8221;#000000&#8243; header_font_size=&#8221;29px&#8221; header_3_font=&#8221;||||||||&#8221; header_4_font=&#8221;||||||||&#8221; header_5_font=&#8221;Roboto||||||||&#8221; header_5_text_color=&#8221;#00b2e5&#8243; header_5_line_height=&#8221;1.4em&#8221; header_6_font=&#8221;||||||||&#8221; header_6_text_color=&#8221;#000000&#8243; header_6_font_size=&#8221;15px&#8221; custom_padding=&#8221;2px|||||&#8221; global_colors_info=&#8221;{}&#8221;]<\/p>\n<h5><span style=\"font-size: 13pt; line-height: 150%; color: #808080;\">Prezentacja: &#8222;IP jako aktywa strategiczne \u2013 jak zarz\u0105dza\u0107 niematerialnym maj\u0105tkiem firmy&#8221;<\/span><\/h5>\n<p><span style=\"color: #808080;\">Prelegent: dr in\u017c. Konrad Ptasi\u0144ski <em><br \/><\/em><\/span><\/p>\n<h5><span style=\"color: #808080;\"><\/span><\/h5>\n<h5><span style=\"color: #808080;\">Doradztwo z zakresu w\u0142asno\u015bci intelektualnej punkt konsultacyjny.<\/span><\/h5>\n<h5><span style=\"font-size: 13pt; line-height: 150%; color: #808080;\">Dyskusyjny i sesja Q&amp;A<\/span><\/h5>\n<p>[\/et_pb_text][\/et_pb_column][et_pb_column type=&#8221;1_4&#8243; _builder_version=&#8221;4.16&#8243; custom_padding=&#8221;|||&#8221; global_colors_info=&#8221;{}&#8221; custom_padding__hover=&#8221;|||&#8221;][\/et_pb_column][\/et_pb_row][et_pb_row column_structure=&#8221;1_4,1_2,1_4&#8243; _builder_version=&#8221;4.16&#8243; custom_margin_tablet=&#8221;|||&#8221; custom_margin_phone=&#8221;|||&#8221; custom_margin_last_edited=&#8221;on|desktop&#8221; animation_style=&#8221;zoom&#8221; animation_direction=&#8221;top&#8221; animation_intensity_zoom=&#8221;10%&#8221; border_color_all=&#8221;rgba(51,51,51,0.05)&#8221; border_width_bottom=&#8221;2px&#8221; global_colors_info=&#8221;{}&#8221;][et_pb_column type=&#8221;1_4&#8243; _builder_version=&#8221;4.16&#8243; custom_padding=&#8221;|||&#8221; global_colors_info=&#8221;{}&#8221; custom_padding__hover=&#8221;|||&#8221;][et_pb_text _builder_version=&#8221;4.27.6&#8243; text_line_height=&#8221;1.9em&#8221; header_font=&#8221;||||||||&#8221; header_6_font=&#8221;Roboto|||on|||||&#8221; header_6_font_size=&#8221;20px&#8221; header_6_line_height=&#8221;1.2em&#8221; hover_enabled=&#8221;0&#8243; global_colors_info=&#8221;{}&#8221; sticky_enabled=&#8221;0&#8243;]<\/p>\n<h6>10:45-11:15<\/h6>\n<p>[\/et_pb_text][\/et_pb_column][et_pb_column type=&#8221;1_2&#8243; _builder_version=&#8221;4.16&#8243; custom_padding=&#8221;|||&#8221; global_colors_info=&#8221;{}&#8221; custom_padding__hover=&#8221;|||&#8221;][et_pb_text _builder_version=&#8221;4.27.6&#8243; text_font=&#8221;||||||||&#8221; text_text_color=&#8221;#0C71C3&#8243; text_line_height=&#8221;2em&#8221; header_font=&#8221;||||||||&#8221; header_text_color=&#8221;#000000&#8243; header_font_size=&#8221;29px&#8221; header_3_font=&#8221;||||||||&#8221; header_4_font=&#8221;||||||||&#8221; header_5_font=&#8221;Roboto||||||||&#8221; header_5_text_color=&#8221;#00b2e5&#8243; header_5_line_height=&#8221;1.4em&#8221; header_6_font=&#8221;||||||||&#8221; header_6_text_color=&#8221;#000000&#8243; header_6_font_size=&#8221;15px&#8221; custom_padding=&#8221;2px|||||&#8221; global_colors_info=&#8221;{}&#8221;]<\/p>\n<h5><span style=\"font-size: 13pt; line-height: 150%; color: #808080;\">Zwiedzanie \u201e PRACOWNI ELEKTROMOBILNO\u015aCI\u201d<\/span><\/h5>\n<p>[\/et_pb_text][\/et_pb_column][et_pb_column type=&#8221;1_4&#8243; _builder_version=&#8221;4.16&#8243; custom_padding=&#8221;|||&#8221; global_colors_info=&#8221;{}&#8221; custom_padding__hover=&#8221;|||&#8221;][\/et_pb_column][\/et_pb_row][\/et_pb_section][et_pb_section fb_built=&#8221;1&#8243; admin_label=&#8221;Sponsors&#8221; _builder_version=&#8221;4.24.1&#8243; min_height=&#8221;100px&#8221; max_height=&#8221;609px&#8221; custom_padding=&#8221;30px|||||&#8221; global_colors_info=&#8221;{}&#8221;][et_pb_row _builder_version=&#8221;4.24.1&#8243; _module_preset=&#8221;default&#8221; global_colors_info=&#8221;{}&#8221;][et_pb_column type=&#8221;4_4&#8243; _builder_version=&#8221;4.24.1&#8243; _module_preset=&#8221;default&#8221; global_colors_info=&#8221;{}&#8221;][et_pb_image src=&#8221;http:\/\/bcu.opole.pl\/bcu1\/wp-content\/uploads\/sites\/3\/2025\/03\/KPO_barwy-RP_NextGenerationEU_poziom_zestawienie_podstawowe_-RGB-003-scaled-1-1024&#215;131.jpg&#8221; title_text=&#8221;KPO_barwy-RP_NextGenerationEU_poziom_zestawienie_podstawowe_-RGB-003-scaled&#8221; align=&#8221;center&#8221; _builder_version=&#8221;4.27.4&#8243; _module_preset=&#8221;default&#8221; width=&#8221;100%&#8221; max_width=&#8221;100%&#8221; module_alignment=&#8221;left&#8221; global_colors_info=&#8221;{}&#8221;][\/et_pb_image][et_pb_text _builder_version=&#8221;4.27.4&#8243; text_font=&#8221;||||||||&#8221; text_font_size=&#8221;20px&#8221; text_line_height=&#8221;1.9em&#8221; header_font=&#8221;||||||||&#8221; header_2_font=&#8221;Roboto|300|||||||&#8221; header_2_font_size=&#8221;50px&#8221; header_2_line_height=&#8221;1.2em&#8221; text_orientation=&#8221;center&#8221; max_width=&#8221;700px&#8221; max_width_tablet=&#8221;&#8221; max_width_phone=&#8221;&#8221; max_width_last_edited=&#8221;on|desktop&#8221; module_alignment=&#8221;center&#8221; header_2_font_size_tablet=&#8221;40px&#8221; header_2_font_size_phone=&#8221;32px&#8221; header_2_font_size_last_edited=&#8221;on|phone&#8221; global_colors_info=&#8221;{}&#8221;]<\/p>\n<h2><\/h2>\n<p><strong>Partnerzy<\/strong><\/p>\n<p>[\/et_pb_text][\/et_pb_column][\/et_pb_row][et_pb_row column_structure=&#8221;1_3,1_3,1_3&#8243; _builder_version=&#8221;4.24.1&#8243; _module_preset=&#8221;default&#8221; global_colors_info=&#8221;{}&#8221;][et_pb_column type=&#8221;1_3&#8243; _builder_version=&#8221;4.24.1&#8243; _module_preset=&#8221;default&#8221; global_colors_info=&#8221;{}&#8221;][et_pb_image src=&#8221;http:\/\/bcu.opole.pl\/bcu1\/wp-content\/uploads\/sites\/3\/2025\/03\/opole1.jpg&#8221; title_text=&#8221;opole1&#8243; url=&#8221;https:\/\/www.opole.pl&#8221; align=&#8221;center&#8221; _builder_version=&#8221;4.27.4&#8243; _module_preset=&#8221;default&#8221; width=&#8221;100%&#8221; max_width=&#8221;100%&#8221; module_alignment=&#8221;left&#8221; global_colors_info=&#8221;{}&#8221;][\/et_pb_image][\/et_pb_column][et_pb_column type=&#8221;1_3&#8243; _builder_version=&#8221;4.24.1&#8243; _module_preset=&#8221;default&#8221; global_colors_info=&#8221;{}&#8221;][et_pb_image src=&#8221;http:\/\/bcu.opole.pl\/bcu1\/wp-content\/uploads\/sites\/3\/2025\/03\/pire.jpg&#8221; title_text=&#8221;pire&#8221; url=&#8221;https:\/\/pire.pl\/&#8221; align=&#8221;center&#8221; _builder_version=&#8221;4.27.4&#8243; _module_preset=&#8221;default&#8221; width=&#8221;100%&#8221; max_width=&#8221;100%&#8221; module_alignment=&#8221;left&#8221; global_colors_info=&#8221;{}&#8221;][\/et_pb_image][\/et_pb_column][et_pb_column type=&#8221;1_3&#8243; _builder_version=&#8221;4.24.1&#8243; _module_preset=&#8221;default&#8221; global_colors_info=&#8221;{}&#8221;][et_pb_image src=&#8221;https:\/\/bcu.opole.pl\/bcu1\/wp-content\/uploads\/sites\/3\/2026\/02\/LOGOPNTOPOLE.jpg&#8221; title_text=&#8221;LOGOPNTOPOLE&#8221; url=&#8221;https:\/\/www.pnt.opole.pl&#8221; align=&#8221;center&#8221; _builder_version=&#8221;4.27.5&#8243; _module_preset=&#8221;default&#8221; width=&#8221;100%&#8221; max_width=&#8221;56%&#8221; module_alignment=&#8221;left&#8221; global_colors_info=&#8221;{}&#8221;][\/et_pb_image][\/et_pb_column][\/et_pb_row][\/et_pb_section][et_pb_section fb_built=&#8221;1&#8243; _builder_version=&#8221;4.24.1&#8243; _module_preset=&#8221;default&#8221; custom_padding=&#8221;||9px|||&#8221; global_colors_info=&#8221;{}&#8221;][et_pb_row _builder_version=&#8221;4.16&#8243; global_colors_info=&#8221;{}&#8221;][et_pb_column type=&#8221;4_4&#8243; _builder_version=&#8221;4.16&#8243; custom_padding=&#8221;|||&#8221; global_colors_info=&#8221;{}&#8221; custom_padding__hover=&#8221;|||&#8221;][et_pb_text _builder_version=&#8221;4.27.4&#8243; text_font=&#8221;||||||||&#8221; text_font_size=&#8221;20px&#8221; text_line_height=&#8221;1.9em&#8221; header_font=&#8221;||||||||&#8221; header_2_font=&#8221;Roboto|300|||||||&#8221; header_2_font_size=&#8221;50px&#8221; header_2_line_height=&#8221;1.2em&#8221; text_orientation=&#8221;center&#8221; max_width=&#8221;700px&#8221; max_width_tablet=&#8221;&#8221; max_width_phone=&#8221;&#8221; max_width_last_edited=&#8221;on|desktop&#8221; module_alignment=&#8221;center&#8221; header_2_font_size_tablet=&#8221;40px&#8221; header_2_font_size_phone=&#8221;32px&#8221; header_2_font_size_last_edited=&#8221;on|phone&#8221; global_colors_info=&#8221;{}&#8221;]<\/p>\n<h2><\/h2>\n<p><strong>Prelegent<\/strong><\/p>\n<p>[\/et_pb_text][\/et_pb_column][\/et_pb_row][\/et_pb_section][et_pb_section fb_built=&#8221;1&#8243; admin_label=&#8221;Speakers&#8221; _builder_version=&#8221;4.16&#8243; min_height=&#8221;360.3px&#8221; custom_padding=&#8221;0px||0px|||&#8221; animation_style=&#8221;zoom&#8221; animation_intensity_zoom=&#8221;10%&#8221; global_colors_info=&#8221;{}&#8221;][et_pb_row column_structure=&#8221;1_3,2_3&#8243; _builder_version=&#8221;4.24.1&#8243; custom_margin=&#8221;|auto|-3px|auto||&#8221; custom_padding=&#8221;40px|0px|40px|0px&#8221; animation_style=&#8221;fade&#8221; global_colors_info=&#8221;{}&#8221;][et_pb_column type=&#8221;1_3&#8243; _builder_version=&#8221;4.16&#8243; custom_padding=&#8221;|||&#8221; global_colors_info=&#8221;{}&#8221; custom_padding__hover=&#8221;|||&#8221;][et_pb_image src=&#8221;https:\/\/bcu.opole.pl\/bcu1\/wp-content\/uploads\/sites\/3\/2026\/04\/Patryk-Stasiak.webp&#8221; alt=&#8221;Adrian Kajda&#8221; title_text=&#8221;Patryk Stasiak&#8221; _builder_version=&#8221;4.27.6&#8243; max_width=&#8221;65%&#8221; custom_margin=&#8221;|||&#8221; custom_margin_tablet=&#8221;90px|||&#8221; custom_margin_last_edited=&#8221;off|desktop&#8221; always_center_on_mobile=&#8221;off&#8221; locked=&#8221;off&#8221; global_colors_info=&#8221;{}&#8221;][\/et_pb_image][\/et_pb_column][et_pb_column type=&#8221;2_3&#8243; _builder_version=&#8221;4.16&#8243; custom_padding=&#8221;|||&#8221; global_colors_info=&#8221;{}&#8221; custom_padding__hover=&#8221;|||&#8221;][et_pb_text _builder_version=&#8221;4.27.6&#8243; text_font=&#8221;||||||||&#8221; text_text_color=&#8221;#474747&#8243; text_line_height=&#8221;1.9em&#8221; header_font=&#8221;||||||||&#8221; header_text_color=&#8221;#000000&#8243; header_3_font=&#8221;||||||||&#8221; header_4_font=&#8221;||||||||&#8221; header_5_font=&#8221;Roboto||||||||&#8221; header_5_text_color=&#8221;#00b2e5&#8243; header_5_line_height=&#8221;1.4em&#8221; header_6_font=&#8221;||||||||&#8221; header_6_text_color=&#8221;#000000&#8243; global_colors_info=&#8221;{}&#8221;]<\/p>\n<p><span style=\"font-size: 14pt; line-height: 150%; color: #808080;\"><span style=\"font-size: 13pt; line-height: 150%;\"><strong>Patryk Stasiak<br \/>Prezes Zarz\u0105du Zak\u0142adu Komunalnego w Opolu<\/strong><\/span><\/span><\/p>\n<p style=\"text-align: justify;\">\n<p><span style=\"color: rgba(25, 0, 0, 0.63); font-size: large;\"><\/span><\/p>\n<p>[\/et_pb_text][\/et_pb_column][\/et_pb_row][\/et_pb_section][et_pb_section fb_built=&#8221;1&#8243; disabled_on=&#8221;off|off|off&#8221; admin_label=&#8221;Speakers&#8221; _builder_version=&#8221;4.27.6&#8243; min_height=&#8221;360.3px&#8221; custom_padding=&#8221;0px||0px|||&#8221; animation_style=&#8221;zoom&#8221; animation_intensity_zoom=&#8221;10%&#8221; global_colors_info=&#8221;{}&#8221;][et_pb_row column_structure=&#8221;1_3,2_3&#8243; _builder_version=&#8221;4.24.1&#8243; custom_margin=&#8221;|auto|-3px|auto||&#8221; custom_padding=&#8221;40px|0px|40px|0px&#8221; animation_style=&#8221;fade&#8221; global_colors_info=&#8221;{}&#8221;][et_pb_column type=&#8221;1_3&#8243; _builder_version=&#8221;4.16&#8243; custom_padding=&#8221;|||&#8221; global_colors_info=&#8221;{}&#8221; custom_padding__hover=&#8221;|||&#8221;][et_pb_image src=&#8221;https:\/\/bcu.opole.pl\/bcu1\/wp-content\/uploads\/sites\/3\/2026\/02\/KP.jpg&#8221; alt=&#8221;Konrad Ptasi\u0144ski&#8221; title_text=&#8221;Konrad Ptasi\u0144ski&#8221; _builder_version=&#8221;4.27.5&#8243; max_width=&#8221;65%&#8221; custom_margin=&#8221;|||&#8221; custom_margin_tablet=&#8221;90px|||&#8221; custom_margin_last_edited=&#8221;off|desktop&#8221; always_center_on_mobile=&#8221;off&#8221; locked=&#8221;off&#8221; global_colors_info=&#8221;{}&#8221;][\/et_pb_image][\/et_pb_column][et_pb_column type=&#8221;2_3&#8243; _builder_version=&#8221;4.16&#8243; custom_padding=&#8221;|||&#8221; global_colors_info=&#8221;{}&#8221; custom_padding__hover=&#8221;|||&#8221;][et_pb_text _builder_version=&#8221;4.27.5&#8243; text_font=&#8221;||||||||&#8221; text_text_color=&#8221;#474747&#8243; text_line_height=&#8221;1.9em&#8221; header_font=&#8221;||||||||&#8221; header_text_color=&#8221;#000000&#8243; header_3_font=&#8221;||||||||&#8221; header_4_font=&#8221;||||||||&#8221; header_5_font=&#8221;Roboto||||||||&#8221; header_5_text_color=&#8221;#00b2e5&#8243; header_5_line_height=&#8221;1.4em&#8221; header_6_font=&#8221;||||||||&#8221; header_6_text_color=&#8221;#000000&#8243; global_colors_info=&#8221;{}&#8221;]<\/p>\n<p><span style=\"font-size: 14pt; line-height: 150%; color: #808080;\"><span style=\"font-size: 13pt; line-height: 150%;\"><strong>Konrad Ptasi\u0144ski<br \/>Europejski i Polski Rzecznik Patentow.<\/strong><\/span><\/span><\/p>\n<p style=\"text-align: justify;\"><strong>Jest polskim i europejskim rzecznikiem patentowym z ponad 10 letnim do\u015bwiadczeniem w zakresie ochrony w\u0142asno\u015bci intelektualnej. Jest absolwentem Wydzia\u0142u Elektroniki Mikrosystem\u00f3w i Fotoniki Politechniki Wroc\u0142awskiej, gdzie zdoby\u0142 r\u00f3wnie\u017c tytu\u0142 naukowy doktora nauk technicznych w dziedzinie elektroniki. Specjalizuje si\u0119 w ochronie patentowej wynalazk\u00f3w z mechaniki, optoelektroniki i elektroniki, kt\u00f3re zdobywa\u0142 w najwi\u0119kszych kancelariach rzecznik\u00f3w patentowych w Polsce. <\/strong><\/p>\n<p style=\"text-align: justify;\"><strong>Ma w swoim portfolio ponad 200 projekt\u00f3w wynalazczych, kt\u00f3re prowadzi\u0142 przed Urz\u0119dem Patentowym RP, \u015awiatow\u0105 Organizacj\u0105 W\u0142asno\u015bci Intelektualnej (WIPO) czy Europejskim Urz\u0119dem Patentowym (EPO). Konrad doradza r\u00f3wnie\u017c w zakresie budowania skutecznej strategii ochrony w\u0142asno\u015bci intelektualnej, jak r\u00f3wnie\u017c zarz\u0105dzaniem portfolio IP przedsi\u0119biorstw. Prowadzi dodatkowo badania patentowe w kierunku oceny zdolno\u015bci patentowej wynalazk\u00f3w oraz badania czysto\u015bci patentowej dla identyfikacji i minimalizacji ryzyk zwi\u0105zanych z komercjalizacj\u0105 rezultat\u00f3w prac B+R.<\/strong><\/p>\n<p><span style=\"color: rgba(25, 0, 0, 0.63); font-size: large;\"><\/span><\/p>\n<p>[\/et_pb_text][\/et_pb_column][\/et_pb_row][\/et_pb_section][et_pb_section fb_built=&#8221;1&#8243; admin_label=&#8221;Speakers&#8221; _builder_version=&#8221;4.24.1&#8243; custom_margin=&#8221;||||false|false&#8221; custom_padding=&#8221;0px||0px|||&#8221; animation_style=&#8221;zoom&#8221; animation_intensity_zoom=&#8221;10%&#8221; global_colors_info=&#8221;{}&#8221;][et_pb_row _builder_version=&#8221;4.24.1&#8243; _module_preset=&#8221;default&#8221; global_colors_info=&#8221;{}&#8221;][et_pb_column type=&#8221;4_4&#8243; _builder_version=&#8221;4.24.1&#8243; _module_preset=&#8221;default&#8221; global_colors_info=&#8221;{}&#8221;][et_pb_text _builder_version=&#8221;4.27.4&#8243; _module_preset=&#8221;default&#8221; text_font_size=&#8221;16px&#8221; global_colors_info=&#8221;{}&#8221;][\/et_pb_text][\/et_pb_column][\/et_pb_row][\/et_pb_section][et_pb_section fb_built=&#8221;1&#8243; admin_label=&#8221;Footer&#8221; _builder_version=&#8221;4.24.1&#8243; _module_preset=&#8221;default&#8221; background_color=&#8221;gcid-a8e26c5e-4ea4-44b2-8a39-bb865eba3c3e&#8221; min_height=&#8221;350.7px&#8221; custom_padding=&#8221;16px|||||&#8221; saved_tabs=&#8221;all&#8221; collapsed=&#8221;on&#8221; global_colors_info=&#8221;{%22gcid-a8e26c5e-4ea4-44b2-8a39-bb865eba3c3e%22:%91%22background_color%22%93}&#8221;][et_pb_row column_structure=&#8221;1_2,1_2&#8243; _builder_version=&#8221;4.24.1&#8243; _module_preset=&#8221;default&#8221; module_alignment=&#8221;center&#8221; custom_margin=&#8221;||||false|true&#8221; custom_padding=&#8221;||||false|false&#8221; global_colors_info=&#8221;{}&#8221;][et_pb_column type=&#8221;1_2&#8243; _builder_version=&#8221;4.24.1&#8243; _module_preset=&#8221;default&#8221; global_colors_info=&#8221;{}&#8221;][et_pb_text _builder_version=&#8221;4.24.1&#8243; _module_preset=&#8221;default&#8221; text_font=&#8221;Lato||||||||&#8221; text_text_color=&#8221;#FFFFFF&#8221; custom_padding=&#8221;|||0px||&#8221; global_colors_info=&#8221;{}&#8221;]<\/p>\n<p><span style=\"color: #ffffff;\">KONTAKT:<\/span><\/p>\n<p style=\"text-align: left;\"><strong><span style=\"color: #ffffff; font-size: large;\">Park Naukowo-Technologiczny w Opolu sp. z o.o.<\/span><\/strong><br \/><span style=\"color: #ffffff; font-size: large;\">ul. Technologiczna 2, 45-839 Opole<\/span><br \/><span style=\"color: #ffffff; font-size: large;\">e-mail: <a href=\"mailto:konferencja@pnt.opole.pl\" style=\"color: #ffffff;\">konferencja@pnt.opole.pl<\/a><\/span><br \/><span style=\"color: #ffffff; font-size: large;\">tel. +48 884 883 958<\/span><\/p>\n<p><span style=\"color: #ffffff; font-size: large;\"><\/span><strong><\/strong><strong><\/strong><span style=\"color: #ffffff; font-size: large;\"><\/span><span style=\"color: #ffffff; font-size: large;\"><\/span><span style=\"color: #ffffff; font-size: large;\"><\/span><span style=\"color: #ffffff; font-size: large;\"><\/span><span style=\"color: #ffffff; font-size: large;\"><\/span><\/p>\n<p style=\"text-align: left;\"><span style=\"color: #ffffff; font-size: large;\"><\/span><\/p>\n<p>[\/et_pb_text][\/et_pb_column][et_pb_column type=&#8221;1_2&#8243; _builder_version=&#8221;4.24.1&#8243; _module_preset=&#8221;default&#8221; global_colors_info=&#8221;{}&#8221;][et_pb_code _builder_version=&#8221;4.27.4&#8243; _module_preset=&#8221;default&#8221; global_colors_info=&#8221;{}&#8221;]<iframe src=\"https:\/\/www.google.com\/maps\/embed?pb=!1m18!1m12!1m3!1d354.69126319462765!2d17.874207159367625!3d50.68371591364121!2m3!1f0!2f0!3f0!3m2!1i1024!2i768!4f13.1!3m3!1m2!1s0x4710527d12664337%3A0xbe624bba5d312229!2sPark%20Naukowo-Technologiczny%20w%20Opolu%20sp.%20z%20o.o.!5e0!3m2!1spl!2spl!4v1741871693787!5m2!1spl!2spl\" width=\"600\" height=\"250\" style=\"border:0;\" allowfullscreen=\"\" loading=\"lazy\" referrerpolicy=\"no-referrer-when-downgrade\"><\/iframe>[\/et_pb_code][\/et_pb_column][\/et_pb_row][\/et_pb_section]<\/p>\n","protected":false},"excerpt":{"rendered":"<p>Zapraszamy na kolejn\u0105 ods\u0142on\u0119 Spotkania z przemys\u0142em. Tym razem go\u015bciem b\u0119dzie Patryk Stasiak: Prezes Zarz\u0105du Zak\u0142adu Komunalnego w Opolu oraz dr in\u017c. Konrad Ptasi\u0144ski Europejski i Polski Rzecznik Patentowy Patryk StasiakTemat prezentacji: &#8222;Recykling materia\u0142\u00f3w z pojazd\u00f3w samochodowych&#8221; Prezentacja omawia gospodark\u0119 obiegu zamkni\u0119tego i przepisy dotycz\u0105ce recyklingu pojazd\u00f3w w Unii Europejskiej oraz w Polsce. Pokazuje budow\u0119 [&hellip;]<\/p>\n","protected":false},"author":3,"featured_media":0,"parent":0,"menu_order":0,"comment_status":"closed","ping_status":"closed","template":"","meta":{"_et_pb_use_builder":"on","_et_pb_old_content":"","_et_gb_content_width":"","footnotes":""},"class_list":["post-236","page","type-page","status-publish","hentry"],"aioseo_notices":[],"_links":{"self":[{"href":"https:\/\/bcu.opole.pl\/bcu1\/wp-json\/wp\/v2\/pages\/236","targetHints":{"allow":["GET"]}}],"collection":[{"href":"https:\/\/bcu.opole.pl\/bcu1\/wp-json\/wp\/v2\/pages"}],"about":[{"href":"https:\/\/bcu.opole.pl\/bcu1\/wp-json\/wp\/v2\/types\/page"}],"author":[{"embeddable":true,"href":"https:\/\/bcu.opole.pl\/bcu1\/wp-json\/wp\/v2\/users\/3"}],"replies":[{"embeddable":true,"href":"https:\/\/bcu.opole.pl\/bcu1\/wp-json\/wp\/v2\/comments?post=236"}],"version-history":[{"count":46,"href":"https:\/\/bcu.opole.pl\/bcu1\/wp-json\/wp\/v2\/pages\/236\/revisions"}],"predecessor-version":[{"id":2083,"href":"https:\/\/bcu.opole.pl\/bcu1\/wp-json\/wp\/v2\/pages\/236\/revisions\/2083"}],"wp:attachment":[{"href":"https:\/\/bcu.opole.pl\/bcu1\/wp-json\/wp\/v2\/media?parent=236"}],"curies":[{"name":"wp","href":"https:\/\/api.w.org\/{rel}","templated":true}]}}