{"id":1075,"date":"2025-10-09T12:14:00","date_gmt":"2025-10-09T10:14:00","guid":{"rendered":"https:\/\/bcu.opole.pl\/bcu1\/?page_id=1075"},"modified":"2025-10-23T08:16:29","modified_gmt":"2025-10-23T06:16:29","slug":"otwarcie-bcu","status":"publish","type":"page","link":"https:\/\/bcu.opole.pl\/bcu1\/wydarzenia\/otwarcie-bcu\/","title":{"rendered":""},"content":{"rendered":"<p>[et_pb_section fb_built=&#8221;1&#8243; fullwidth=&#8221;on&#8221; _builder_version=&#8221;4.27.4&#8243; _module_preset=&#8221;default&#8221; background_enable_image=&#8221;off&#8221; global_colors_info=&#8221;{}&#8221;][et_pb_fullwidth_image src=&#8221;https:\/\/bcu.opole.pl\/bcu1\/wp-content\/uploads\/sites\/3\/2025\/10\/spotkania2.jpg&#8221; title_text=&#8221;spotkania2&#8243; _builder_version=&#8221;4.27.4&#8243; _module_preset=&#8221;default&#8221; global_colors_info=&#8221;{}&#8221;][\/et_pb_fullwidth_image][\/et_pb_section][et_pb_section fb_built=&#8221;1&#8243; _builder_version=&#8221;4.24.1&#8243; _module_preset=&#8221;default&#8221; global_colors_info=&#8221;{}&#8221;][et_pb_row _builder_version=&#8221;4.24.1&#8243; _module_preset=&#8221;default&#8221; global_colors_info=&#8221;{}&#8221;][et_pb_column type=&#8221;4_4&#8243; _builder_version=&#8221;4.24.1&#8243; _module_preset=&#8221;default&#8221; global_colors_info=&#8221;{}&#8221;][et_pb_text _builder_version=&#8221;4.27.4&#8243; _module_preset=&#8221;default&#8221; text_font_size=&#8221;16px&#8221; global_colors_info=&#8221;{}&#8221;]<\/p>\n<p style=\"text-align: justify;\">Zapraszamy na kolejn\u0105 edycj\u0119 Spotkania z przemys\u0142em, kt\u00f3re promuje projekt pn. \u201eUtworzenie i funkcjonowanie Bran\u017cowego Centrum Umiej\u0119tno\u015bci w dziedzinie przemys\u0142u motoryzacyjnego w Opolu&#8221;. <strong>Spotkanie odb\u0119dzie si\u0119 23 pa\u017adziernika 2025 r. o godz. 10:00 w Zespole Plac\u00f3wek O\u015bwiatowych w Opolu, przy ul. Torowej 7.\u00a0\u00a0<\/strong><\/p>\n<p style=\"text-align: justify;\">Podczas spotkania w roli prelegent\u00f3w wyst\u0105pi\u0105 przedstawiciele przemys\u0142u oraz nauki, kt\u00f3rzy podziel\u0105 si\u0119 swoj\u0105 wiedz\u0105 i do\u015bwiadczeniem w zakresie rozwoju elektromobilno\u015bci. Zaprezentowany zostanie nowy obiekt, a przede wszystkim jego innowacyjne wyposa\u017cenie, kt\u00f3re mo\u017cna b\u0119dzie nie tylko dotkn\u0105\u0107, ale r\u00f3wnie\u017c zobaczy\u0107 jak b\u0119dzie wykorzystywane podczas szkole\u0144. BCU w dziedzinie przemys\u0142u motoryzacyjnego to innowacyjne przedsi\u0119wzi\u0119cie w skali krajowej.\u00a0\u00a0<\/p>\n<p><strong>Prosimy o potwierdzenie obecno\u015bci do 20 pa\u017adziernika 2025 roku pod numerem telefonu 884 883 958 lub mailowo: <a href=\"mailto:konferencja@pnt.opole.pl\">konferencja@pnt.opole.pl<\/a>.<\/strong><\/p>\n<p style=\"text-align: justify;\">\n<p style=\"text-align: justify;\">\n<p>[\/et_pb_text][\/et_pb_column][\/et_pb_row][\/et_pb_section][et_pb_section fb_built=&#8221;1&#8243; custom_padding_last_edited=&#8221;on|tablet&#8221; admin_label=&#8221;Schedule&#8221; _builder_version=&#8221;4.27.4&#8243; background_enable_color=&#8221;off&#8221; background_color_gradient_direction=&#8221;90deg&#8221; background_enable_image=&#8221;off&#8221; background_size=&#8221;initial&#8221; background_position=&#8221;top_right&#8221; max_width_tablet=&#8221;&#8221; max_width_phone=&#8221;100%&#8221; max_width_last_edited=&#8221;on|phone&#8221; custom_margin=&#8221;||-68px||false|false&#8221; custom_padding=&#8221;|10vw||0px||&#8221; custom_padding_tablet=&#8221;|0vw||&#8221; custom_padding_phone=&#8221;&#8221; border_color_all=&#8221;#222491&#8243; border_width_left=&#8221;10vw&#8221; locked=&#8221;off&#8221; global_colors_info=&#8221;{}&#8221;][et_pb_row column_structure=&#8221;1_4,1_2,1_4&#8243; _builder_version=&#8221;4.16&#8243; custom_margin_tablet=&#8221;|||&#8221; custom_margin_phone=&#8221;|||&#8221; custom_margin_last_edited=&#8221;on|desktop&#8221; custom_padding=&#8221;27px|||||&#8221; animation_style=&#8221;zoom&#8221; animation_direction=&#8221;top&#8221; animation_intensity_zoom=&#8221;10%&#8221; border_color_all=&#8221;rgba(51,51,51,0.05)&#8221; border_width_bottom=&#8221;2px&#8221; global_colors_info=&#8221;{}&#8221;][et_pb_column type=&#8221;1_4&#8243; _builder_version=&#8221;4.16&#8243; custom_padding=&#8221;|||&#8221; global_colors_info=&#8221;{}&#8221; custom_padding__hover=&#8221;|||&#8221;][et_pb_text _builder_version=&#8221;4.27.4&#8243; text_line_height=&#8221;1.9em&#8221; header_font=&#8221;||||||||&#8221; header_6_font=&#8221;Roboto|||on|||||&#8221; header_6_font_size=&#8221;20px&#8221; header_6_line_height=&#8221;1.2em&#8221; global_colors_info=&#8221;{}&#8221;]<\/p>\n<h6>09:30-10:00<\/h6>\n<p>[\/et_pb_text][\/et_pb_column][et_pb_column type=&#8221;1_2&#8243; _builder_version=&#8221;4.16&#8243; custom_padding=&#8221;|||&#8221; global_colors_info=&#8221;{}&#8221; custom_padding__hover=&#8221;|||&#8221;][et_pb_text _builder_version=&#8221;4.24.1&#8243; text_font=&#8221;||||||||&#8221; text_text_color=&#8221;#0C71C3&#8243; text_line_height=&#8221;2em&#8221; header_font=&#8221;||||||||&#8221; header_text_color=&#8221;#000000&#8243; header_font_size=&#8221;29px&#8221; header_3_font=&#8221;||||||||&#8221; header_4_font=&#8221;||||||||&#8221; header_5_font=&#8221;Roboto||||||||&#8221; header_5_text_color=&#8221;#00b2e5&#8243; header_5_line_height=&#8221;1.4em&#8221; header_6_font=&#8221;||||||||&#8221; header_6_text_color=&#8221;#000000&#8243; header_6_font_size=&#8221;15px&#8221; custom_padding=&#8221;2px|||||&#8221; global_colors_info=&#8221;{}&#8221;]<\/p>\n<h5><span style=\"font-size: 13pt; line-height: 150%; color: #808080;\">Rejestracja<\/span><span style=\"color: #808080;\"><em><\/em><\/span><\/h5>\n<p>[\/et_pb_text][\/et_pb_column][et_pb_column type=&#8221;1_4&#8243; _builder_version=&#8221;4.16&#8243; custom_padding=&#8221;|||&#8221; global_colors_info=&#8221;{}&#8221; custom_padding__hover=&#8221;|||&#8221;][\/et_pb_column][\/et_pb_row][et_pb_row column_structure=&#8221;1_4,1_2,1_4&#8243; _builder_version=&#8221;4.16&#8243; custom_margin_tablet=&#8221;|||&#8221; custom_margin_phone=&#8221;|||&#8221; custom_margin_last_edited=&#8221;on|desktop&#8221; custom_padding=&#8221;27px|||||&#8221; animation_style=&#8221;zoom&#8221; animation_direction=&#8221;top&#8221; animation_intensity_zoom=&#8221;10%&#8221; border_color_all=&#8221;rgba(51,51,51,0.05)&#8221; border_width_bottom=&#8221;2px&#8221; global_colors_info=&#8221;{}&#8221;][et_pb_column type=&#8221;1_4&#8243; _builder_version=&#8221;4.16&#8243; custom_padding=&#8221;|||&#8221; global_colors_info=&#8221;{}&#8221; custom_padding__hover=&#8221;|||&#8221;][et_pb_text _builder_version=&#8221;4.27.4&#8243; text_line_height=&#8221;1.9em&#8221; header_font=&#8221;||||||||&#8221; header_6_font=&#8221;Roboto|||on|||||&#8221; header_6_font_size=&#8221;20px&#8221; header_6_line_height=&#8221;1.2em&#8221; hover_enabled=&#8221;0&#8243; global_colors_info=&#8221;{}&#8221; sticky_enabled=&#8221;0&#8243;]<\/p>\n<h6>10:00-10:30<\/h6>\n<p>[\/et_pb_text][\/et_pb_column][et_pb_column type=&#8221;1_2&#8243; _builder_version=&#8221;4.16&#8243; custom_padding=&#8221;|||&#8221; global_colors_info=&#8221;{}&#8221; custom_padding__hover=&#8221;|||&#8221;][et_pb_text _builder_version=&#8221;4.27.4&#8243; text_font=&#8221;||||||||&#8221; text_text_color=&#8221;#0C71C3&#8243; text_line_height=&#8221;2em&#8221; header_font=&#8221;||||||||&#8221; header_text_color=&#8221;#000000&#8243; header_font_size=&#8221;29px&#8221; header_3_font=&#8221;||||||||&#8221; header_4_font=&#8221;||||||||&#8221; header_5_font=&#8221;Roboto||||||||&#8221; header_5_text_color=&#8221;#00b2e5&#8243; header_5_line_height=&#8221;1.4em&#8221; header_6_font=&#8221;||||||||&#8221; header_6_text_color=&#8221;#000000&#8243; header_6_font_size=&#8221;15px&#8221; custom_padding=&#8221;2px|||||&#8221; hover_enabled=&#8221;0&#8243; global_colors_info=&#8221;{}&#8221; sticky_enabled=&#8221;0&#8243;]<\/p>\n<h5><span style=\"font-size: 13pt; line-height: 150%; color: #808080;\">Przywitanie go\u015bci i otwarcie przestrzeni BCU przed nowym budynkiem<\/span><span style=\"color: #808080;\"><em><\/em><\/span><\/h5>\n<p>[\/et_pb_text][\/et_pb_column][et_pb_column type=&#8221;1_4&#8243; _builder_version=&#8221;4.16&#8243; custom_padding=&#8221;|||&#8221; global_colors_info=&#8221;{}&#8221; custom_padding__hover=&#8221;|||&#8221;][\/et_pb_column][\/et_pb_row][et_pb_row column_structure=&#8221;1_4,1_2,1_4&#8243; _builder_version=&#8221;4.16&#8243; custom_margin_tablet=&#8221;|||&#8221; custom_margin_phone=&#8221;|||&#8221; custom_margin_last_edited=&#8221;on|desktop&#8221; animation_style=&#8221;zoom&#8221; animation_direction=&#8221;top&#8221; animation_intensity_zoom=&#8221;10%&#8221; border_color_all=&#8221;rgba(51,51,51,0.05)&#8221; border_width_bottom=&#8221;2px&#8221; global_colors_info=&#8221;{}&#8221;][et_pb_column type=&#8221;1_4&#8243; _builder_version=&#8221;4.16&#8243; custom_padding=&#8221;|||&#8221; global_colors_info=&#8221;{}&#8221; custom_padding__hover=&#8221;|||&#8221;][et_pb_text _builder_version=&#8221;4.27.4&#8243; text_line_height=&#8221;1.9em&#8221; header_font=&#8221;||||||||&#8221; header_6_font=&#8221;Roboto|||on|||||&#8221; header_6_font_size=&#8221;20px&#8221; header_6_line_height=&#8221;1.2em&#8221; hover_enabled=&#8221;0&#8243; global_colors_info=&#8221;{}&#8221; sticky_enabled=&#8221;0&#8243;]<\/p>\n<h6>10:30-11:10<\/h6>\n<p>[\/et_pb_text][\/et_pb_column][et_pb_column type=&#8221;1_2&#8243; _builder_version=&#8221;4.16&#8243; custom_padding=&#8221;|||&#8221; global_colors_info=&#8221;{}&#8221; custom_padding__hover=&#8221;|||&#8221;][et_pb_text _builder_version=&#8221;4.27.4&#8243; text_font=&#8221;||||||||&#8221; text_text_color=&#8221;#0C71C3&#8243; text_line_height=&#8221;1.9em&#8221; header_font=&#8221;||||||||&#8221; header_text_color=&#8221;#000000&#8243; header_3_font=&#8221;||||||||&#8221; header_4_font=&#8221;||||||||&#8221; header_5_font=&#8221;Roboto||||||||&#8221; header_5_text_color=&#8221;#00b2e5&#8243; header_5_line_height=&#8221;1.4em&#8221; header_6_font=&#8221;||||||||&#8221; header_6_text_color=&#8221;#000000&#8243; global_colors_info=&#8221;{}&#8221;]<\/p>\n<h5><span style=\"font-size: 13pt; line-height: 150%; color: #808080;\">Zwiedzanie nowoczesnych przestrzeni edukacyjnych dla elektromobilno\u015bci<\/span><\/h5>\n<p>&nbsp;<\/p>\n<p>[\/et_pb_text][\/et_pb_column][et_pb_column type=&#8221;1_4&#8243; _builder_version=&#8221;4.16&#8243; custom_padding=&#8221;|||&#8221; global_colors_info=&#8221;{}&#8221; custom_padding__hover=&#8221;|||&#8221;][\/et_pb_column][\/et_pb_row][et_pb_row column_structure=&#8221;1_4,1_2,1_4&#8243; _builder_version=&#8221;4.16&#8243; custom_margin_tablet=&#8221;|||&#8221; custom_margin_phone=&#8221;|||&#8221; custom_margin_last_edited=&#8221;on|desktop&#8221; custom_padding=&#8221;27px|||||&#8221; animation_style=&#8221;zoom&#8221; animation_direction=&#8221;top&#8221; animation_intensity_zoom=&#8221;10%&#8221; border_color_all=&#8221;rgba(51,51,51,0.05)&#8221; border_width_bottom=&#8221;2px&#8221; global_colors_info=&#8221;{}&#8221;][et_pb_column type=&#8221;1_4&#8243; _builder_version=&#8221;4.16&#8243; custom_padding=&#8221;|||&#8221; global_colors_info=&#8221;{}&#8221; custom_padding__hover=&#8221;|||&#8221;][et_pb_text _builder_version=&#8221;4.27.4&#8243; text_line_height=&#8221;1.9em&#8221; header_font=&#8221;||||||||&#8221; header_6_font=&#8221;Roboto|||on|||||&#8221; header_6_font_size=&#8221;20px&#8221; header_6_line_height=&#8221;1.2em&#8221; hover_enabled=&#8221;0&#8243; global_colors_info=&#8221;{}&#8221; sticky_enabled=&#8221;0&#8243;]<\/p>\n<h6>11:15-11:30<\/h6>\n<p>[\/et_pb_text][\/et_pb_column][et_pb_column type=&#8221;1_2&#8243; _builder_version=&#8221;4.16&#8243; custom_padding=&#8221;|||&#8221; global_colors_info=&#8221;{}&#8221; custom_padding__hover=&#8221;|||&#8221;][et_pb_text _builder_version=&#8221;4.27.4&#8243; text_font=&#8221;||||||||&#8221; text_text_color=&#8221;#0C71C3&#8243; text_line_height=&#8221;1.9em&#8221; header_font=&#8221;||||||||&#8221; header_text_color=&#8221;#000000&#8243; header_3_font=&#8221;||||||||&#8221; header_4_font=&#8221;||||||||&#8221; header_5_font=&#8221;Roboto||||||||&#8221; header_5_text_color=&#8221;#00b2e5&#8243; header_5_line_height=&#8221;1.4em&#8221; header_6_font=&#8221;||||||||&#8221; header_6_text_color=&#8221;#000000&#8243; global_colors_info=&#8221;{}&#8221;]<\/p>\n<h5><strong><span style=\"font-size: 13 pt; line-height: 150%; color: #808080;\"><span style=\"font-size: 13pt; line-height: 150%;\">Co nowego w \u015bwiecie e-motoryzacji?\u00a0<\/span><\/span><\/strong><\/h5>\n<p><span style=\"color: #808080;\"><span style=\"font-size: 11.5pt; line-height: 150%;\">prof. dr hab. in\u017c. Jaros\u0142aw Mamala<\/span><\/span><strong><span style=\"font-size: 11.5pt; line-height: 150%;\"><\/span><\/strong><\/p>\n<p>[\/et_pb_text][\/et_pb_column][et_pb_column type=&#8221;1_4&#8243; _builder_version=&#8221;4.16&#8243; custom_padding=&#8221;|||&#8221; global_colors_info=&#8221;{}&#8221; custom_padding__hover=&#8221;|||&#8221;][\/et_pb_column][\/et_pb_row][et_pb_row column_structure=&#8221;1_4,1_2,1_4&#8243; _builder_version=&#8221;4.16&#8243; custom_margin_tablet=&#8221;|||&#8221; custom_margin_phone=&#8221;|||&#8221; custom_margin_last_edited=&#8221;on|desktop&#8221; custom_padding=&#8221;27px|||||&#8221; animation_style=&#8221;zoom&#8221; animation_direction=&#8221;top&#8221; animation_intensity_zoom=&#8221;10%&#8221; border_color_all=&#8221;rgba(51,51,51,0.05)&#8221; border_width_bottom=&#8221;2px&#8221; global_colors_info=&#8221;{}&#8221;][et_pb_column type=&#8221;1_4&#8243; _builder_version=&#8221;4.16&#8243; custom_padding=&#8221;|||&#8221; global_colors_info=&#8221;{}&#8221; custom_padding__hover=&#8221;|||&#8221;][et_pb_text _builder_version=&#8221;4.27.4&#8243; text_line_height=&#8221;1.9em&#8221; header_font=&#8221;||||||||&#8221; header_6_font=&#8221;Roboto|||on|||||&#8221; header_6_font_size=&#8221;20px&#8221; header_6_line_height=&#8221;1.2em&#8221; hover_enabled=&#8221;0&#8243; global_colors_info=&#8221;{}&#8221; sticky_enabled=&#8221;0&#8243;]<\/p>\n<h6>11:30-12:00<\/h6>\n<p>[\/et_pb_text][\/et_pb_column][et_pb_column type=&#8221;1_2&#8243; _builder_version=&#8221;4.16&#8243; custom_padding=&#8221;|||&#8221; global_colors_info=&#8221;{}&#8221; custom_padding__hover=&#8221;|||&#8221;][et_pb_text _builder_version=&#8221;4.27.4&#8243; text_font=&#8221;||||||||&#8221; text_text_color=&#8221;#0C71C3&#8243; text_line_height=&#8221;1.9em&#8221; header_font=&#8221;||||||||&#8221; header_text_color=&#8221;#000000&#8243; header_3_font=&#8221;||||||||&#8221; header_4_font=&#8221;||||||||&#8221; header_5_font=&#8221;Roboto||||||||&#8221; header_5_text_color=&#8221;#00b2e5&#8243; header_5_line_height=&#8221;1.4em&#8221; header_6_font=&#8221;||||||||&#8221; header_6_text_color=&#8221;#000000&#8243; global_colors_info=&#8221;{}&#8221;]<\/p>\n<h5><strong><span style=\"font-size: 13 pt; line-height: 150%; color: #808080;\"><span style=\"font-size: 13pt; line-height: 150%;\">Rola Ionway w rynku samochod\u00f3w elektrycznych w Polsce<\/span><\/span><\/strong><\/h5>\n<p><span style=\"color: #808080;\"><span style=\"font-size: 11.5pt; line-height: 150%;\">Wojciech Humeniuk<\/span><\/span><strong><span style=\"font-size: 11.5pt; line-height: 150%;\"><\/span><\/strong><\/p>\n<p>[\/et_pb_text][\/et_pb_column][et_pb_column type=&#8221;1_4&#8243; _builder_version=&#8221;4.16&#8243; custom_padding=&#8221;|||&#8221; global_colors_info=&#8221;{}&#8221; custom_padding__hover=&#8221;|||&#8221;][\/et_pb_column][\/et_pb_row][et_pb_row column_structure=&#8221;1_4,1_2,1_4&#8243; _builder_version=&#8221;4.16&#8243; custom_margin_tablet=&#8221;|||&#8221; custom_margin_phone=&#8221;|||&#8221; custom_margin_last_edited=&#8221;on|desktop&#8221; custom_padding=&#8221;27px|||||&#8221; animation_style=&#8221;zoom&#8221; animation_direction=&#8221;top&#8221; animation_intensity_zoom=&#8221;10%&#8221; border_color_all=&#8221;rgba(51,51,51,0.05)&#8221; border_width_bottom=&#8221;2px&#8221; global_colors_info=&#8221;{}&#8221;][et_pb_column type=&#8221;1_4&#8243; _builder_version=&#8221;4.16&#8243; custom_padding=&#8221;|||&#8221; global_colors_info=&#8221;{}&#8221; custom_padding__hover=&#8221;|||&#8221;][et_pb_text _builder_version=&#8221;4.27.4&#8243; text_line_height=&#8221;1.9em&#8221; header_font=&#8221;||||||||&#8221; header_6_font=&#8221;Roboto|||on|||||&#8221; header_6_font_size=&#8221;20px&#8221; header_6_line_height=&#8221;1.2em&#8221; hover_enabled=&#8221;0&#8243; global_colors_info=&#8221;{}&#8221; sticky_enabled=&#8221;0&#8243;]<\/p>\n<h6>12:00-12:30<\/h6>\n<p>[\/et_pb_text][\/et_pb_column][et_pb_column type=&#8221;1_2&#8243; _builder_version=&#8221;4.16&#8243; custom_padding=&#8221;|||&#8221; global_colors_info=&#8221;{}&#8221; custom_padding__hover=&#8221;|||&#8221;][et_pb_text _builder_version=&#8221;4.27.4&#8243; text_font=&#8221;||||||||&#8221; text_text_color=&#8221;#0C71C3&#8243; text_line_height=&#8221;1.9em&#8221; header_font=&#8221;||||||||&#8221; header_text_color=&#8221;#000000&#8243; header_3_font=&#8221;||||||||&#8221; header_4_font=&#8221;||||||||&#8221; header_5_font=&#8221;Roboto||||||||&#8221; header_5_text_color=&#8221;#00b2e5&#8243; header_5_line_height=&#8221;1.4em&#8221; header_6_font=&#8221;||||||||&#8221; header_6_text_color=&#8221;#000000&#8243; global_colors_info=&#8221;{}&#8221;]<\/p>\n<h5><strong><span style=\"font-size: 13 pt; line-height: 150%; color: #808080;\"><span style=\"font-size: 13pt; line-height: 150%;\">Pocz\u0119stunek<\/span><\/span><\/strong><\/h5>\n<p>&nbsp;<\/p>\n<p><strong><span style=\"font-size: 11.5pt; line-height: 150%;\"><\/span><\/strong><\/p>\n<p>[\/et_pb_text][\/et_pb_column][et_pb_column type=&#8221;1_4&#8243; _builder_version=&#8221;4.16&#8243; custom_padding=&#8221;|||&#8221; global_colors_info=&#8221;{}&#8221; custom_padding__hover=&#8221;|||&#8221;][\/et_pb_column][\/et_pb_row][\/et_pb_section][et_pb_section fb_built=&#8221;1&#8243; admin_label=&#8221;Sponsors&#8221; _builder_version=&#8221;4.24.1&#8243; min_height=&#8221;100px&#8221; max_height=&#8221;609px&#8221; custom_padding=&#8221;30px|||||&#8221; global_colors_info=&#8221;{}&#8221;][et_pb_row _builder_version=&#8221;4.24.1&#8243; _module_preset=&#8221;default&#8221; global_colors_info=&#8221;{}&#8221;][et_pb_column type=&#8221;4_4&#8243; _builder_version=&#8221;4.24.1&#8243; _module_preset=&#8221;default&#8221; global_colors_info=&#8221;{}&#8221;][et_pb_image src=&#8221;http:\/\/bcu.opole.pl\/bcu1\/wp-content\/uploads\/sites\/3\/2025\/03\/KPO_barwy-RP_NextGenerationEU_poziom_zestawienie_podstawowe_-RGB-003-scaled-1-1024&#215;131.jpg&#8221; title_text=&#8221;KPO_barwy-RP_NextGenerationEU_poziom_zestawienie_podstawowe_-RGB-003-scaled&#8221; align=&#8221;center&#8221; _builder_version=&#8221;4.27.4&#8243; _module_preset=&#8221;default&#8221; width=&#8221;100%&#8221; max_width=&#8221;100%&#8221; module_alignment=&#8221;left&#8221; global_colors_info=&#8221;{}&#8221;][\/et_pb_image][et_pb_text _builder_version=&#8221;4.27.4&#8243; text_font=&#8221;||||||||&#8221; text_font_size=&#8221;20px&#8221; text_line_height=&#8221;1.9em&#8221; header_font=&#8221;||||||||&#8221; header_2_font=&#8221;Roboto|300|||||||&#8221; header_2_font_size=&#8221;50px&#8221; header_2_line_height=&#8221;1.2em&#8221; text_orientation=&#8221;center&#8221; max_width=&#8221;700px&#8221; max_width_tablet=&#8221;&#8221; max_width_phone=&#8221;&#8221; max_width_last_edited=&#8221;on|desktop&#8221; module_alignment=&#8221;center&#8221; header_2_font_size_tablet=&#8221;40px&#8221; header_2_font_size_phone=&#8221;32px&#8221; header_2_font_size_last_edited=&#8221;on|phone&#8221; global_colors_info=&#8221;{}&#8221;]<\/p>\n<h2><\/h2>\n<p><strong>Partnerzy<\/strong><\/p>\n<p>[\/et_pb_text][\/et_pb_column][\/et_pb_row][et_pb_row column_structure=&#8221;1_3,1_3,1_3&#8243; _builder_version=&#8221;4.24.1&#8243; _module_preset=&#8221;default&#8221; global_colors_info=&#8221;{}&#8221;][et_pb_column type=&#8221;1_3&#8243; _builder_version=&#8221;4.24.1&#8243; _module_preset=&#8221;default&#8221; global_colors_info=&#8221;{}&#8221;][et_pb_image src=&#8221;http:\/\/bcu.opole.pl\/bcu1\/wp-content\/uploads\/sites\/3\/2025\/03\/opole1.jpg&#8221; title_text=&#8221;opole1&#8243; url=&#8221;https:\/\/www.opole.pl&#8221; align=&#8221;center&#8221; _builder_version=&#8221;4.27.4&#8243; _module_preset=&#8221;default&#8221; width=&#8221;100%&#8221; max_width=&#8221;100%&#8221; module_alignment=&#8221;left&#8221; global_colors_info=&#8221;{}&#8221;][\/et_pb_image][\/et_pb_column][et_pb_column type=&#8221;1_3&#8243; _builder_version=&#8221;4.24.1&#8243; _module_preset=&#8221;default&#8221; global_colors_info=&#8221;{}&#8221;][et_pb_image src=&#8221;http:\/\/bcu.opole.pl\/bcu1\/wp-content\/uploads\/sites\/3\/2025\/03\/pire.jpg&#8221; title_text=&#8221;pire&#8221; url=&#8221;https:\/\/pire.pl\/&#8221; align=&#8221;center&#8221; _builder_version=&#8221;4.27.4&#8243; _module_preset=&#8221;default&#8221; width=&#8221;100%&#8221; max_width=&#8221;100%&#8221; module_alignment=&#8221;left&#8221; global_colors_info=&#8221;{}&#8221;][\/et_pb_image][\/et_pb_column][et_pb_column type=&#8221;1_3&#8243; _builder_version=&#8221;4.24.1&#8243; _module_preset=&#8221;default&#8221; global_colors_info=&#8221;{}&#8221;][et_pb_image src=&#8221;https:\/\/bcu.opole.pl\/bcu1\/wp-content\/uploads\/sites\/3\/2025\/10\/pnt-logo.jpg&#8221; title_text=&#8221;pnt-logo&#8221; url=&#8221;https:\/\/www.pnt.opole.pl&#8221; align=&#8221;center&#8221; _builder_version=&#8221;4.27.4&#8243; _module_preset=&#8221;default&#8221; width=&#8221;100%&#8221; max_width=&#8221;100%&#8221; module_alignment=&#8221;left&#8221; global_colors_info=&#8221;{}&#8221;][\/et_pb_image][\/et_pb_column][\/et_pb_row][\/et_pb_section][et_pb_section fb_built=&#8221;1&#8243; _builder_version=&#8221;4.24.1&#8243; _module_preset=&#8221;default&#8221; custom_padding=&#8221;||9px|||&#8221; global_colors_info=&#8221;{}&#8221;][et_pb_row _builder_version=&#8221;4.16&#8243; global_colors_info=&#8221;{}&#8221;][et_pb_column type=&#8221;4_4&#8243; _builder_version=&#8221;4.16&#8243; custom_padding=&#8221;|||&#8221; global_colors_info=&#8221;{}&#8221; custom_padding__hover=&#8221;|||&#8221;][et_pb_text _builder_version=&#8221;4.27.4&#8243; text_font=&#8221;||||||||&#8221; text_font_size=&#8221;20px&#8221; text_line_height=&#8221;1.9em&#8221; header_font=&#8221;||||||||&#8221; header_2_font=&#8221;Roboto|300|||||||&#8221; header_2_font_size=&#8221;50px&#8221; header_2_line_height=&#8221;1.2em&#8221; text_orientation=&#8221;center&#8221; max_width=&#8221;700px&#8221; max_width_tablet=&#8221;&#8221; max_width_phone=&#8221;&#8221; max_width_last_edited=&#8221;on|desktop&#8221; module_alignment=&#8221;center&#8221; header_2_font_size_tablet=&#8221;40px&#8221; header_2_font_size_phone=&#8221;32px&#8221; header_2_font_size_last_edited=&#8221;on|phone&#8221; global_colors_info=&#8221;{}&#8221;]<\/p>\n<h2><\/h2>\n<p><strong>Prelegenci<\/strong><\/p>\n<p>[\/et_pb_text][\/et_pb_column][\/et_pb_row][\/et_pb_section][et_pb_section fb_built=&#8221;1&#8243; admin_label=&#8221;Speakers&#8221; _builder_version=&#8221;4.16&#8243; min_height=&#8221;360.3px&#8221; custom_padding=&#8221;0px||0px|||&#8221; animation_style=&#8221;zoom&#8221; animation_intensity_zoom=&#8221;10%&#8221; global_colors_info=&#8221;{}&#8221;][et_pb_row column_structure=&#8221;1_3,2_3&#8243; _builder_version=&#8221;4.24.1&#8243; custom_margin=&#8221;|auto|-3px|auto||&#8221; custom_padding=&#8221;40px|0px|40px|0px&#8221; animation_style=&#8221;fade&#8221; global_colors_info=&#8221;{}&#8221;][et_pb_column type=&#8221;1_3&#8243; _builder_version=&#8221;4.16&#8243; custom_padding=&#8221;|||&#8221; global_colors_info=&#8221;{}&#8221; custom_padding__hover=&#8221;|||&#8221;][et_pb_image src=&#8221;http:\/\/bcu.opole.pl\/bcu1\/wp-content\/uploads\/sites\/3\/2025\/03\/u.kowalczyk.jpg&#8221; title_text=&#8221;u.kowalczyk&#8221; _builder_version=&#8221;4.27.4&#8243; max_width=&#8221;65%&#8221; custom_margin=&#8221;|||&#8221; custom_margin_tablet=&#8221;90px|||&#8221; custom_margin_last_edited=&#8221;off|desktop&#8221; always_center_on_mobile=&#8221;off&#8221; locked=&#8221;off&#8221; global_colors_info=&#8221;{}&#8221;][\/et_pb_image][\/et_pb_column][et_pb_column type=&#8221;2_3&#8243; _builder_version=&#8221;4.16&#8243; custom_padding=&#8221;|||&#8221; global_colors_info=&#8221;{}&#8221; custom_padding__hover=&#8221;|||&#8221;][et_pb_text _builder_version=&#8221;4.27.4&#8243; text_font=&#8221;||||||||&#8221; text_text_color=&#8221;#0C71C3&#8243; text_line_height=&#8221;1.9em&#8221; header_font=&#8221;||||||||&#8221; header_text_color=&#8221;#000000&#8243; header_3_font=&#8221;||||||||&#8221; header_4_font=&#8221;||||||||&#8221; header_5_font=&#8221;Roboto||||||||&#8221; header_5_text_color=&#8221;#00b2e5&#8243; header_5_line_height=&#8221;1.4em&#8221; header_6_font=&#8221;||||||||&#8221; header_6_text_color=&#8221;#000000&#8243; global_colors_info=&#8221;{}&#8221;]<\/p>\n<p><span style=\"font-size: 14pt; line-height: 150%; color: #808080;\"><span style=\"font-size: 13pt; line-height: 150%;\"><strong>Urszula Kowalczyk<br \/>Zespo\u0142u Plac\u00f3wek O\u015bwiatowych w Opolu<br \/><\/strong><\/span><\/span><\/p>\n<p><span style=\"color: rgba(25, 0, 0, 0.63); font-size: large;\"><i><br \/><\/i><em>Nauczycielka przedmiot\u00f3w zawodowych oraz doradca zawodowy, od 2017 r. pe\u0142ni funkcj\u0119 dyrektora Zespo\u0142u Plac\u00f3wek O\u015bwiatowych w Opolu. Jej dzia\u0142ania koncentruj\u0105 si\u0119 na podnoszeniu jako\u015bci kszta\u0142cenia, dostosowaniu oferty edukacyjnej do potrzeb rynku pracy oraz modernizacji i rozwoju infrastruktury edukacyjnej.<\/em><\/span><\/p>\n<p><span style=\"color: rgba(25, 0, 0, 0.63); font-size: large;\"><\/span><\/p>\n<p>[\/et_pb_text][\/et_pb_column][\/et_pb_row][\/et_pb_section][et_pb_section fb_built=&#8221;1&#8243; admin_label=&#8221;Speakers&#8221; _builder_version=&#8221;4.24.1&#8243; custom_margin=&#8221;||||false|false&#8221; custom_padding=&#8221;0px||0px|||&#8221; animation_style=&#8221;zoom&#8221; animation_intensity_zoom=&#8221;10%&#8221; global_colors_info=&#8221;{}&#8221;][et_pb_row column_structure=&#8221;1_3,2_3&#8243; _builder_version=&#8221;4.24.1&#8243; custom_margin=&#8221;|||&#8221; custom_padding=&#8221;||||false|false&#8221; animation_style=&#8221;fade&#8221; global_colors_info=&#8221;{}&#8221;][et_pb_column type=&#8221;1_3&#8243; _builder_version=&#8221;4.16&#8243; custom_padding=&#8221;|||&#8221; global_colors_info=&#8221;{}&#8221; custom_padding__hover=&#8221;|||&#8221;][et_pb_image src=&#8221;http:\/\/bcu.opole.pl\/bcu1\/wp-content\/uploads\/sites\/3\/2025\/03\/mamalaj.jpg&#8221; title_text=&#8221;mamalaj&#8221; _builder_version=&#8221;4.27.4&#8243; max_width=&#8221;65%&#8221; custom_margin=&#8221;|||&#8221; custom_margin_tablet=&#8221;90px|||&#8221; custom_margin_last_edited=&#8221;off|desktop&#8221; always_center_on_mobile=&#8221;off&#8221; locked=&#8221;off&#8221; global_colors_info=&#8221;{}&#8221;][\/et_pb_image][\/et_pb_column][et_pb_column type=&#8221;2_3&#8243; _builder_version=&#8221;4.16&#8243; custom_padding=&#8221;|||&#8221; global_colors_info=&#8221;{}&#8221; custom_padding__hover=&#8221;|||&#8221;][et_pb_text _builder_version=&#8221;4.27.4&#8243; text_font=&#8221;||||||||&#8221; text_text_color=&#8221;#0C71C3&#8243; text_line_height=&#8221;1.9em&#8221; header_font=&#8221;||||||||&#8221; header_text_color=&#8221;#000000&#8243; header_3_font=&#8221;||||||||&#8221; header_4_font=&#8221;||||||||&#8221; header_5_font=&#8221;Roboto||||||||&#8221; header_5_text_color=&#8221;#00b2e5&#8243; header_5_line_height=&#8221;1.4em&#8221; header_6_font=&#8221;||||||||&#8221; header_6_text_color=&#8221;#000000&#8243; global_colors_info=&#8221;{}&#8221;]<\/p>\n<p><span style=\"font-size: 14pt; line-height: 150%; color: #808080;\"><span style=\"font-size: 13pt; line-height: 150%;\"><strong>prof. dr hab. in\u017c. Jaros\u0142aw Mamala<br \/>Park Naukowo-Technologiczny w Opolu<\/strong><\/span><\/span><\/p>\n<p><span style=\"color: rgba(25, 0, 0, 0.63); font-size: large;\"><i><br \/>Naukowiec, wynalazca, nauczyciel akademicki, przedsi\u0119biorca i mechanik z zawodu. <br \/>Profesor nauk in\u017cynieryjno-technicznych. Od 2012 r. pe\u0142ni funkcj\u0119 prezesa zarz\u0105du PNT w Opolu. Jako nauczyciel akademicki jest zwi\u0105zany z Politechnik\u0105 Opolsk\u0105 od 1996 r. Autor i wsp\u00f3\u0142autor ponad 190 publikacji naukowych i 11 patent\u00f3w zwi\u0105zanych m.in. z motoryzacj\u0105 i silnikami spalinowymi.<\/i><\/span><\/p>\n<p><span style=\"color: rgba(25, 0, 0, 0.63); font-size: large;\"><\/span><\/p>\n<p>[\/et_pb_text][\/et_pb_column][\/et_pb_row][et_pb_row column_structure=&#8221;1_3,2_3&#8243; _builder_version=&#8221;4.24.1&#8243; custom_margin=&#8221;|||&#8221; custom_padding=&#8221;||||false|false&#8221; animation_style=&#8221;fade&#8221; global_colors_info=&#8221;{}&#8221;][et_pb_column type=&#8221;1_3&#8243; _builder_version=&#8221;4.16&#8243; custom_padding=&#8221;|||&#8221; global_colors_info=&#8221;{}&#8221; custom_padding__hover=&#8221;|||&#8221;][et_pb_image src=&#8221;https:\/\/bcu.opole.pl\/bcu1\/wp-content\/uploads\/sites\/3\/2025\/10\/whumeniuk.jpg&#8221; title_text=&#8221;whumeniuk&#8221; _builder_version=&#8221;4.27.4&#8243; max_width=&#8221;65%&#8221; custom_margin=&#8221;|||&#8221; custom_margin_tablet=&#8221;90px|||&#8221; custom_margin_last_edited=&#8221;off|desktop&#8221; always_center_on_mobile=&#8221;off&#8221; locked=&#8221;off&#8221; global_colors_info=&#8221;{}&#8221;][\/et_pb_image][\/et_pb_column][et_pb_column type=&#8221;2_3&#8243; _builder_version=&#8221;4.16&#8243; custom_padding=&#8221;|||&#8221; global_colors_info=&#8221;{}&#8221; custom_padding__hover=&#8221;|||&#8221;][et_pb_text _builder_version=&#8221;4.27.4&#8243; text_font=&#8221;||||||||&#8221; text_text_color=&#8221;#0C71C3&#8243; text_line_height=&#8221;1.9em&#8221; header_font=&#8221;||||||||&#8221; header_text_color=&#8221;#000000&#8243; header_3_font=&#8221;||||||||&#8221; header_4_font=&#8221;||||||||&#8221; header_5_font=&#8221;Roboto||||||||&#8221; header_5_text_color=&#8221;#00b2e5&#8243; header_5_line_height=&#8221;1.4em&#8221; header_6_font=&#8221;||||||||&#8221; header_6_text_color=&#8221;#000000&#8243; global_colors_info=&#8221;{}&#8221;]<\/p>\n<p><span style=\"font-size: 14pt; line-height: 150%; color: #808080;\"><span style=\"font-size: 13pt; line-height: 150%;\"><strong>Wojciech Humaniuk<br \/>Ionway<\/strong><\/span><\/span><\/p>\n<p><span style=\"color: rgba(25, 0, 0, 0.63); font-size: large;\"><i>Global Project Manager w Ionway od kwietnia 2024.\u00a0 20 lat do\u015bwiadczenia w pracy na rynku automotive w r\u00f3\u017cnych zakresach &#8211; produkcja, R&amp;D, zarz\u0105dzanie projektami.\u00a0<\/i><\/span><\/p>\n<p><i>\u00a0<\/i><\/p>\n<p>&nbsp;<\/p>\n<p>&nbsp;<\/p>\n<p>&nbsp;<\/p>\n<p><span style=\"color: rgba(25, 0, 0, 0.63); font-size: large;\"><\/span><\/p>\n<p>[\/et_pb_text][\/et_pb_column][\/et_pb_row][et_pb_row _builder_version=&#8221;4.24.1&#8243; _module_preset=&#8221;default&#8221; global_colors_info=&#8221;{}&#8221;][et_pb_column type=&#8221;4_4&#8243; _builder_version=&#8221;4.24.1&#8243; _module_preset=&#8221;default&#8221; global_colors_info=&#8221;{}&#8221;][et_pb_text _builder_version=&#8221;4.27.4&#8243; _module_preset=&#8221;default&#8221; text_font_size=&#8221;16px&#8221; global_colors_info=&#8221;{}&#8221;][\/et_pb_text][\/et_pb_column][\/et_pb_row][\/et_pb_section][et_pb_section fb_built=&#8221;1&#8243; admin_label=&#8221;Footer&#8221; _builder_version=&#8221;4.24.1&#8243; _module_preset=&#8221;default&#8221; background_color=&#8221;gcid-a8e26c5e-4ea4-44b2-8a39-bb865eba3c3e&#8221; min_height=&#8221;350.7px&#8221; custom_padding=&#8221;16px|||||&#8221; saved_tabs=&#8221;all&#8221; collapsed=&#8221;on&#8221; global_colors_info=&#8221;{%22gcid-a8e26c5e-4ea4-44b2-8a39-bb865eba3c3e%22:%91%22background_color%22%93}&#8221;][et_pb_row column_structure=&#8221;1_2,1_2&#8243; _builder_version=&#8221;4.24.1&#8243; _module_preset=&#8221;default&#8221; module_alignment=&#8221;center&#8221; custom_margin=&#8221;||||false|true&#8221; custom_padding=&#8221;||||false|false&#8221; global_colors_info=&#8221;{}&#8221;][et_pb_column type=&#8221;1_2&#8243; _builder_version=&#8221;4.24.1&#8243; _module_preset=&#8221;default&#8221; global_colors_info=&#8221;{}&#8221;][et_pb_text _builder_version=&#8221;4.24.1&#8243; _module_preset=&#8221;default&#8221; text_font=&#8221;Lato||||||||&#8221; text_text_color=&#8221;#FFFFFF&#8221; custom_padding=&#8221;|||0px||&#8221; global_colors_info=&#8221;{}&#8221;]<\/p>\n<p><span style=\"color: #ffffff;\">KONTAKT:<\/span><\/p>\n<p style=\"text-align: left;\"><strong><span style=\"color: #ffffff; font-size: large;\">Park Naukowo-Technologiczny w Opolu Sp. z o.o.<\/span><\/strong><br \/><span style=\"color: #ffffff; font-size: large;\">ul. Technologiczna 2, 45-839 Opole<\/span><br \/><span style=\"color: #ffffff; font-size: large;\">e-mail: <a href=\"mailto:konferencja@pnt.opole.pl\" style=\"color: #ffffff;\">konferencja@pnt.opole.pl<\/a><\/span><br \/><span style=\"color: #ffffff; font-size: large;\">tel. 884 883 958<\/span><\/p>\n<p style=\"text-align: left;\">MIEJSCE:<br \/><span style=\"color: #ffffff; font-size: large;\"><strong>Zesp\u00f3\u0142 Plac\u00f3wek O\u015bwiatowych<br \/>ul. Torowa 7, 45-073 Opole<\/strong><\/span><\/p>\n<p><span style=\"color: #ffffff; font-size: large;\"><\/span><strong><\/strong><strong><\/strong><span style=\"color: #ffffff; font-size: large;\"><\/span><span style=\"color: #ffffff; font-size: large;\"><\/span><span style=\"color: #ffffff; font-size: large;\"><\/span><span style=\"color: #ffffff; font-size: large;\"><\/span><span style=\"color: #ffffff; font-size: large;\"><\/span><\/p>\n<p style=\"text-align: left;\"><span style=\"color: #ffffff; font-size: large;\"><\/span><\/p>\n<p>[\/et_pb_text][\/et_pb_column][et_pb_column type=&#8221;1_2&#8243; _builder_version=&#8221;4.24.1&#8243; _module_preset=&#8221;default&#8221; global_colors_info=&#8221;{}&#8221;][et_pb_code _builder_version=&#8221;4.27.4&#8243; _module_preset=&#8221;default&#8221; global_colors_info=&#8221;{}&#8221;]<iframe src=\"https:\/\/www.google.com\/maps\/embed?pb=!1m18!1m12!1m3!1d2529.309787554964!2d17.933575599999998!3d50.65850849999999!2m3!1f0!2f0!3f0!3m2!1i1024!2i768!4f13.1!3m3!1m2!1s0x47105313b6e7c77d%3A0xe25b89b21909db76!2zWmVzcMOzxYIgUGxhY8Ozd2VrIE_Fm3dpYXRvd3ljaA!5e0!3m2!1spl!2spl!4v1760005858850!5m2!1spl!2spl\" width=\"800\" height=\"250\" style=\"border:0;\" allowfullscreen=\"\" loading=\"lazy\" referrerpolicy=\"no-referrer-when-downgrade\"><\/iframe>[\/et_pb_code][\/et_pb_column][\/et_pb_row][\/et_pb_section]<\/p>\n","protected":false},"excerpt":{"rendered":"<p>Zapraszamy na kolejn\u0105 edycj\u0119 Spotkania z przemys\u0142em, kt\u00f3re promuje projekt pn. \u201eUtworzenie i funkcjonowanie Bran\u017cowego Centrum Umiej\u0119tno\u015bci w dziedzinie przemys\u0142u motoryzacyjnego w Opolu&#8221;. Spotkanie odb\u0119dzie si\u0119 23 pa\u017adziernika 2025 r. o godz. 10:00 w Zespole Plac\u00f3wek O\u015bwiatowych w Opolu, przy ul. Torowej 7.\u00a0\u00a0 Podczas spotkania w roli prelegent\u00f3w wyst\u0105pi\u0105 przedstawiciele przemys\u0142u oraz nauki, kt\u00f3rzy podziel\u0105 [&hellip;]<\/p>\n","protected":false},"author":4,"featured_media":0,"parent":231,"menu_order":0,"comment_status":"closed","ping_status":"closed","template":"","meta":{"_et_pb_use_builder":"on","_et_pb_old_content":"","_et_gb_content_width":"","footnotes":""},"class_list":["post-1075","page","type-page","status-publish","hentry"],"aioseo_notices":[],"_links":{"self":[{"href":"https:\/\/bcu.opole.pl\/bcu1\/wp-json\/wp\/v2\/pages\/1075","targetHints":{"allow":["GET"]}}],"collection":[{"href":"https:\/\/bcu.opole.pl\/bcu1\/wp-json\/wp\/v2\/pages"}],"about":[{"href":"https:\/\/bcu.opole.pl\/bcu1\/wp-json\/wp\/v2\/types\/page"}],"author":[{"embeddable":true,"href":"https:\/\/bcu.opole.pl\/bcu1\/wp-json\/wp\/v2\/users\/4"}],"replies":[{"embeddable":true,"href":"https:\/\/bcu.opole.pl\/bcu1\/wp-json\/wp\/v2\/comments?post=1075"}],"version-history":[{"count":13,"href":"https:\/\/bcu.opole.pl\/bcu1\/wp-json\/wp\/v2\/pages\/1075\/revisions"}],"predecessor-version":[{"id":1155,"href":"https:\/\/bcu.opole.pl\/bcu1\/wp-json\/wp\/v2\/pages\/1075\/revisions\/1155"}],"up":[{"embeddable":true,"href":"https:\/\/bcu.opole.pl\/bcu1\/wp-json\/wp\/v2\/pages\/231"}],"wp:attachment":[{"href":"https:\/\/bcu.opole.pl\/bcu1\/wp-json\/wp\/v2\/media?parent=1075"}],"curies":[{"name":"wp","href":"https:\/\/api.w.org\/{rel}","templated":true}]}}